{"id":984,"date":"2010-08-27T15:35:11","date_gmt":"2010-08-27T13:35:11","guid":{"rendered":"http:\/\/www.claude-arnaud.com\/fr\/?page_id=984"},"modified":"2025-01-22T02:26:24","modified_gmt":"2025-01-22T01:26:24","slug":"quas-tu-fais-de-tes-freres","status":"publish","type":"page","link":"https:\/\/www.claude-arnaud.com\/fr\/romans\/quas-tu-fais-de-tes-freres","title":{"rendered":"Qu&rsquo;as-tu fait de tes fr\u00e8res?"},"content":{"rendered":"<p><span style=\"color: #008000;\"><a style=\"color: #008000;\" href=\"http:\/\/www.claude-arnaud.com\/fr\/wp-content\/uploads\/2010\/08\/9782246771111FS.gif\"><img loading=\"lazy\" decoding=\"async\" class=\"alignleft  wp-image-1669\" title=\"9782246771111FS\" src=\"http:\/\/www.claude-arnaud.com\/fr\/wp-content\/uploads\/2010\/08\/9782246771111FS.gif\" alt=\"\" width=\"386\" height=\"571\" srcset=\"https:\/\/www.claude-arnaud.com\/fr\/wp-content\/uploads\/2010\/08\/9782246771111FS.gif 321w, https:\/\/www.claude-arnaud.com\/fr\/wp-content\/uploads\/2010\/08\/9782246771111FS-202x300.gif 202w, https:\/\/www.claude-arnaud.com\/fr\/wp-content\/uploads\/2010\/08\/9782246771111FS-101x150.gif 101w\" sizes=\"auto, (max-width: 386px) 100vw, 386px\" \/><\/a><\/span><\/p>\n<blockquote>\n<h4><span style=\"color: #008000;\"><em><strong>*QU&rsquo;AS-TU FAIT DE TES FRERES?<\/strong><\/em>, <strong>TROISIEME ROMAN DE<\/strong><strong><span style=\"color: #000000;\"> CLAUDE<\/span> ARNAUD, EST SORTI EN AOUT 2010 AUX EDITIONS GRASSET<br \/>\n<\/strong><\/span><\/h4>\n<\/blockquote>\n<blockquote>\n<h2><span style=\"color: #008000;\"><strong>*<span style=\"text-decoration: underline;\">DANS LES JURYS<\/span><\/strong><\/span><\/h2>\n<h6><strong><span style=\"color: #008000;\">S\u00e9lectionn\u00e9 dans la liste<\/span> de rentr\u00e9e de la<span style=\"color: #008000;\"> FNAC<\/span>, <\/strong>parmi 300 romans parus en septembre, <strong><span style=\"color: #008000;\"><em>QU&rsquo;AS-TU FAIT DE TES FRERES?<\/em><\/span> a figur\u00e9 dans premi\u00e8re liste de s\u00e9lection<\/strong> <a href=\"http:\/\/www.lexpress.fr\/culture\/livre\/15-romans-et-7-essais-selectionnes-pour-le-renaudot-2010_917559.html\" target=\"_blank\" rel=\"noopener\">du prix Renaudot\u2026<\/a> , <a href=\"https:\/\/www.lexpress.fr\/culture\/livre\/premiere-selection-du-prix-femina-2010_920210.html\" target=\"_blank\" rel=\"noopener\">du prix Femina<\/a>\u2026, <a href=\"https:\/\/www.lexpress.fr\/culture\/livre\/le-prix-medicis-devoile-sa-selection-2010_920346.html\" target=\"_blank\" rel=\"noopener\">du prix Medicis<\/a>\u2026 , du<a href=\"https:\/\/www.lexpress.fr\/culture\/livre\/premiere-selection-du-prix-interallie_921905.html\" target=\"_blank\" rel=\"noopener\"> prix Interalli\u00e9<\/a>\u2026, du <a href=\"https:\/\/www.viabooks.fr\/article\/prix-decembre-18269\" target=\"_blank\" rel=\"noopener\">prix D\u00e9cembre<\/a>\u2026 comme dans celle du<a title=\"etab-ac-poitiers\" href=\"http:\/\/etab.ac-poitiers.fr\/lycee-guy-chauvet\/spip.php?article203\"> Renaudot des lyC\u00e9ens.<\/a><\/h6>\n<h6>Il a aussi \u00e9t\u00e9 dans la deuxi\u00e8me liste <strong>du prix Femina\u2026<\/strong> dans celle<strong> de l\u2019Interalli\u00e9\u2026 et dans celle <a href=\"http:\/\/www.lalettredulibraire.com\/?post\/2010\/10\/21\/Prix-Renaudot-2010-deuxi\u00e8me-s\u00e9lection\" target=\"_blank\" rel=\"noopener\">du Renaudot<\/a>&#8230;<br \/>\n<\/strong><\/h6>\n<h6><strong>Il a figur\u00e9 enfin dans la troisi\u00e8me et derni\u00e8re liste <a title=\"Femina\" href=\"http:\/\/www.lepoint.fr\/culture\/derniere-selection-du-prix-femina-pour-les-romans-francais-et-etrangers-20-10-2010-1251833_3.php\" target=\"_blank\" rel=\"noopener\">du Femina\u2026<\/a> et de <a title=\"lien L'express\" href=\"http:\/\/www.lexpress.fr\/culture\/livre\/prix-interallie-ils-ne-sont-plus-que-quatre_933870.html\" target=\"_blank\" rel=\"noopener\">l\u2019Interalli\u00e9<\/a>\u2026 <\/strong>comme dans l\u2019ultime s\u00e9lection du prix des Deux-Magots\u2026ET <a href=\"https:\/\/www.franceinter.fr\/info\/le-prix-du-livre-inter-2011\" target=\"_blank\" rel=\"noopener\">DU PRIX du\u00a0LIVRE INTER<\/a>&#8230;<\/h6>\n<h6><span class=\"removed_link\" title=\"http:\/\/sites.radiofrance.fr\/franceinter\/ev\/fiche.php?ev_id=1612\"><del><\/del><br \/>\n<\/span><\/h6>\n<h6><strong><img loading=\"lazy\" decoding=\"async\" title=\"search_coupcoeur\" src=\"..\/wp-content\/uploads\/2010\/05\/search_coupcoeur.gif\" alt=\"\" width=\"22\" height=\"22\" \/>Coup de c\u0153ur des vendeurs de la FNAC, ce livre a encore \u00e9t\u00e9 s\u00e9lectionn\u00e9 par le Club des Meilleurs livres du mois\u2026<\/strong><strong> Le jeudi 23 septembre 2010, CLAUDE ARNAUD<\/strong><strong> a dialogu\u00e9 \u00e0 son sujet avec les internautes lisant LIBERATION<\/strong><strong>. <a href=\"https:\/\/www.liberation.fr\/livres\/2010\/09\/16\/la-drogue-et-la-musique-pour-dissoudre-cette-maudite-realite-en-faire-une-sorte-de-fiction_679204\/\" target=\"_blank\" rel=\"noopener\">Pour d\u00e9couvrir ce tchat<\/a>\u2026 <\/strong><\/h6>\n<h6><strong>ENFIN, <em><span style=\"color: #008000;\">QU&rsquo;AS-TU FAIT DE TES FRERES?<\/span><\/em> A RE\u00c7U<\/strong> <strong>LE PRIX JEAN-JACQUES ROUSSEAU 2011. \u00a0\u00bb\u00a0<strong>Il est rare de voir d\u00e9crit avec autant de justesse et de mani\u00e8re presque tendre une \u00e9poque dont on comprend qu\u2019elle ne le fut gu\u00e8re avec ceux qui l\u2019\u00e9pous\u00e8rent et voulurent la r\u00e9inventer, <span style=\"color: #008000;\">a estim\u00e9 le jury<\/span>. Au-del\u00e0 de la peinture de milieux h\u00e9t\u00e9roclites et riches en rencontres, de l\u2019\u00e9volution d\u2019une soci\u00e9t\u00e9 qui peine\u00a0 \u00e0 se remettre sur ses deux pieds apr\u00e8s l\u2019ouragan de 68 (\u2026) <span style=\"color: #008000;\">le comit\u00e9 de lecture a aim\u00e9 l\u2019originalit\u00e9 du point de vue, d\u00e9fendu avec finesse et sans jamais sombrer dans la caricature, l\u2019\u00e9quilibre entre les mutations de la soci\u00e9t\u00e9 et celles de la famille, et l\u2019extr\u00eame sinc\u00e9rit\u00e9 du r\u00e9cit.<\/span><\/strong>\u00a0\u00a0\u00bb<\/strong><\/h6>\n<\/blockquote>\n<blockquote>\n<h2><strong><span style=\"text-decoration: underline;\"><span style=\"color: #008000; text-decoration: underline;\">*SUR LE PETIT ECRAN<\/span><\/span><\/strong><\/h2>\n<h6><strong><span style=\"color: #008000;\">CLAUDE ARNAUD<\/span>\u00a0a \u00e9voqu\u00e9\u00a0<\/strong><strong>devant\u00a0<\/strong><strong>Olivier BARROT, sur le plateau <a href=\"https:\/\/www.ina.fr\/video\/4283515001\/claude-arnaud-qu-as-tu-fait-de-tes-freres-video.html\" target=\"_blank\" rel=\"noopener\">d&rsquo;Un livre un jour (Fr 3)<\/a>&#8230;<\/strong><\/h6>\n<h6><strong>Sur le plateau de <span style=\"color: #008000;\">Michel FIELD<\/span>, <span style=\"color: #000000;\">le 22 novembre 2010, dans<\/span><\/strong><strong>\u00a0son \u00e9mission Au-field-de-la-nuit, sur TF1&#8230;<\/strong><\/h6>\n<h6><strong>Comme sur celui du <span style=\"color: #008000;\">Cercle Litt\u00e9raire de la Biblioth\u00e8que Nationale de France<\/span>, anim\u00e9 d\u00e9but d\u00e9cembre\u00a0 2010 par <\/strong><strong>Laure ADLER et <span style=\"color: #008000;\">Bruno RACINE<\/span>, en compagnie de <a title=\"bof\" href=\"https:\/\/www.bnf.fr\/fr\/mediatheque\/claude-arnaud-philippe-forest-fabienne-jacob\" target=\"_blank\" rel=\"noopener\">Philippe FOREST et de Fabienne JACOB.<\/a>..<\/strong><\/h6>\n<h6><strong>Avec <span style=\"color: #008000;\">FABRICE LUCHINI<\/span>, sur le plateau de Vivement Dimanche, l&rsquo;\u00e9mission de Michel DRUCKER, en f\u00e9vrier 2011&#8230;<br \/>\n<\/strong><\/h6>\n<h6><strong> Enfin devant les cam\u00e9ras de la r\u00e9daction de My Boox&#8230;<\/strong><\/h6>\n<\/blockquote>\n<blockquote>\n<h2><strong><span style=\"text-decoration: underline;\"><span style=\"color: #008000; text-decoration: underline;\">*A LA RADIO<\/span><\/span><\/strong><\/h2>\n<h6><strong><span style=\"color: #008000;\">CLAUDE ARNAUD<\/span> A d\u00e9fendU son livre face \u00e0 <\/strong><strong>Marc WEITZMANN, \u00e0 l&rsquo;\u00e9mission \u00ab\u00a0La Grande Table\u00a0\u00bb, sur France-Culture, <span style=\"color: #008000;\">le 13 septembre 2010<\/span>, devant les micros de <span style=\"color: #008000;\">Caroline BROUE<\/span><span class=\"removed_link\" title=\"http:\/\/www.franceculture.com\/emission-la-grande-table-hommage-a-claude-chabrol-rencontre-entre-claude-arnaud-et-marc-weitzmann-20\"> et Herv\u00e9 GARDETTE..<\/span>.<\/strong><\/h6>\n<h6><strong>IL A ETE Confront\u00e9 \u00e0 <\/strong><strong><span style=\"color: #008000;\">Fr\u00e9d\u00e9ric BONNAUD<\/span> \u00e0 l&rsquo;\u00e9mission \u00ab\u00a0Plan B&#8230; pour Bonnaud\u00a0\u00bb sur Le Mouv&rsquo; (Radio France) du jeudi 30 septembre 2010\u00a0<\/strong><\/h6>\n<h6><strong>&#8230;ET, Devant les micros de Colombe SCHNECK, <a title=\"france inter\" href=\"http:\/\/www.franceinter.fr\/em\/les-liaisons-heureuses\/94894\" target=\"_blank\" rel=\"noopener\">sur France-Inter<\/a>, avec <\/strong><strong><span style=\"color: #008000;\">Dominique ZEHRFUSS<\/span>, l&rsquo;auteure de \u00ab\u00a0Peau de caniche\u00a0\u00bb ( Mercure de France)&#8230;<\/strong><\/h6>\n<h6><strong> Il a enfin r\u00e9pondu aux questions de <span style=\"color: #008000;\">Francesca ISIDORI<\/span>, durant l&rsquo;\u00e9mission<\/strong> <a href=\"https:\/\/www.radiofrance.fr\/franceculture\/podcasts\/affinites-electives\/claude-arnaud-2092592\" target=\"_blank\" rel=\"noopener\">les Affinit\u00e9s \u00e9lectives<\/a>&#8230;<\/h6>\n<\/blockquote>\n<blockquote>\n<h6><strong><span style=\"color: #008000;\">Carole CAVALLERA<\/span> a rendu compte de <\/strong><strong>QU&rsquo;AS-TU FAIT DE TES FRERES? au micro de Radio Aligre, lors des jeudis litt\u00e9raires de <\/strong><strong><span style=\"color: #008000;\">Jean-Philippe VANINI<\/span>, le 21 octobre 2010?<\/strong><\/h6>\n<\/blockquote>\n<blockquote>\n<h6><strong>Le jeudi 23 septembre 2010, <span style=\"color: #008000;\">CLAUDE ARNAUD<\/span><\/strong><strong> a dialogu\u00e9 avec les internautes lisant LIBERATION<\/strong><strong>.<\/strong><\/h6>\n<h6><strong> Pour <a href=\"https:\/\/www.liberation.fr\/livres\/2010\/09\/16\/la-drogue-et-la-musique-pour-dissoudre-cette-maudite-realite-en-faire-une-sorte-de-fiction_679204\/\" target=\"_blank\" rel=\"noopener\">d\u00e9couvrir ce tchat<\/a>\u2026 <\/strong><\/h6>\n<\/blockquote>\n<blockquote>\n<h2><strong><span style=\"text-decoration: underline;\"><span style=\"color: #008000; text-decoration: underline;\">*DANS LA PRESSE<\/span><\/span><\/strong><\/h2>\n<h6><strong>Pour d\u00e9couvrir l&rsquo;accueil que la presse a r\u00e9serv\u00e9 \u00e0 <span style=\"color: #008000;\"><em>QU&rsquo;AS-TU FAIT DE TES FRERES?<\/em><\/span> <a href=\"http:\/\/www.claude-arnaud.com\/fr\/romans\/quas-tu-fais-de-tes-freres\/quas-tu-fait-de-tes-freres-en-france\" target=\"_self\" rel=\"noopener\">en France&#8230; <\/a><\/strong><\/h6>\n<h6><strong>&#8230;comme <a href=\"http:\/\/www.claude-arnaud.com\/fr\/romans\/quas-tu-fais-de-tes-freres\/quas-tu-fait-de-tes-freres-abroad\" target=\"_self\" rel=\"noopener\">\u00e0 l&rsquo;\u00e9tranger&#8230;<\/a><\/strong><\/h6>\n<h6><\/h6>\n<h2><a href=\"https:\/\/www.grasset.fr\/livres\/quas-tu-fait-de-tes-freres-9782246771111\" target=\"_blank\" rel=\"noopener\"><strong>*<\/strong><span style=\"color: #008000;\"><strong>POUR ACQUERIR CE LIVRE AU FORMAT PAPIER OU E-BOOK&#8230;<\/strong><\/span><\/a><!--more--><\/h2>\n<h2><strong><span style=\"text-decoration: underline;\"><span style=\"color: #008000; text-decoration: underline;\">*POUR TROUVER LE LIBRAIRE QUI, DANS VOTRE REGION<\/span>,<\/span> <a href=\"http:\/\/www.placedeslibraires.fr\/detaillivre.php?gencod=9782246771111\" target=\"_blank\" rel=\"noopener\">DIFFUSE CE LIVRE&#8230;<\/a><\/strong><\/h2>\n<h6><strong>Pour acheter ce livre \u00e0 des libraires<\/strong><a title=\"leslibraires\" href=\"http:\/\/www.leslibraires.fr\/recherche\/?q=claude+arnaud\" target=\"_blank\" rel=\"noopener\"> sous format papier&#8230;<\/a><\/h6>\n<h6><strong>Et sous <a title=\"appel du livre\" href=\"http:\/\/numerique.appeldulivre.fr\/ResultatRecherche\/Arnaud\/45405.Auteur\" target=\"_blank\" rel=\"noopener\">format <\/a><\/strong><a title=\"appel du livre\" href=\"http:\/\/numerique.appeldulivre.fr\/ResultatRecherche\/Arnaud\/45405.Auteur\" target=\"_blank\" rel=\"noopener\">num\u00e9rique&#8230;<!--more--><\/a><\/h6>\n<\/blockquote>\n<blockquote>\n<h6><a href=\"http:\/\/www.claude-arnaud.com\/fr\/wp-content\/uploads\/2010\/08\/410258.gif\"><img loading=\"lazy\" decoding=\"async\" class=\"alignleft size-thumbnail wp-image-2231\" title=\"410258\" src=\"http:\/\/www.claude-arnaud.com\/fr\/wp-content\/uploads\/2010\/08\/410258-102x150.gif\" alt=\"\" width=\"148\" height=\"213\" \/><\/a> <strong><span style=\"color: #008000;\">QU&rsquo;AS-TU FAIT DE TES FRERES?<\/span> a \u00e9t\u00e9 s\u00e9lectionn\u00e9, en septembre 2010, par le <span style=\"color: #008000;\">Club du Meilleur Livre du Mois.\u00a0<\/span><\/strong><\/h6>\n<\/blockquote>\n<blockquote>\n<h6><strong>iL EST PASSE EN 2012 EN LIVRE DE POCHE:<\/strong><a href=\"http:\/\/www.claude-arnaud.com\/fr\/wp-content\/uploads\/2010\/08\/claude-arnaud-qu-as-tu-fait-de-tes-freres.jpg\"><img loading=\"lazy\" decoding=\"async\" class=\"aligncenter  wp-image-4900\" title=\"claude-arnaud-qu-as-tu-fait-de-tes-freres\" src=\"http:\/\/www.claude-arnaud.com\/fr\/wp-content\/uploads\/2010\/08\/claude-arnaud-qu-as-tu-fait-de-tes-freres.jpg\" alt=\"\" width=\"147\" height=\"237\" srcset=\"https:\/\/www.claude-arnaud.com\/fr\/wp-content\/uploads\/2010\/08\/claude-arnaud-qu-as-tu-fait-de-tes-freres.jpg 312w, https:\/\/www.claude-arnaud.com\/fr\/wp-content\/uploads\/2010\/08\/claude-arnaud-qu-as-tu-fait-de-tes-freres-186x300.jpg 186w\" sizes=\"auto, (max-width: 147px) 100vw, 147px\" \/><\/a><\/h6>\n<h6>\u00a0\u00a0\u00a0\u00a0\u00a0\u00a0\u00a0\u00a0\u00a0\u00a0\u00a0\u00a0\u00a0\u00a0\u00a0\u00a0\u00a0\u00a0\u00a0\u00a0\u00a0\u00a0\u00a0\u00a0\u00a0\u00a0\u00a0\u00a0\u00a0\u00a0\u00a0\u00a0\u00a0\u00a0\u00a0\u00a0\u00a0\u00a0\u00a0\u00a0\u00a0\u00a0\u00a0\u00a0\u00a0\u00a0\u00a0\u00a0\u00a0\u00a0\u00a0\u00a0\u00a0\u00a0\u00a0\u00a0\u00a0\u00a0\u00a0\u00a0\u00a0\u00a0\u00a0\u00a0\u00a0\u00a0\u00a0\u00a0\u00a0\u00a0\u00a0\u00a0\u00a0\u00a0\u00a0\u00a0\u00a0\u00a0\u00a0\u00a0\u00a0\u00a0\u00a0\u00a0 <strong>POUR TROUVER <a title=\"lalibrairie\" href=\"http:\/\/www.lalibrairie.com\/tous-les-livres\/qu-as-tu-fait-de-tes-freres-z-claude-arnaud-9782253161912.html?auteur=Claude+Arnaud\" target=\"_blank\" rel=\"noopener\">CETTE EDITION POCHE<\/a><\/strong><a title=\"lalibrairie\" href=\"http:\/\/www.lalibrairie.com\/tous-les-livres\/qu-as-tu-fait-de-tes-freres-z-claude-arnaud-9782253161912.html?auteur=Claude+Arnaud\" target=\"_blank\" rel=\"noopener\">&#8230;<\/a><\/h6>\n<h6><\/h6>\n<h6><strong>Ce livre est d\u00e9di\u00e9 \u00e0 <span style=\"color: #008000;\">Genevi\u00e8ve TURNIER<\/span>.<br \/>\n<\/strong><\/h6>\n<\/blockquote>\n","protected":false},"excerpt":{"rendered":"<p>*QU&rsquo;AS-TU FAIT DE TES FRERES?, TROISIEME ROMAN DE CLAUDE ARNAUD, EST SORTI EN AOUT 2010 AUX EDITIONS GRASSET *DANS LES JURYS S\u00e9lectionn\u00e9 dans la liste de rentr\u00e9e de la FNAC, parmi 300 romans parus en septembre, QU&rsquo;AS-TU FAIT DE TES FRERES? a figur\u00e9 dans premi\u00e8re liste de s\u00e9lection du prix Renaudot\u2026 , du prix Femina\u2026, [&hellip;]<\/p>\n","protected":false},"author":1,"featured_media":0,"parent":66,"menu_order":0,"comment_status":"open","ping_status":"open","template":"","meta":{"footnotes":""},"class_list":["post-984","page","type-page","status-publish","hentry","count-0","even alt","author-admin","last"],"post_mailing_queue_ids":[],"_links":{"self":[{"href":"https:\/\/www.claude-arnaud.com\/fr\/wp-json\/wp\/v2\/pages\/984","targetHints":{"allow":["GET"]}}],"collection":[{"href":"https:\/\/www.claude-arnaud.com\/fr\/wp-json\/wp\/v2\/pages"}],"about":[{"href":"https:\/\/www.claude-arnaud.com\/fr\/wp-json\/wp\/v2\/types\/page"}],"author":[{"embeddable":true,"href":"https:\/\/www.claude-arnaud.com\/fr\/wp-json\/wp\/v2\/users\/1"}],"replies":[{"embeddable":true,"href":"https:\/\/www.claude-arnaud.com\/fr\/wp-json\/wp\/v2\/comments?post=984"}],"version-history":[{"count":137,"href":"https:\/\/www.claude-arnaud.com\/fr\/wp-json\/wp\/v2\/pages\/984\/revisions"}],"predecessor-version":[{"id":16480,"href":"https:\/\/www.claude-arnaud.com\/fr\/wp-json\/wp\/v2\/pages\/984\/revisions\/16480"}],"up":[{"embeddable":true,"href":"https:\/\/www.claude-arnaud.com\/fr\/wp-json\/wp\/v2\/pages\/66"}],"wp:attachment":[{"href":"https:\/\/www.claude-arnaud.com\/fr\/wp-json\/wp\/v2\/media?parent=984"}],"curies":[{"name":"wp","href":"https:\/\/api.w.org\/{rel}","templated":true}]}}