{"id":7941,"date":"2017-09-25T11:46:20","date_gmt":"2017-09-25T11:46:20","guid":{"rendered":"http:\/\/www.claude-arnaud.com\/fr\/?page_id=7941"},"modified":"2023-10-07T09:47:32","modified_gmt":"2023-10-07T08:47:32","slug":"portraits-craches-abroad-a-letranger","status":"publish","type":"page","link":"https:\/\/www.claude-arnaud.com\/fr\/essais\/portraits-craches\/portraits-craches-abroad-a-letranger","title":{"rendered":"Portraits crach\u00e9s : abroad\/ a l&rsquo;\u00e9tranger"},"content":{"rendered":"<h6><a href=\"http:\/\/www.claude-arnaud.com\/fr\/wp-content\/uploads\/2017\/10\/images.png\"><img loading=\"lazy\" decoding=\"async\" class=\"alignleft  wp-image-7973\" title=\"images\" src=\"http:\/\/www.claude-arnaud.com\/fr\/wp-content\/uploads\/2017\/10\/images.png\" alt=\"\" width=\"202\" height=\"113\" \/><\/a><a href=\"http:\/\/www.claude-arnaud.com\/fr\/wp-content\/uploads\/2016\/01\/e23973a478acd2b5b70ec0c77dcc6715.jpg\"><img loading=\"lazy\" decoding=\"async\" class=\"alignleft  wp-image-6381\" title=\"e23973a478acd2b5b70ec0c77dcc6715\" src=\"http:\/\/www.claude-arnaud.com\/fr\/wp-content\/uploads\/2016\/01\/e23973a478acd2b5b70ec0c77dcc6715-150x150.jpg\" alt=\"\" width=\"74\" height=\"74\" srcset=\"https:\/\/www.claude-arnaud.com\/fr\/wp-content\/uploads\/2016\/01\/e23973a478acd2b5b70ec0c77dcc6715-150x150.jpg 150w, https:\/\/www.claude-arnaud.com\/fr\/wp-content\/uploads\/2016\/01\/e23973a478acd2b5b70ec0c77dcc6715-300x300.jpg 300w, https:\/\/www.claude-arnaud.com\/fr\/wp-content\/uploads\/2016\/01\/e23973a478acd2b5b70ec0c77dcc6715-48x48.jpg 48w, https:\/\/www.claude-arnaud.com\/fr\/wp-content\/uploads\/2016\/01\/e23973a478acd2b5b70ec0c77dcc6715.jpg 750w\" sizes=\"auto, (max-width: 74px) 100vw, 74px\" \/><\/a>*\u00ab\u00a0<span style=\"color: #008000;\"><strong>Voici un livre qui vaut une biblioth\u00e8que<\/strong><\/span>, \u00e9crit<strong> Jacques FRANK<\/strong> dans <span style=\"color: #008000;\"><strong>La LIBRE BELGIQUE<\/strong><\/span>, en date du <strong>2 octobre 2017<\/strong>. Biographe de <span style=\"color: #008000;\"><strong>CHAMFORT<\/strong><\/span> (1988) et de <strong>COCTEAU<\/strong> (2003), mais aussi de lui m\u00eame (<span style=\"color: #008000;\"><em><strong>Qu\u2019as tu fait de tes fr\u00e8res?<\/strong><\/em><\/span>,2010), <strong>Claude ARNAUD<\/strong> a r\u00e9uni en un gros volume pr\u00e8s de 500 portraits d<strong>e <span style=\"color: #008000;\">personnages qui<\/span><\/strong><span style=\"color: #008000;\"> <strong>ont exist\u00e9<\/strong> (<strong>TALLEYRAND<\/strong><\/span> par <strong>CHATEAUBRIAND<\/strong>, <span style=\"color: #008000;\"><strong>MALRAUX<\/strong><\/span> par <strong>MAURIAC<\/strong>, <span style=\"color: #008000;\"><strong>GEN\u00caT<\/strong><\/span> par <strong>SARTRE<\/strong>), ou non \u2013 <span style=\"color: #008000;\"><strong>Gavroche<\/strong><\/span> (<strong>Victor HUGO<\/strong>), <span style=\"color: #008000;\"><strong>Alceste<\/strong> <\/span>(<strong>MOLIERE<\/strong>), <span style=\"color: #008000;\"><strong>Rastignac<\/strong><\/span> (<strong>BALZAC<\/strong>) II y a ajoute des portraits de peuples (les Fran\u00e7ais par <span style=\"color: #008000;\"><strong>TOCQUEVILLE<\/strong><\/span>, les Am\u00e9rindiens par <strong>NIETZSCHE<\/strong>, les Juifs par <span style=\"color: #008000;\"><strong>CIORAN<\/strong><\/span>), <strong>de villes<\/strong> (<span style=\"color: #008000;\"><strong>New<\/strong><strong> York<\/strong><\/span> par <span style=\"color: #008000;\"><strong>MORAND<\/strong><\/span>), et m\u00eame d\u2019animaux : le porc par <span style=\"color: #008000;\"><strong>CLAUDEL<\/strong><\/span>, l\u2019albatros par <strong>BAUDELAIRE<\/strong>, la poule par <span style=\"color: #008000;\"><strong>Jules Renard<\/strong><\/span>.<br \/>\n<strong title=\"Partager cet article sur Twitter\">Ces textes, pr\u00e9lev\u00e9s pour la plupart <span style=\"color: #008000;\">dans le domaine fran\u00e7ais<\/span>, t\u00e9moignent de la faveur que l\u2019art du portrait (et autoportrait) a connu en France et <span style=\"color: #008000;\">du r\u00f4le qu\u2019il a joue dans ce qu\u2019Arnaud appelle \u00ab\u00a0l\u2019individualisme a la fran\u00e7aise\u00a0\u00bb. <a href=\"http:\/\/www.claude-arnaud.com\/fr\/wp-content\/uploads\/2021\/01\/LA_LIBRE_BELGIQUE.pdf\">Pour lire cet article in extenso<\/a>&#8230;<\/span><\/strong><\/h6>\n<h6><strong title=\"Partager cet article sur Twitter\"><span style=\"color: #008000;\">*Pour commander ce livre en BELGIQUE, <a title=\"fnac.be\" href=\"https:\/\/www.fr.fnac.be\/a10624021\/Claude-Arnaud-Portraits-craches\" target=\"_blank\" rel=\"noopener\">via la FNAC<\/a>&#8230;<br \/>\n<\/span><\/strong><\/h6>\n<h6><a href=\"http:\/\/www.claude-arnaud.com\/fr\/wp-content\/uploads\/2016\/01\/tf1-lci-le-drapeau-du-canada-2244816_1713.jpg\"><img loading=\"lazy\" decoding=\"async\" class=\"alignleft  wp-image-6444\" title=\"tf1-lci-le-drapeau-du-canada-2244816_1713\" src=\"http:\/\/www.claude-arnaud.com\/fr\/wp-content\/uploads\/2016\/01\/tf1-lci-le-drapeau-du-canada-2244816_1713-150x150.jpg\" alt=\"\" width=\"58\" height=\"58\" srcset=\"https:\/\/www.claude-arnaud.com\/fr\/wp-content\/uploads\/2016\/01\/tf1-lci-le-drapeau-du-canada-2244816_1713-150x150.jpg 150w, https:\/\/www.claude-arnaud.com\/fr\/wp-content\/uploads\/2016\/01\/tf1-lci-le-drapeau-du-canada-2244816_1713-48x48.jpg 48w\" sizes=\"auto, (max-width: 58px) 100vw, 58px\" \/><\/a>*<strong>Pour commander <em>PORTRAITS CRACHES<\/em> au <span style=\"color: #008000;\">CANADA<\/span>, <a href=\"https:\/\/laffont.ca\/auteur\/claude-arnaud\/\" target=\"_blank\" rel=\"noopener\">via son \u00e9diteur,<\/a> via<\/strong>\u00a0la librairie <a href=\"https:\/\/www.renaud-bray.com\/Livres_Produit.aspx?id=2261755&amp;def=Portraits+crach%c3%a9s%2cARNAUD%2c+CLAUDE%2c9782221132098\" target=\"_blank\" rel=\"noopener\">RENAUD-BRAY<\/a>, \u00e0 MONTREAL&#8230; Ou<a title=\"les libraires\" href=\"https:\/\/www.leslibraires.ca\/livres\/portraits-craches-claude-arnaud-9782221132098.html\" target=\"_blank\" rel=\"noopener\"> encore.<\/a>..<\/h6>\n<h6><a href=\"https:\/\/www.claude-arnaud.com\/fr\/wp-content\/uploads\/2017\/09\/drapeau-tunisie.jpg\"><img loading=\"lazy\" decoding=\"async\" class=\"alignleft  wp-image-9527\" src=\"https:\/\/www.claude-arnaud.com\/fr\/wp-content\/uploads\/2017\/09\/drapeau-tunisie-300x300.jpg\" alt=\"\" width=\"61\" height=\"61\" srcset=\"https:\/\/www.claude-arnaud.com\/fr\/wp-content\/uploads\/2017\/09\/drapeau-tunisie-300x300.jpg 300w, https:\/\/www.claude-arnaud.com\/fr\/wp-content\/uploads\/2017\/09\/drapeau-tunisie-150x150.jpg 150w, https:\/\/www.claude-arnaud.com\/fr\/wp-content\/uploads\/2017\/09\/drapeau-tunisie-48x48.jpg 48w, https:\/\/www.claude-arnaud.com\/fr\/wp-content\/uploads\/2017\/09\/drapeau-tunisie.jpg 550w\" sizes=\"auto, (max-width: 61px) 100vw, 61px\" \/><\/a>*Et en TUNISIE, <a href=\"https:\/\/www.alkitab.tn\/listeliv.php?base=&amp;form_recherche_avancee=ok&amp;auteurs=Claude%20Arnaud\" target=\"_blank\" rel=\"noopener\">via la librairie Al Kitab.<\/a>..<\/h6>\n<h6><a href=\"http:\/\/www.claude-arnaud.com\/fr\/wp-content\/uploads\/2015\/10\/langfr-225px-Flag_of_Spain.svg_.png\"><img loading=\"lazy\" decoding=\"async\" class=\"alignleft  wp-image-6364\" title=\"langfr-225px-Flag_of_Spain.svg\" src=\"http:\/\/www.claude-arnaud.com\/fr\/wp-content\/uploads\/2015\/10\/langfr-225px-Flag_of_Spain.svg_.png\" alt=\"\" width=\"81\" height=\"54\" \/><\/a>*Acheter <span style=\"color: #008000;\">\u00ab\u00a0<em><strong>PORTRAITS CRACHES<\/strong><\/em>\u00ab\u00a0<\/span> en <a title=\"pasajeslibros\" href=\"https:\/\/www.pasajeslibros.com\/autores\/arnaud-claude\/12487\/\" target=\"_blank\" rel=\"noopener\">Espagne et en Am\u00e9rique latine<\/a>&#8230;<\/h6>\n<h6><a href=\"http:\/\/www.claude-arnaud.com\/fr\/wp-content\/uploads\/2013\/03\/drapeau-portugal.jpg\"><img loading=\"lazy\" decoding=\"async\" class=\"alignleft  wp-image-4668\" title=\"drapeau-portugal\" src=\"http:\/\/www.claude-arnaud.com\/fr\/wp-content\/uploads\/2013\/03\/drapeau-portugal-150x150.jpg\" alt=\"\" width=\"70\" height=\"70\" srcset=\"https:\/\/www.claude-arnaud.com\/fr\/wp-content\/uploads\/2013\/03\/drapeau-portugal-150x150.jpg 150w, https:\/\/www.claude-arnaud.com\/fr\/wp-content\/uploads\/2013\/03\/drapeau-portugal-48x48.jpg 48w, https:\/\/www.claude-arnaud.com\/fr\/wp-content\/uploads\/2013\/03\/drapeau-portugal.jpg 200w\" sizes=\"auto, (max-width: 70px) 100vw, 70px\" \/><\/a><\/h6>\n<h6><\/h6>\n<h6><span style=\"color: #008000;\"><strong>*Et au PORTUGAL<\/strong><\/span>, <a title=\"bertrand pt\" href=\"https:\/\/www.bertrand.pt\/ficha\/portraits-craches?id=19316361\" target=\"_blank\" rel=\"noopener\">via la Librairie BERTRAND<\/a>..<\/h6>\n<h6><a href=\"http:\/\/www.claude-arnaud.com\/fr\/wp-content\/uploads\/2017\/09\/Couv.-final.jpg\"><img loading=\"lazy\" decoding=\"async\" class=\"alignright  wp-image-7930\" title=\"Couv. final\" src=\"http:\/\/www.claude-arnaud.com\/fr\/wp-content\/uploads\/2017\/09\/Couv.-final-682x1024.jpg\" alt=\"\" width=\"264\" height=\"394\" \/><\/a><\/h6>\n<h6><strong><a href=\"http:\/\/www.claude-arnaud.com\/fr\/wp-content\/uploads\/2017\/10\/397868_513924205330468_903855198_n1-570x380.jpg\"><img loading=\"lazy\" decoding=\"async\" class=\"alignleft  wp-image-7992\" title=\"397868_513924205330468_903855198_n1-570x380\" src=\"http:\/\/www.claude-arnaud.com\/fr\/wp-content\/uploads\/2017\/10\/397868_513924205330468_903855198_n1-570x380-300x200.jpg\" alt=\"\" width=\"103\" height=\"68\" srcset=\"https:\/\/www.claude-arnaud.com\/fr\/wp-content\/uploads\/2017\/10\/397868_513924205330468_903855198_n1-570x380-300x200.jpg 300w, https:\/\/www.claude-arnaud.com\/fr\/wp-content\/uploads\/2017\/10\/397868_513924205330468_903855198_n1-570x380.jpg 570w\" sizes=\"auto, (max-width: 103px) 100vw, 103px\" \/><\/a><span style=\"color: #008000;\"><img loading=\"lazy\" decoding=\"async\" class=\"alignleft  wp-image-6361\" src=\"http:\/\/www.claude-arnaud.com\/fr\/wp-content\/uploads\/2015\/10\/bandiera-italia.png\" alt=\"\" width=\"61\" height=\"61\" srcset=\"https:\/\/www.claude-arnaud.com\/fr\/wp-content\/uploads\/2015\/10\/bandiera-italia.png 98w, https:\/\/www.claude-arnaud.com\/fr\/wp-content\/uploads\/2015\/10\/bandiera-italia-48x48.png 48w\" sizes=\"auto, (max-width: 61px) 100vw, 61px\" \/><\/span><\/strong><\/h6>\n<h6><\/h6>\n<h6><strong><span style=\"color: #008000;\">*Claude ARNAUD<\/span><\/strong> s&rsquo;est entretenu avec <span style=\"color: #008000;\"><strong>Benedetta CRAVERI<\/strong><\/span> du portrait litt\u00e9raire, dans le suppl\u00e9ment hebdomadaire de <strong><em>La Repubblica<\/em><\/strong> du <span style=\"color: #008000;\"><strong>vendredi 6 octobre 2017<\/strong><\/span>, pour la sortie, chez <strong>Adelphi<\/strong>, de la traction italienne de <strong><em>l&rsquo;Anthologie du Portrait<\/em><\/strong> de <span style=\"color: #008000;\"><strong>CIORAN<\/strong><span style=\"color: #000000;\">, et la sortie en France, concommitente, de ses <\/span><\/span><em><strong>PORTRAITS CRACHES<\/strong><\/em>.\u00a0<a href=\"http:\/\/www.claude-arnaud.com\/fr\/wp-content\/uploads\/2017\/10\/Interview-Claude-Arnaud-traduite1.rtf\">Pour lire en fran\u00e7ais cet entretien<\/a>&#8230;<\/h6>\n<h6><a href=\"http:\/\/www.claude-arnaud.com\/fr\/wp-content\/uploads\/2015\/10\/bandiera-italia.png\"><img loading=\"lazy\" decoding=\"async\" class=\"alignleft  wp-image-6361\" title=\"bandiera-italia\" src=\"http:\/\/www.claude-arnaud.com\/fr\/wp-content\/uploads\/2015\/10\/bandiera-italia.png\" alt=\"\" width=\"65\" height=\"65\" srcset=\"https:\/\/www.claude-arnaud.com\/fr\/wp-content\/uploads\/2015\/10\/bandiera-italia.png 98w, https:\/\/www.claude-arnaud.com\/fr\/wp-content\/uploads\/2015\/10\/bandiera-italia-48x48.png 48w\" sizes=\"auto, (max-width: 65px) 100vw, 65px\" \/><\/a>*Leggere l&rsquo;intervista a\u00a0<strong><span style=\"color: #008000;\">Claude ARNAUD<\/span><\/strong> da <strong>Benedetta CRAVERI<\/strong>, nel&rsquo; supplemento \u00ab\u00a0<strong><em>Venerdi<\/em><\/strong>\u00a0\u00bb de <span style=\"color: #008000;\"><strong>La Repubblica<\/strong><\/span> (<strong>6 ottobre 2017<\/strong>), a proposito dell&rsquo;\u00a0<em><strong>Antologia del Ritratto, Da Saint-Simon a Tocqueville<\/strong><\/em> di <span style=\"color: #008000;\"><strong>CIORAN<\/strong><\/span>, appena uscita da Adelephi, \u00e9 della sua antologia (<strong><em><span style=\"color: #008000;\">Portraits crach\u00e9s<\/span>, un tr\u00e9sor litt\u00e9raire, de Montaigne \u00e0 Houellebecq, <\/em><\/strong>Bouquins, Robert Laffont):\u00a0<a href=\"http:\/\/www.claude-arnaud.com\/fr\/wp-content\/uploads\/2017\/09\/74GJPBP1.pdf\">Pagina uno<\/a> + <a href=\"http:\/\/www.claude-arnaud.com\/fr\/wp-content\/uploads\/2017\/09\/74GJPBP3.pdf\">pagina due<\/a>&#8230;<\/h6>\n<h6><a href=\"http:\/\/www.claude-arnaud.com\/fr\/wp-content\/uploads\/2016\/01\/gb_drapeau.gif\"><img loading=\"lazy\" decoding=\"async\" class=\"alignleft  wp-image-6384\" title=\"gb_drapeau\" src=\"http:\/\/www.claude-arnaud.com\/fr\/wp-content\/uploads\/2016\/01\/gb_drapeau.gif\" alt=\"\" width=\"57\" height=\"29\" srcset=\"https:\/\/www.claude-arnaud.com\/fr\/wp-content\/uploads\/2016\/01\/gb_drapeau.gif 385w, https:\/\/www.claude-arnaud.com\/fr\/wp-content\/uploads\/2016\/01\/gb_drapeau-300x149.gif 300w\" sizes=\"auto, (max-width: 57px) 100vw, 57px\" \/><\/a>* <strong>Pour commander <span style=\"color: #008000;\"><em>PORTRAITS CRACHES<\/em><\/span><\/strong> <strong>dans le Royaume-Uni, <a title=\"amazon uk\" href=\"https:\/\/www.amazon.co.uk\/Portraits-crach%C3%A9s-litt%C3%A9raire-Montaigne-Houellebecq\/dp\/2221132092\" target=\"_blank\" rel=\"noopener\">via Amazon<\/a>&#8230;<\/strong><\/h6>\n<h6><strong>Et aux <span style=\"color: #008000;\">Etats-Unis<\/span><\/strong>, via <a href=\"https:\/\/shop.albertine.com\/livre\/9782221132098-portraits-craches-un-tresor-litteraire-de-montaigne-a-houellebecq-claude-arnaud\/\" target=\"_blank\" rel=\"noopener\">Albertine bookshop, NY<\/a>&#8230;\u00a0\u00a0\u00a0\u00a0\u00a0\u00a0\u00a0\u00a0\u00a0\u00a0\u00a0\u00a0 <a title=\"amazon\" href=\"https:\/\/www.amazon.com\/gp\/offer-listing\/2221132092\/ref=la_B001JP00VO_1_12_olp?s=books&amp;ie=UTF8&amp;qid=1509466450&amp;sr=1-12\" target=\"_blank\" rel=\"noopener\">Ou Amazon Us<\/a>&#8230;<\/h6>\n<h6><a href=\"http:\/\/www.claude-arnaud.com\/fr\/wp-content\/uploads\/2012\/06\/code-drapeau-americain-L-1.jpg\"><img loading=\"lazy\" decoding=\"async\" title=\"code-drapeau-americain-L-1\" src=\"http:\/\/www.claude-arnaud.com\/fr\/wp-content\/uploads\/2012\/06\/code-drapeau-americain-L-1.jpg\" alt=\"\" width=\"92\" height=\"69\" \/><\/a><a href=\"http:\/\/www.claude-arnaud.com\/fr\/wp-content\/uploads\/2016\/08\/logo.png\"><img loading=\"lazy\" decoding=\"async\" title=\"logo\" src=\"http:\/\/www.claude-arnaud.com\/fr\/wp-content\/uploads\/2016\/08\/logo.png\" alt=\"\" width=\"63\" height=\"65\" \/><\/a><a href=\"http:\/\/www.claude-arnaud.com\/fr\/wp-content\/uploads\/2017\/09\/albertine.png\"><img loading=\"lazy\" decoding=\"async\" title=\"albertine\" src=\"http:\/\/www.claude-arnaud.com\/fr\/wp-content\/uploads\/2017\/09\/albertine.png\" alt=\"\" width=\"200\" height=\"15\" \/><\/a><\/h6>\n<h6><a href=\"http:\/\/www.claude-arnaud.com\/fr\/wp-content\/uploads\/2013\/12\/drapeau-japonais.png\"><img loading=\"lazy\" decoding=\"async\" class=\"alignleft  wp-image-5699\" title=\"drapeau japonais\" src=\"http:\/\/www.claude-arnaud.com\/fr\/wp-content\/uploads\/2013\/12\/drapeau-japonais-300x209.png\" alt=\"\" width=\"86\" height=\"60\" srcset=\"https:\/\/www.claude-arnaud.com\/fr\/wp-content\/uploads\/2013\/12\/drapeau-japonais-300x209.png 300w, https:\/\/www.claude-arnaud.com\/fr\/wp-content\/uploads\/2013\/12\/drapeau-japonais-1024x716.png 1024w\" sizes=\"auto, (max-width: 86px) 100vw, 86px\" \/><\/a>*Pour trouver <span style=\"color: #008000;\"><strong><em>PORTRAITS CRACHES<\/em><\/strong><\/span>\u00a0<span style=\"font-size: 0.8em;\"><a title=\"kinokunya\" href=\"https:\/\/www.kinokuniya.co.jp\/f\/dsg-02-9782221132098\" target=\"_blank\" rel=\"noopener\">AU JAPON<\/a>&#8230;<\/span><\/h6>\n","protected":false},"excerpt":{"rendered":"<p>*\u00ab\u00a0Voici un livre qui vaut une biblioth\u00e8que, \u00e9crit Jacques FRANK dans La LIBRE BELGIQUE, en date du 2 octobre 2017. Biographe de CHAMFORT (1988) et de COCTEAU (2003), mais aussi de lui m\u00eame (Qu\u2019as tu fait de tes fr\u00e8res?,2010), Claude ARNAUD a r\u00e9uni en un gros volume pr\u00e8s de 500 portraits de personnages qui ont [&hellip;]<\/p>\n","protected":false},"author":2,"featured_media":0,"parent":7821,"menu_order":3,"comment_status":"open","ping_status":"open","template":"","meta":{"footnotes":""},"class_list":["post-7941","page","type-page","status-publish","hentry","count-0","even alt","author-claude-arnaud","last"],"post_mailing_queue_ids":[],"_links":{"self":[{"href":"https:\/\/www.claude-arnaud.com\/fr\/wp-json\/wp\/v2\/pages\/7941","targetHints":{"allow":["GET"]}}],"collection":[{"href":"https:\/\/www.claude-arnaud.com\/fr\/wp-json\/wp\/v2\/pages"}],"about":[{"href":"https:\/\/www.claude-arnaud.com\/fr\/wp-json\/wp\/v2\/types\/page"}],"author":[{"embeddable":true,"href":"https:\/\/www.claude-arnaud.com\/fr\/wp-json\/wp\/v2\/users\/2"}],"replies":[{"embeddable":true,"href":"https:\/\/www.claude-arnaud.com\/fr\/wp-json\/wp\/v2\/comments?post=7941"}],"version-history":[{"count":61,"href":"https:\/\/www.claude-arnaud.com\/fr\/wp-json\/wp\/v2\/pages\/7941\/revisions"}],"predecessor-version":[{"id":15823,"href":"https:\/\/www.claude-arnaud.com\/fr\/wp-json\/wp\/v2\/pages\/7941\/revisions\/15823"}],"up":[{"embeddable":true,"href":"https:\/\/www.claude-arnaud.com\/fr\/wp-json\/wp\/v2\/pages\/7821"}],"wp:attachment":[{"href":"https:\/\/www.claude-arnaud.com\/fr\/wp-json\/wp\/v2\/media?parent=7941"}],"curies":[{"name":"wp","href":"https:\/\/api.w.org\/{rel}","templated":true}]}}