{"id":68,"date":"2009-05-26T20:04:47","date_gmt":"2009-05-26T18:04:47","guid":{"rendered":"http:\/\/www.claude-arnaud.com\/fr\/?page_id=68"},"modified":"2022-12-16T10:58:47","modified_gmt":"2022-12-16T09:58:47","slug":"le-cameleon","status":"publish","type":"page","link":"https:\/\/www.claude-arnaud.com\/fr\/romans\/le-cameleon","title":{"rendered":"Le Cam\u00e9l\u00e9on"},"content":{"rendered":"<blockquote>\n<h4><span style=\"color: #008000;\"><strong><a href=\"http:\/\/www.claude-arnaud.com\/fr\/romans\/9782246456018-t\" rel=\"attachment wp-att-10652\"><img loading=\"lazy\" decoding=\"async\" class=\"alignleft size-medium wp-image-10652\" src=\"http:\/\/www.claude-arnaud.com\/fr\/wp-content\/uploads\/2021\/01\/9782246456018-T-184x300.jpg\" alt=\"\" width=\"184\" height=\"300\" srcset=\"https:\/\/www.claude-arnaud.com\/fr\/wp-content\/uploads\/2021\/01\/9782246456018-T-184x300.jpg 184w, https:\/\/www.claude-arnaud.com\/fr\/wp-content\/uploads\/2021\/01\/9782246456018-T.jpg 600w\" sizes=\"auto, (max-width: 184px) 100vw, 184px\" \/><\/a>*<span style=\"color: #000000;\">LE CAMELEON<\/span><\/strong> <strong>A ETE PUBLIE PAR LES EDITIONS <span style=\"color: #000000;\">GRASSET<\/span><\/strong> <strong>EN SEPTEMBRE <span style=\"color: #000000;\">1994<\/span><\/strong><\/span><\/h4>\n<\/blockquote>\n<h4><span style=\"text-decoration: underline;\"><span style=\"color: #008000; text-decoration: underline;\">*EN GUISE D&rsquo;INTRODUCTION<\/span><\/span><\/h4>\n<blockquote>\n<h6>\u00ab <strong>En racontant la \u00ab cure de r\u00e9alit\u00e9 \u00bb<\/strong> qu\u2019un jeune Genevois n\u00e9vros\u00e9 part faire, sous la houlette du <strong>docteur <span style=\"color: #008000;\">Z\u00e4hner<\/span><\/strong>, un gastro-ent\u00e9rologue r\u00e9put\u00e9, dans <span style=\"color: #008000;\"><strong>l\u2019Albanie<\/strong> d\u2019<strong>Enver Hodja<\/strong><\/span>, au milieu des ann\u00e9es 70, je voulais rendre <strong>l\u2019impression de fiction<\/strong> qui \u00e9mane de pays aussi \u00e9tanches et contrast\u00e9s que la <span style=\"color: #008000;\"><strong>Suisse<\/strong> <\/span>\u00e9ternellement blanche et <strong>l\u2019Albanie<\/strong>, lequel s\u2019enorgueillissait alors d\u2019\u00eatre le plus \u00ab rouge \u00bb du monde. Mais je voulais aussi esquisser le triangle dans lequel s\u2019inscrit <strong>chaque identit\u00e9<\/strong>, et dont les pointes symboliques seraient :1\/ Ce jeune <strong>cam\u00e9l\u00e9on<\/strong> qui va prendre, un temps, la couleur du pays des Aigles . 2\/ Ce m\u00e9decin-consultant international qui se dit l\u2019ami intime d\u2019<strong>Enver Hodja<\/strong>, le Staline albanais, mais que celui-ci refuse de recevoir, afin de masquer la gravit\u00e9 de sa maladie. 3\/ Le dictateur, qui a si bien soumis son pays que ce dernier semble tenir tout entier dans sa conscience, en mod\u00e8le r\u00e9duit. Avons-nous d\u2019autre choix <span style=\"color: #008000;\"><strong>que le mim\u00e9tisme, la n\u00e9vrose, l\u2019imposture inconsciente ou l\u2019abus \u00e9gol\u00e2tre ?<\/strong><\/span> C\u2019est la question qui se pose <span style=\"color: #008000;\"><strong>Paul Niemans<\/strong><\/span>, qui ach\u00e8vera sa \u00ab cure \u00bb dans le lit d\u2019un descendant du h\u00e9ros national albanais, sans que l\u2019on soit s\u00fbr qu\u2019il s\u2019agisse d\u2019un choix d\u00e9finitif\u2026 \u00bb<\/h6>\n<h6><\/h6>\n<blockquote>\n<h4><span style=\"text-decoration: underline;\"><span style=\"color: #008000; text-decoration: underline;\">*DANS LES JURYS<\/span><\/span><br \/>\n<span style=\"color: #008000;\">S\u00e9lectionn\u00e9 pour le <strong>prix Goncourt<\/strong>,<span style=\"color: #000000;\"> le prix <strong>Femina<\/strong><\/span>, le prix <strong>Goncourt du Premier Roman<\/strong>, le Prix <strong>du premier roman<\/strong>, le prix <strong>Flore<\/strong>, le prix <strong>Ren\u00e9 Fallet<\/strong>\u2026,\u00a0<span style=\"color: #000000;\">LE CAMELEON<\/span> a re\u00e7u <strong>le prix Femina du Premier Roman en 1995<\/strong>.<\/span><\/h4>\n<\/blockquote>\n<h4><span style=\"color: #008000;\">*POUR TROUVER<\/span> <a href=\"https:\/\/www.grasset.fr\/livres\/le-cameleon-9782246456018\" target=\"_blank\" rel=\"noopener\">CE LIVRE<\/a>, <a href=\"https:\/\/livre.fnac.com\/a1021289\/Claude-Arnaud-Le-cameleon#int=:NonApplicable|NonApplicable|NonApplicable|1021289|NonApplicable|L1\" target=\"_blank\" rel=\"noopener\">EN LIBRAIRIE<\/a> &#8230; <span style=\"color: #008000;\">ET EN<\/span><a title=\"appel du livre\" href=\"http:\/\/numerique.appeldulivre.fr\/ResultatRecherche\/Arnaud\/45405.Auteur\" target=\"_blank\" rel=\"noopener\"> VERSION e-book&#8230;<\/a><\/h4>\n<h4>ET ENCORE&#8230;<\/h4>\n<h6><\/h6>\n<h6><strong><a href=\"http:\/\/www.claude-arnaud.com\/fr\/wp-content\/uploads\/2009\/05\/oaALfWdAcJBmT6L9Oqy1uTsDBZYUUdDUTK5P3Dr5WF9lgByQVlBBROT2g6gAxB1GfBSdemXB29uL63qrKHP3iJSa_G_alg_V-bkHtXubCZWVueL37-bQODS6iiDsOGT-TkB3mRAecT3egmsDJlhE8iUukSfJ-7Chkk979ekeK02eX2Bfre2lA7aREpTE7JzGi9Yl-Qs90-c.jpg\"><img loading=\"lazy\" decoding=\"async\" class=\"alignleft  wp-image-3257\" title=\"oaALfWdAcJBmT6L9Oqy1uTsDBZYUUdDUTK5P3Dr5WF9lgByQVlBBROT2g6gAxB1GfBSdemXB29uL63qrKHP3iJSa_G_alg_V-bkHtXubCZWVueL37-bQODS6iiDsOGT-TkB3mRAecT3egmsDJlhE8iUukSfJ-7Chkk979ekeK02eX2Bfre2lA7aREpTE7JzGi9Yl-Q=s90-c\" src=\"http:\/\/www.claude-arnaud.com\/fr\/wp-content\/uploads\/2009\/05\/oaALfWdAcJBmT6L9Oqy1uTsDBZYUUdDUTK5P3Dr5WF9lgByQVlBBROT2g6gAxB1GfBSdemXB29uL63qrKHP3iJSa_G_alg_V-bkHtXubCZWVueL37-bQODS6iiDsOGT-TkB3mRAecT3egmsDJlhE8iUukSfJ-7Chkk979ekeK02eX2Bfre2lA7aREpTE7JzGi9Yl-Qs90-c.jpg\" alt=\"\" width=\"122\" height=\"122\" srcset=\"https:\/\/www.claude-arnaud.com\/fr\/wp-content\/uploads\/2009\/05\/oaALfWdAcJBmT6L9Oqy1uTsDBZYUUdDUTK5P3Dr5WF9lgByQVlBBROT2g6gAxB1GfBSdemXB29uL63qrKHP3iJSa_G_alg_V-bkHtXubCZWVueL37-bQODS6iiDsOGT-TkB3mRAecT3egmsDJlhE8iUukSfJ-7Chkk979ekeK02eX2Bfre2lA7aREpTE7JzGi9Yl-Qs90-c.jpg 90w, https:\/\/www.claude-arnaud.com\/fr\/wp-content\/uploads\/2009\/05\/oaALfWdAcJBmT6L9Oqy1uTsDBZYUUdDUTK5P3Dr5WF9lgByQVlBBROT2g6gAxB1GfBSdemXB29uL63qrKHP3iJSa_G_alg_V-bkHtXubCZWVueL37-bQODS6iiDsOGT-TkB3mRAecT3egmsDJlhE8iUukSfJ-7Chkk979ekeK02eX2Bfre2lA7aREpTE7JzGi9Yl-Qs90-c-48x48.jpg 48w\" sizes=\"auto, (max-width: 122px) 100vw, 122px\" \/><\/a>Claude ARNAUD<\/strong> est revenu sur la gen\u00e8se de ce roman dans un long texte intitul\u00e9 \u00ab\u00a0<span style=\"color: #008000;\"><strong>Mon Albanie<\/strong><\/span>\u00ab\u00a0, paru dans la revue <strong>La R\u00e8gle du Jeu<\/strong> n\u00b010, automne 1994. <a href=\"https:\/\/halldulivre.com\/ebook\/9782246786405-la-regle-du-jeu-n-10-collectif\/pro.halldulivre.com\" target=\"_blank\" rel=\"noopener\">Pour trouver cette revue (version E-Book)<\/a>&#8230; et<span style=\"color: #008000;\"><strong> conna\u00eetre les rapports de<\/strong><\/span> <strong>Claude Arnaud<\/strong> avec l\u2019Albanie, un pays d\u00e9couvert gr\u00e2ce \u00e0 <strong>Jusuf Vrioni<\/strong>, le traducteur qui introduisit <strong>Isma\u00ebl <a href=\"https:\/\/www.courrierdesbalkans.fr\/Blog-o-COUP-DE-COEUR-POUR-LES-SOUVENIRS-D-UN-EUROPEEN-LES-MEMOIRES-DE-JUSUF\" target=\"_blank\" rel=\"noopener\">Kadar\u00e9 en France<\/a><\/strong>&#8230; <a href=\"https:\/\/www.liberation.fr\/portrait\/1994\/12\/14\/yusuf-vrionile-traducteur-de-l-ombre-d-ismael-kadare_115476\/\" target=\"_blank\" rel=\"noopener\">Ou encore<\/a>&#8230; <a href=\"https:\/\/www.liberation.fr\/livres\/1998\/05\/14\/le-monde-a-l-enver-les-souvenirs-ubuesques-du-traducteur-de-kadare-qui-dut-aussi-au-pays-du-marxisme_235899\/\" target=\"_blank\" rel=\"noopener\">Et m\u00eame<\/a>&#8230;<\/h6>\n<\/blockquote>\n<blockquote>\n<h6><strong><span style=\"color: #339966;\"><a href=\"http:\/\/www.claude-arnaud.com\/fr\/wp-content\/uploads\/2009\/05\/260px-Isuf_Vrioni_2016_stamp_of_Albania.jpg\"><img loading=\"lazy\" decoding=\"async\" class=\"alignleft  wp-image-9954\" title=\"260px-Isuf_Vrioni_2016_stamp_of_Albania\" src=\"http:\/\/www.claude-arnaud.com\/fr\/wp-content\/uploads\/2009\/05\/260px-Isuf_Vrioni_2016_stamp_of_Albania-232x300.jpg\" alt=\"\" width=\"130\" height=\"168\" srcset=\"https:\/\/www.claude-arnaud.com\/fr\/wp-content\/uploads\/2009\/05\/260px-Isuf_Vrioni_2016_stamp_of_Albania-232x300.jpg 232w, https:\/\/www.claude-arnaud.com\/fr\/wp-content\/uploads\/2009\/05\/260px-Isuf_Vrioni_2016_stamp_of_Albania.jpg 260w\" sizes=\"auto, (max-width: 130px) 100vw, 130px\" \/><\/a>Jusuf VRIONI est mort <a href=\"https:\/\/www.liberation.fr\/culture\/2001\/06\/02\/mort-du-traducteur-d-ismail-kadare_366754\/\" target=\"_blank\" rel=\"noopener\">\u00e0 Paris en 2001.<\/a><\/span><\/strong>.. Pour lire le r\u00e9cit de sa vie et de ses obs\u00e8ques par <a href=\"http:\/\/www.claude-arnaud.com\/fr\/wp-content\/uploads\/2009\/05\/Levoldaigle.pdf\">Luan RAMA&#8230;<\/a><\/h6>\n<\/blockquote>\n<blockquote>\n<h6>Ce roman est d\u00e9di\u00e9 au peintre <strong>Emmanuel PEREIRE. <span style=\"color: #008000;\">Pour d\u00e9couvrir son oeuvre au<a href=\"http:\/\/www.claude-arnaud.com\/fr\/wp-content\/uploads\/2009\/05\/Inconnu.-Pereire-1967.-JPG-225x300.jpg\"><img loading=\"lazy\" decoding=\"async\" class=\"alignright  wp-image-9955\" title=\"Inconnu.-Pereire-1967.-JPG-225x300\" src=\"http:\/\/www.claude-arnaud.com\/fr\/wp-content\/uploads\/2009\/05\/Inconnu.-Pereire-1967.-JPG-225x300.jpg\" alt=\"\" width=\"135\" height=\"180\" \/><\/a> <a href=\"https:\/\/www.navigart.fr\/fracpl\/artworks?filters=authors%3APEREIRE%20Emmanuel%E2%86%B9PEREIRE%20Emmanuel&amp;page=1&amp;layout=grid&amp;sort=by_author\" target=\"_blank\" rel=\"noopener\">FRAC des Pays de la Loire<\/a>&#8230;<\/span><\/strong><span style=\"color: #008000;\">.<\/span> Pour d\u00e9couvrir un entretien de <span style=\"color: #0000ff;\"><a title=\"lien Pereire \" href=\"http:\/\/artitoo.free.fr\/cqpts\/html\/quiest_ep.html\" target=\"_blank\" rel=\"noopener\"><strong>E. PEREIRE avec Michel Nuridsany\u2026<\/strong><\/a><\/span><\/h6>\n<\/blockquote>\n","protected":false},"excerpt":{"rendered":"<p>*LE CAMELEON A ETE PUBLIE PAR LES EDITIONS GRASSET EN SEPTEMBRE 1994 *EN GUISE D&rsquo;INTRODUCTION \u00ab En racontant la \u00ab cure de r\u00e9alit\u00e9 \u00bb qu\u2019un jeune Genevois n\u00e9vros\u00e9 part faire, sous la houlette du docteur Z\u00e4hner, un gastro-ent\u00e9rologue r\u00e9put\u00e9, dans l\u2019Albanie d\u2019Enver Hodja, au milieu des ann\u00e9es 70, je voulais rendre l\u2019impression de fiction qui [&hellip;]<\/p>\n","protected":false},"author":1,"featured_media":0,"parent":66,"menu_order":0,"comment_status":"open","ping_status":"open","template":"","meta":{"footnotes":""},"class_list":["post-68","page","type-page","status-publish","hentry","count-0","even alt","author-admin","last"],"post_mailing_queue_ids":[],"_links":{"self":[{"href":"https:\/\/www.claude-arnaud.com\/fr\/wp-json\/wp\/v2\/pages\/68","targetHints":{"allow":["GET"]}}],"collection":[{"href":"https:\/\/www.claude-arnaud.com\/fr\/wp-json\/wp\/v2\/pages"}],"about":[{"href":"https:\/\/www.claude-arnaud.com\/fr\/wp-json\/wp\/v2\/types\/page"}],"author":[{"embeddable":true,"href":"https:\/\/www.claude-arnaud.com\/fr\/wp-json\/wp\/v2\/users\/1"}],"replies":[{"embeddable":true,"href":"https:\/\/www.claude-arnaud.com\/fr\/wp-json\/wp\/v2\/comments?post=68"}],"version-history":[{"count":44,"href":"https:\/\/www.claude-arnaud.com\/fr\/wp-json\/wp\/v2\/pages\/68\/revisions"}],"predecessor-version":[{"id":14738,"href":"https:\/\/www.claude-arnaud.com\/fr\/wp-json\/wp\/v2\/pages\/68\/revisions\/14738"}],"up":[{"embeddable":true,"href":"https:\/\/www.claude-arnaud.com\/fr\/wp-json\/wp\/v2\/pages\/66"}],"wp:attachment":[{"href":"https:\/\/www.claude-arnaud.com\/fr\/wp-json\/wp\/v2\/media?parent=68"}],"curies":[{"name":"wp","href":"https:\/\/api.w.org\/{rel}","templated":true}]}}