{"id":5,"date":"2009-05-25T23:20:20","date_gmt":"2009-05-25T21:20:20","guid":{"rendered":"http:\/\/www.claude-arnaud.com\/fr\/?page_id=5"},"modified":"2025-01-24T17:39:14","modified_gmt":"2025-01-24T16:39:14","slug":"claude-arnaud","status":"publish","type":"page","link":"https:\/\/www.claude-arnaud.com\/fr\/claude-arnaud","title":{"rendered":"Claude Arnaud"},"content":{"rendered":"<blockquote>\n<h6 style=\"text-align: left;\"><span style=\"color: #008000;\"><strong><a href=\"http:\/\/www.claude-arnaud.com\/fr\/wp-content\/uploads\/2009\/05\/Claude-1973photomaton.jpg\"><img loading=\"lazy\" decoding=\"async\" class=\"alignleft  wp-image-1826\" title=\"Claude 1973photomaton\" src=\"http:\/\/www.claude-arnaud.com\/fr\/wp-content\/uploads\/2009\/05\/Claude-1973photomaton.jpg\" alt=\"\" width=\"126\" height=\"159\" \/><\/a>CLAUDE ARNAUD<\/strong><\/span> est n\u00e9 dans les livres (fr\u00e8res papivores, <strong>m\u00e8re \u00e9pistoli\u00e8re,<\/strong> <span style=\"color: #008000;\"><strong>grand-m\u00e8re \u00e9crivain r\u00e9gionaliste<\/strong><\/span>). Il lit ses premiers romans \u00e0 10 ans, entre deux biographies de dictateur, et d\u00e9vore \u00e0 14 l\u2019oeuvre de <span style=\"color: #008000;\"><strong>GIDE<\/strong><\/span>.<\/h6>\n<\/blockquote>\n<blockquote>\n<h6>Il travaille comme <span style=\"color: #008000;\"><strong>offsettiste<\/strong><\/span> dans une imprimerie militante \u2013 <strong>odeurs inoubliables d\u2019encre<\/strong> -, et collabore de 1977 \u00e0 83 \u00e0 <a title=\"galaxidion\" href=\"http:\/\/www.galaxidion.com\/recherche\/?q=cinematographe\" target=\"_blank\" rel=\"noopener\"><span style=\"color: #008000;\"><strong>CINEMATOGRAPHE<\/strong>,<\/span><\/a> mensuel dirig\u00e9 par <a title=\"lien site Allo Cin\u00e9 Jacques Fieschi\" href=\"http:\/\/www.allocine.fr\/personne\/fichepersonne_gen_cpersonne=43293.html\" target=\"_blank\" rel=\"noopener\"><strong>Jacques FIESCHI<\/strong><\/a>, tout en suivant des \u00e9tudes de lettres \u00e0 <strong>l\u2019Universit\u00e9 de Vincennes, <\/strong>AVEC POUR PROFESSEURS<strong> HELENE CIXOUS, <span style=\"color: #008000;\">JEAN-PIERRE RICHARD<\/span>, LUCETTE FINAS&#8230;<\/strong>. Son sujet de ma\u00eetrise, <span style=\"color: #008000;\"><strong>LES VAUTRINS<\/strong><\/span>, consacr\u00e9 au fabuleux bandit balzacien, protecteur de <strong>Rastignac<\/strong> et <span style=\"color: #008000;\"><strong>Rubempr\u00e9<\/strong><\/span>, tour \u00e0 tour \u00e9v\u00eaque, bagnard, <span style=\"color: #008000;\">homme d\u2019affaires<\/span> et prox\u00e9n\u00e8te, affirme ce qui sera <span style=\"color: #008000;\"><strong>un de ses grands motifs d&rsquo;inspiration<\/strong><\/span> : <strong>la pluralit\u00e9 du moi<\/strong>. (Maitrise disponible \u00e0 la bibliotheque J. seebacher de <a title=\"equipe 19\" href=\"http:\/\/www.equipe19.univ-paris-diderot.fr\/Bibli19\/Catalogue.pdf\" target=\"_blank\" rel=\"noopener\">l&rsquo;universit\u00e9 Paris-DideRot<\/a>, cf. p. 37 du document)<\/h6>\n<h6>( <span style=\"color: #008000;\"><strong>PhotOmaton\/CA<\/strong><\/span>)<\/h6>\n<\/blockquote>\n<blockquote>\n<h6><span style=\"color: #008000;\"><strong><a href=\"http:\/\/www.claude-arnaud.com\/fr\/wp-content\/uploads\/2009\/05\/9782709604628-G.jpg\"><img loading=\"lazy\" decoding=\"async\" class=\"alignleft  wp-image-2052\" title=\"9782709604628-G\" src=\"http:\/\/www.claude-arnaud.com\/fr\/wp-content\/uploads\/2009\/05\/9782709604628-G-186x300.jpg\" alt=\"\" width=\"103\" height=\"167\" srcset=\"https:\/\/www.claude-arnaud.com\/fr\/wp-content\/uploads\/2009\/05\/9782709604628-G-186x300.jpg 186w, https:\/\/www.claude-arnaud.com\/fr\/wp-content\/uploads\/2009\/05\/9782709604628-G-93x150.jpg 93w, https:\/\/www.claude-arnaud.com\/fr\/wp-content\/uploads\/2009\/05\/9782709604628-G.jpg 250w\" sizes=\"auto, (max-width: 103px) 100vw, 103px\" \/><\/a>Il \u00e9crit alors une pi\u00e8ce<\/strong><\/span> sur les pouvoirs r\u00e9dempteurs de l\u2019amour, avec <a href=\"http:\/\/fr.wikipedia.org\/wiki\/Bernard_Minoret\" target=\"_blank\" rel=\"noopener\"><strong>Bernard MINORET<\/strong>, <\/a><span style=\"color: #008000;\"><strong>LES SALONS<\/strong>,<\/span> qui sera publi\u00e9e en 1985 chez J.-CL. Latt\u00e8s et JOU\u00e9e l\u2019ann\u00e9e suivante par <span style=\"color: #008000;\">Madeleine <strong>RENAUD<\/strong><\/span> : ce sera la derni\u00e8re pi\u00e8ce cr\u00e9\u00e9e par l\u2019actrice f\u00e9tiche de <span style=\"color: #008000;\">Samuel <\/span><strong><span style=\"color: #008000;\">BECKETT<\/span> <\/strong>et de <span style=\"color: #008000;\">Marguerite <strong>DURAS<\/strong><\/span>.<\/h6>\n<h6><a title=\"lien page Salons\" href=\"http:\/\/www.claude-arnaud.com\/fr\/cinema-et-theatre\/les-salons\" target=\"_self\" rel=\"noopener\"><em>Pour en savoir plus&#8230;<\/em><\/a><em><a href=\"http:\/\/www.claude-arnaud.com\/fr\/wp-content\/uploads\/2009\/05\/Matsas.-Philippe.-C.A.-1994.jpg\"><img loading=\"lazy\" decoding=\"async\" class=\"aligncenter  wp-image-2641\" title=\"ARNAUD Claude\" src=\"http:\/\/www.claude-arnaud.com\/fr\/wp-content\/uploads\/2009\/05\/Matsas.-Philippe.-C.A.-1994-150x150.jpg\" alt=\"Ph: Ph Matsas\" width=\"158\" height=\"158\" srcset=\"https:\/\/www.claude-arnaud.com\/fr\/wp-content\/uploads\/2009\/05\/Matsas.-Philippe.-C.A.-1994-150x150.jpg 150w, https:\/\/www.claude-arnaud.com\/fr\/wp-content\/uploads\/2009\/05\/Matsas.-Philippe.-C.A.-1994-300x300.jpg 300w, https:\/\/www.claude-arnaud.com\/fr\/wp-content\/uploads\/2009\/05\/Matsas.-Philippe.-C.A.-1994-48x48.jpg 48w, https:\/\/www.claude-arnaud.com\/fr\/wp-content\/uploads\/2009\/05\/Matsas.-Philippe.-C.A.-1994.jpg 886w\" sizes=\"auto, (max-width: 158px) 100vw, 158px\" \/><\/a><\/em><\/h6>\n<h6>(<strong>Ph. Ph Matsas\/Opale<\/strong>)<\/h6>\n<\/blockquote>\n<blockquote>\n<h6>Puis <span style=\"color: #008000;\"><strong>CLAUDE ARNAUD<\/strong><\/span> fait para\u00eetre, en <strong>1988<\/strong>, \u00e0 la veille du Bicentenaire de la R\u00e9volution fran\u00e7aise, une biographie<a href=\"http:\/\/www.claude-arnaud.com\/fr\/wp-content\/uploads\/2009\/05\/chamfort.jpg\"><img loading=\"lazy\" decoding=\"async\" class=\"alignright  wp-image-1425\" title=\"chamfort\" src=\"http:\/\/www.claude-arnaud.com\/fr\/wp-content\/uploads\/2009\/05\/chamfort.jpg\" alt=\"\" width=\"143\" height=\"219\" srcset=\"https:\/\/www.claude-arnaud.com\/fr\/wp-content\/uploads\/2009\/05\/chamfort.jpg 170w, https:\/\/www.claude-arnaud.com\/fr\/wp-content\/uploads\/2009\/05\/chamfort-98x150.jpg 98w\" sizes=\"auto, (max-width: 143px) 100vw, 143px\" \/><\/a> de <strong>CHAMFORT<\/strong>, accueillie avec enthousiasme (<span style=\"color: #008000;\"><strong>prix F\u00e9n\u00e9on<\/strong><\/span>, <strong>prix de l&rsquo;essai de l&rsquo;Acad\u00e9mie fran\u00e7aise<\/strong>, <span style=\"color: #008000;\"><strong>prix L\u00e9autaud)<\/strong><\/span>, et vite publi\u00e9e en POCHE (<strong>PLURIEL<\/strong>): apr\u00e8s avoir inspir\u00e9 des penseurs aussi divers que <strong><span style=\"color: #008000;\">NIETZSCHE, CAMUS<\/span> <\/strong>et <strong><span style=\"color: #339966;\">CIORAN<\/span><\/strong>, le moraliste des Lumi\u00e8res s\u2019impose aussi comme <strong>l&rsquo;un des penseurs de la R\u00e9volution<\/strong>, et le t\u00e9moin aigu de ses d\u00e9rives.<\/h6>\n<h6><a title=\"lien page chamfort\" href=\"http:\/\/www.claude-arnaud.com\/fr\/biographies\/chamfort\" target=\"_self\" rel=\"noopener\"><strong>Pour en savoir plus, aller \u00e0 la page \u00ab\u00a0chamfort\u00a0\u00bb, ou a l&rsquo;une de ses sous-pages&#8230;<\/strong><\/a><\/h6>\n<h6>(<strong>ph. : Ulf Andersen\/Gamma)<a href=\"http:\/\/www.claude-arnaud.com\/fr\/wp-content\/uploads\/2009\/05\/P1010005.jpg\"><img loading=\"lazy\" decoding=\"async\" class=\"aligncenter  wp-image-5136\" title=\"OLYMPUS DIGITAL CAMERA\" src=\"http:\/\/www.claude-arnaud.com\/fr\/wp-content\/uploads\/2009\/05\/P1010005-257x300.jpg\" alt=\"\" width=\"140\" height=\"164\" srcset=\"https:\/\/www.claude-arnaud.com\/fr\/wp-content\/uploads\/2009\/05\/P1010005-257x300.jpg 257w, https:\/\/www.claude-arnaud.com\/fr\/wp-content\/uploads\/2009\/05\/P1010005-877x1024.jpg 877w, https:\/\/www.claude-arnaud.com\/fr\/wp-content\/uploads\/2009\/05\/P1010005.jpg 994w\" sizes=\"auto, (max-width: 140px) 100vw, 140px\" \/><\/a><\/strong><\/h6>\n<\/blockquote>\n<blockquote>\n<h6><a href=\"http:\/\/www.claude-arnaud.com\/fr\/wp-content\/uploads\/2009\/05\/images6.jpg\"><img loading=\"lazy\" decoding=\"async\" class=\"alignleft  wp-image-4623\" title=\"images\" src=\"http:\/\/www.claude-arnaud.com\/fr\/wp-content\/uploads\/2009\/05\/images6.jpg\" alt=\"\" width=\"125\" height=\"204\" \/><\/a>Il part ensuite comme r\u00e9sident \u00e0<strong> <span style=\"color: #008000;\"><a title=\"lien villa medicis\" href=\"http:\/\/www.villamedici.it\" target=\"_blank\" rel=\"noopener\">la Villa M\u00e9dicis<\/a><\/span><\/strong>, \u00e0 Rome, en 1989 et 1990, et publie en 1994 son premier roman, <a href=\"http:\/\/www.claude-arnaud.com\/fr\/?page_id=68\" target=\"_self\" rel=\"noopener\"><span style=\"color: #008000;\"><strong>LE CAM\u00c9L\u00c9ON<\/strong><\/span><\/a>, aux \u00e9ditions Grasset, qui obtient <strong>le prix Femina du premier roman<\/strong>. La m\u00eame ann\u00e9e, la bourse de <span style=\"color: #008000;\"><strong>la Villa M\u00e9dicis Hors-les-Murs<\/strong><\/span> lui est attribu\u00e9e pour des portraits de ville, qui inspireront <strong>babel 1990. <\/strong><\/h6>\n<h6><strong><a title=\"Lien page Cameleon\" href=\"http:\/\/www.claude-arnaud.com\/fr\/romans\/le-cameleon\" target=\"_self\" rel=\"noopener\">Pour en savoir plus&#8230;<\/a><br \/>\n<\/strong><\/h6>\n<h6><strong><a href=\"http:\/\/www.claude-arnaud.com\/fr\/wp-content\/uploads\/2009\/05\/Foley-John.-C.A.jpg\"><img loading=\"lazy\" decoding=\"async\" class=\"alignleft  wp-image-2643\" title=\"ARNAUD Claude\" src=\"http:\/\/www.claude-arnaud.com\/fr\/wp-content\/uploads\/2009\/05\/Foley-John.-C.A-150x150.jpg\" alt=\"\" width=\"161\" height=\"161\" srcset=\"https:\/\/www.claude-arnaud.com\/fr\/wp-content\/uploads\/2009\/05\/Foley-John.-C.A-150x150.jpg 150w, https:\/\/www.claude-arnaud.com\/fr\/wp-content\/uploads\/2009\/05\/Foley-John.-C.A-48x48.jpg 48w\" sizes=\"auto, (max-width: 161px) 100vw, 161px\" \/><\/a>(<span style=\"color: #008000;\">Ph.: John Foley\/ Opale<\/span>)<br \/>\n<\/strong><\/h6>\n<\/blockquote>\n<blockquote>\n<h6>Le second roman que <strong>CLAUDE ARNAUD<\/strong> publie,<a href=\"http:\/\/www.claude-arnaud.com\/fr\/?page_id=81\" target=\"_self\" rel=\"noopener\"><strong> <span style=\"color: #008000;\">LE JEU DES QUATRE COINS<\/span><\/strong><\/a>, sort chez Grasset en<a href=\"http:\/\/www.claude-arnaud.com\/fr\/wp-content\/uploads\/2009\/05\/lejeudes4coins.gif\"><img loading=\"lazy\" decoding=\"async\" class=\"alignright  wp-image-3173\" title=\"lejeudes4coins\" src=\"http:\/\/www.claude-arnaud.com\/fr\/wp-content\/uploads\/2009\/05\/lejeudes4coins.gif\" alt=\"\" width=\"141\" height=\"216\" \/><\/a> septembre 98, mais sa vision d\u00e9senchant\u00e9e de <strong>l\u2019homosexualit\u00e9<\/strong> d\u00e9route.<\/h6>\n<h6><a title=\"Lien page Jeu des 4 coins\" href=\"http:\/\/www.claude-arnaud.com\/fr\/romans\/le-jeu-des-quatre-coins\" target=\"_self\" rel=\"noopener\"><strong>Pour en savoir plus&#8230;<\/strong><\/a><\/h6>\n<h6><span style=\"color: #008000;\"><strong><a href=\"http:\/\/www.claude-arnaud.com\/fr\/wp-content\/uploads\/2009\/05\/cocteau.jpg\"><img loading=\"lazy\" decoding=\"async\" class=\"alignleft  wp-image-1426\" title=\"cocteau\" src=\"http:\/\/www.claude-arnaud.com\/fr\/wp-content\/uploads\/2009\/05\/cocteau.jpg\" alt=\"\" width=\"126\" height=\"193\" srcset=\"https:\/\/www.claude-arnaud.com\/fr\/wp-content\/uploads\/2009\/05\/cocteau.jpg 170w, https:\/\/www.claude-arnaud.com\/fr\/wp-content\/uploads\/2009\/05\/cocteau-98x150.jpg 98w\" sizes=\"auto, (max-width: 126px) 100vw, 126px\" \/><\/a>En r\u00e9action<\/strong><\/span>, il esquisse un roman picaresque sur la guerre des sexes, <em>OESTROGENE<\/em>, et publie apr\u00e8s <strong>quatre ans de recherches<\/strong> une biographie <span style=\"color: #008000;\">de <a href=\"http:\/\/www.claude-arnaud.com\/fr\/?page_id=36\" target=\"_self\" rel=\"noopener\"><strong>COCTEAU<\/strong><\/a><\/span><a href=\"http:\/\/www.claude-arnaud.com\/fr\/?page_id=36\" target=\"_self\" rel=\"noopener\"> (864 p.) <\/a>en 2003 chez Gallimard. Le livre rencontre <span style=\"color: #008000;\"><strong>un vrai succ\u00e8s critique et public<\/strong><\/span> (5 r\u00e9impressions) et redonne \u00e0 l\u2019auteur de <strong>THOMAS L\u2019IMPOSTEUR<\/strong> sa vraie place au coeur du XX\u00b0 si\u00e8cle.<\/h6>\n<h6><a title=\"Lien page Cocteau\" href=\"http:\/\/www.claude-arnaud.com\/fr\/biographies\/cocteau\" target=\"_self\" rel=\"noopener\">\u00a0Pour en savoir plus&#8230;<\/a><\/h6>\n<\/blockquote>\n<blockquote>\n<h6>Il re\u00e7oit en 2004 <a href=\"http:\/\/francais.agonia.net\/index.php\/article\/159106\/mission.php\" target=\"_blank\" rel=\"noopener\"><strong><span style=\"color: #008000;\"><span style=\"color: #008000;\">la bourse Cioran<\/span><\/span><\/strong><\/a> pour <a href=\"http:\/\/www.claude-arnaud.com\/fr\/?page_id=48\" target=\"_self\" rel=\"noopener\"><strong>QUI DIT JE EN NOUS ?<\/strong><\/a>, un essai sur le th\u00e8me de l\u2019identit\u00e9 qui<a href=\"http:\/\/www.claude-arnaud.com\/fr\/wp-content\/uploads\/2009\/05\/2012793983.jpg\"><img loading=\"lazy\" decoding=\"async\" class=\"alignright  wp-image-3964\" title=\"2012793983\" src=\"http:\/\/www.claude-arnaud.com\/fr\/wp-content\/uploads\/2009\/05\/2012793983-180x300.jpg\" alt=\"\" width=\"130\" height=\"217\" srcset=\"https:\/\/www.claude-arnaud.com\/fr\/wp-content\/uploads\/2009\/05\/2012793983-180x300.jpg 180w, https:\/\/www.claude-arnaud.com\/fr\/wp-content\/uploads\/2009\/05\/2012793983.jpg 298w\" sizes=\"auto, (max-width: 130px) 100vw, 130px\" \/><\/a> sort chez Grasset en ao\u00fbt 2006, qui re\u00e7oit le <span style=\"color: #008000;\"><strong>prix FEMINA de l\u2019Essai<\/strong> <\/span>la m\u00eame ann\u00e9e. L\u2019ouvrage sort dans la collection de poche <span style=\"color: #008000;\"><strong>PLURIEL\/HACHETTE<\/strong><\/span> en juin 2008.<\/h6>\n<h6><a title=\"Lien page qui dit je en nous?\" href=\"http:\/\/www.claude-arnaud.com\/fr\/essais\/qui-dit-je-en-nous-presentation\" target=\"_self\" rel=\"noopener\">\u00a0Pour en savoir plus&#8230;<\/a><\/h6>\n<h6><a href=\"http:\/\/www.claude-arnaud.com\/fr\/wp-content\/uploads\/2009\/05\/dsc83291-199x300.jpg\"><img loading=\"lazy\" decoding=\"async\" class=\"alignleft  wp-image-1316\" title=\"_dsc83291-199x300\" src=\"http:\/\/www.claude-arnaud.com\/fr\/wp-content\/uploads\/2009\/05\/dsc83291-199x300-150x150.jpg\" alt=\"\" width=\"159\" height=\"159\" srcset=\"https:\/\/www.claude-arnaud.com\/fr\/wp-content\/uploads\/2009\/05\/dsc83291-199x300-150x150.jpg 150w, https:\/\/www.claude-arnaud.com\/fr\/wp-content\/uploads\/2009\/05\/dsc83291-199x300-64x64.jpg 64w\" sizes=\"auto, (max-width: 159px) 100vw, 159px\" \/><\/a>(<strong>Ph.: Hannah\/Opale<\/strong>)<\/h6>\n<\/blockquote>\n<blockquote>\n<h6><span style=\"color: #008000;\"><strong>En avril 2008<\/strong><\/span>, <strong>CLAUDE ARNAUD<\/strong> publie <span style=\"color: #008000;\"><strong>BABEL 1990<\/strong><\/span> en collection de poche <a title=\"folio\" href=\"http:\/\/www.folio-lesite.fr\/Catalogue\/Folio\/Folio\/Senso\/Babel-1990\" target=\"_blank\" rel=\"noopener\">FOLIO\/GALLIMARD<img loading=\"lazy\" decoding=\"async\" class=\"alignright  wp-image-4624\" title=\"51fVESLFBoL._\" src=\"http:\/\/www.claude-arnaud.com\/fr\/wp-content\/uploads\/2009\/05\/51fVESLFBoL._-180x300.jpg\" alt=\"\" width=\"117\" height=\"195\" srcset=\"https:\/\/www.claude-arnaud.com\/fr\/wp-content\/uploads\/2009\/05\/51fVESLFBoL._-180x300.jpg 180w, https:\/\/www.claude-arnaud.com\/fr\/wp-content\/uploads\/2009\/05\/51fVESLFBoL._.jpg 301w\" sizes=\"auto, (max-width: 117px) 100vw, 117px\" \/><\/a> (collection Folio\/Senso, in\u00e9dit), <strong>trois portraits de villes<\/strong> pr\u00e9cocement mondialis\u00e9es et \u00ab\u00a0m\u00e9tiss\u00e9es\u00a0\u00bb &#8211; <span style=\"color: #008000;\"><strong>ROME<\/strong>, <strong>SAINT-PETERSBOURG<\/strong>, <strong>NEW YORK<\/strong><\/span>, qui sont encore trois r\u00e9flexions sur <strong>l\u2019identit\u00e9, COLLECTIVE CETTE FOIS<\/strong>.<\/h6>\n<h6><a title=\"Lien page Babel\" href=\"http:\/\/www.claude-arnaud.com\/fr\/essais\/babel-1990\" target=\"_self\" rel=\"noopener\">Pour en savoir plus&#8230;<\/a><\/h6>\n<\/blockquote>\n<blockquote>\n<h6><a href=\"http:\/\/www.claude-arnaud.com\/fr\/wp-content\/uploads\/2010\/08\/9782246771111FS.gif\"><img loading=\"lazy\" decoding=\"async\" class=\"alignleft  wp-image-1669\" title=\"9782246771111FS\" src=\"http:\/\/www.claude-arnaud.com\/fr\/wp-content\/uploads\/2010\/08\/9782246771111FS-202x300.gif\" alt=\"\" width=\"144\" height=\"214\" srcset=\"https:\/\/www.claude-arnaud.com\/fr\/wp-content\/uploads\/2010\/08\/9782246771111FS-202x300.gif 202w, https:\/\/www.claude-arnaud.com\/fr\/wp-content\/uploads\/2010\/08\/9782246771111FS-101x150.gif 101w, https:\/\/www.claude-arnaud.com\/fr\/wp-content\/uploads\/2010\/08\/9782246771111FS.gif 321w\" sizes=\"auto, (max-width: 144px) 100vw, 144px\" \/><\/a>En <span style=\"color: #008000;\"><strong>ao\u00fbt 2010<\/strong><\/span>, il publie aux \u00e9ditions GRASSET <a href=\"http:\/\/www.claude-arnaud.com\/fr\/?page_id=984\" target=\"_self\" rel=\"noopener\"><strong>QU&rsquo;AS-TU FAIT DE TES FRERES ?<\/strong><\/a>, roman de formation et de g\u00e9n\u00e9ration, repris en club par <span style=\"color: #008000;\"><strong>le Club du Grand livre du mois<\/strong><\/span>. Re\u00e7u par avec <strong>enthousiasme par la critique<\/strong>, le livre termine finaliste de la plupart des prix de la rentr\u00e9e. Il finit par recevoir le <strong>prix Jean-Jacques ROUSSEAU 2011<\/strong> et para\u00eet en <span style=\"color: #008000;\"><strong>Livre de Poche<\/strong><\/span> en ao\u00fbt 2012.<\/h6>\n<h6><a title=\"lien page Qu'as-tu fait de tes fr\u00e8res?\" href=\"http:\/\/www.claude-arnaud.com\/fr\/romans\/quas-tu-fais-de-tes-freres\" target=\"_self\" rel=\"noopener\">\u00a0Pour en savoir plus&#8230;<\/a><\/h6>\n<\/blockquote>\n<blockquote>\n<h6>Il poursuit son a<strong>uto-roman de formation<\/strong> en publiant en ao\u00fbt 2012 <span style=\"color: #008000;\"><strong>BREVES SAISONS AU PARADIS<\/strong><\/span>,<a href=\"http:\/\/www.claude-arnaud.com\/fr\/wp-content\/uploads\/2013\/03\/Couv-e1340819716608.jpg\"><img loading=\"lazy\" decoding=\"async\" class=\"alignright  wp-image-4601\" title=\"Couv-e1340819716608\" src=\"http:\/\/www.claude-arnaud.com\/fr\/wp-content\/uploads\/2013\/03\/Couv-e1340819716608-204x300.jpg\" alt=\"\" width=\"136\" height=\"200\" srcset=\"https:\/\/www.claude-arnaud.com\/fr\/wp-content\/uploads\/2013\/03\/Couv-e1340819716608-204x300.jpg 204w, https:\/\/www.claude-arnaud.com\/fr\/wp-content\/uploads\/2013\/03\/Couv-e1340819716608.jpg 658w\" sizes=\"auto, (max-width: 136px) 100vw, 136px\" \/><\/a> toujours aux \u00e9ditions Grasset. <strong>SELECTIONNE PAR LE JURY DU PRIX MEDICIS 2012<\/strong>, CE ROMAN PARAIT EN <span style=\"color: #008000;\"><strong>LIVRE DE POCHE EN JANVIER 2013<\/strong><\/span>. <a title=\"bsp\" href=\"http:\/\/www.claude-arnaud.com\/fr\/romans\/breves-saisons-au-paradis\">Pour en savoir plus&#8230;<\/a><\/h6>\n<\/blockquote>\n<blockquote>\n<h6><a href=\"http:\/\/www.claude-arnaud.com\/fr\/wp-content\/uploads\/2013\/11\/proust-contre-cocteauM119316.jpg\"><img loading=\"lazy\" decoding=\"async\" class=\"alignleft  wp-image-4382\" title=\"proust-contre-cocteau,M119316\" src=\"http:\/\/www.claude-arnaud.com\/fr\/wp-content\/uploads\/2013\/11\/proust-contre-cocteauM119316.jpg\" alt=\"\" width=\"132\" height=\"193\" srcset=\"https:\/\/www.claude-arnaud.com\/fr\/wp-content\/uploads\/2013\/11\/proust-contre-cocteauM119316.jpg 215w, https:\/\/www.claude-arnaud.com\/fr\/wp-content\/uploads\/2013\/11\/proust-contre-cocteauM119316-205x300.jpg 205w\" sizes=\"auto, (max-width: 132px) 100vw, 132px\" \/><\/a><\/h6>\n<h6><\/h6>\n<h6>en <strong>septembre 2013<\/strong>, <span style=\"color: #008000;\"><strong>CLAUDE ARNAUD<\/strong><\/span> signe un essai intitul\u00e9 <strong><em>PROUST CONTRE COCTEAU<\/em> <\/strong>qui revient sur la relation <span style=\"color: #008000;\"><strong>extraordinairement riche et complexe<\/strong><\/span> que les deux \u00e9crivains entretinrent, de 1910 \u00e0 1922.<\/h6>\n<h6><span style=\"color: #008000;\"><strong>Pour en savoir plus<\/strong><\/span>, rejoindre <a title=\"proust contre cocteau\" href=\"http:\/\/www.claude-arnaud.com\/fr\/essais\/proust-contre-cocteau\">la page consacr\u00e9e a cet essai&#8230;<\/a><\/h6>\n<h6>QUI RESSORT EN COLLECTION DE POCHE, CHEZ ARLEA, <a title=\"pr vs c\" href=\"http:\/\/www.claude-arnaud.com\/fr\/essais\/proust-contre-cocteau\/proust-contre-cocteau-en-poche\">EN FEVRIER 2017<\/a>&#8230;<a href=\"http:\/\/www.claude-arnaud.com\/fr\/wp-content\/uploads\/2018\/12\/livreon1076-03476.jpg\"><img loading=\"lazy\" decoding=\"async\" class=\"aligncenter  wp-image-9490\" title=\"livreon1076-03476\" src=\"http:\/\/www.claude-arnaud.com\/fr\/wp-content\/uploads\/2018\/12\/livreon1076-03476-183x300.jpg\" alt=\"\" width=\"139\" height=\"228\" srcset=\"https:\/\/www.claude-arnaud.com\/fr\/wp-content\/uploads\/2018\/12\/livreon1076-03476-183x300.jpg 183w, https:\/\/www.claude-arnaud.com\/fr\/wp-content\/uploads\/2018\/12\/livreon1076-03476.jpg 245w\" sizes=\"auto, (max-width: 139px) 100vw, 139px\" \/><\/a><\/h6>\n<h6><strong><em>JE NE VOULAIS PAS \u00caTRE MOI<\/em>, LE <span style=\"color: #008000;\">TROISIEME<\/span> <span style=\"color: #008000;\">ET DERNIER<\/span> TOME DE SON<span style=\"color: #008000;\"> <a href=\"http:\/\/www.claude-arnaud.com\/fr\/wp-content\/uploads\/2009\/05\/Couv-visuel.jpg\"><img loading=\"lazy\" decoding=\"async\" class=\"alignright  wp-image-6159\" title=\"Couv visuel\" src=\"http:\/\/www.claude-arnaud.com\/fr\/wp-content\/uploads\/2009\/05\/Couv-visuel-204x300.jpg\" alt=\"\" width=\"148\" height=\"218\" srcset=\"https:\/\/www.claude-arnaud.com\/fr\/wp-content\/uploads\/2009\/05\/Couv-visuel-204x300.jpg 204w, https:\/\/www.claude-arnaud.com\/fr\/wp-content\/uploads\/2009\/05\/Couv-visuel.jpg 280w\" sizes=\"auto, (max-width: 148px) 100vw, 148px\" \/><\/a> <strong>AUTO-ROMAN DE<\/strong> FORMATION, <span style=\"color: #000000;\">SORT AUX EDITIONS GRASSET<\/span> LE 13 JANVIER 2016. Pour decouvrir les reactions <a title=\"en france\" href=\"http:\/\/www.claude-arnaud.com\/fr\/romans\/je-ne-voulais-pas-etre-moi\/je-ne-voulais-pas-etre-moi-en-france\">\u00e0 ce livre en france<\/a>&#8230; et <a title=\"je ne v +  a l'etranger\" href=\"http:\/\/www.claude-arnaud.com\/fr\/romans\/je-ne-voulais-pas-etre-moi\/je-ne-voulais-pas-etre-moi-abroad-a-letranger\" target=\"_blank\" rel=\"noopener\">a l&rsquo;\u00e9tranger<\/a>&#8230;<\/span><\/strong><\/h6>\n<h6><strong>(Photo: <span style=\"color: #008000;\">Loiseleur<\/span>)<\/strong><\/h6>\n<h6><strong><span style=\"color: #008000;\"><span style=\"color: #000000;\"><em><a href=\"http:\/\/www.claude-arnaud.com\/fr\/wp-content\/uploads\/2009\/05\/Loiseleur.-CA-4196.jpg\"><img loading=\"lazy\" decoding=\"async\" class=\"alignleft  wp-image-7389\" title=\"Loiseleur. CA 4196\" src=\"http:\/\/www.claude-arnaud.com\/fr\/wp-content\/uploads\/2009\/05\/Loiseleur.-CA-4196-198x300.jpg\" alt=\"\" width=\"117\" height=\"178\" srcset=\"https:\/\/www.claude-arnaud.com\/fr\/wp-content\/uploads\/2009\/05\/Loiseleur.-CA-4196-198x300.jpg 198w, https:\/\/www.claude-arnaud.com\/fr\/wp-content\/uploads\/2009\/05\/Loiseleur.-CA-4196-678x1024.jpg 678w, https:\/\/www.claude-arnaud.com\/fr\/wp-content\/uploads\/2009\/05\/Loiseleur.-CA-4196.jpg 1330w\" sizes=\"auto, (max-width: 117px) 100vw, 117px\" \/><\/a>\u00ab\u00a0PORTRAITS CRACHES\u00a0\u00bb <\/em><\/span>, une r\u00eaverie autour du portrait litteraire,<\/span><span style=\"color: #008000;\"><span style=\"color: #000000;\"> para\u00eet le 14 septembre 2017, chez <span style=\"color: #008000;\">Robert laffont, <strong><span style=\"color: #000000;\">DANS la collection<\/span> \u00ab\u00a0bouquins\u00a0\u00bb<\/strong><\/span>. DEcouvrir l&rsquo;accueil <a title=\"claude-arnaud\" href=\"http:\/\/www.claude-arnaud.com\/fr\/essais\/portraits-craches\/portraits-craches-en-france\">fait \u00e0 ce livre<\/a>..<a href=\"http:\/\/www.claude-arnaud.com\/fr\/wp-content\/uploads\/2017\/07\/Couv.-final.jpg\"><img loading=\"lazy\" decoding=\"async\" class=\"aligncenter  wp-image-7742\" title=\"Couv. final\" src=\"http:\/\/www.claude-arnaud.com\/fr\/wp-content\/uploads\/2017\/07\/Couv.-final-199x300.jpg\" alt=\"\" width=\"162\" height=\"244\" srcset=\"https:\/\/www.claude-arnaud.com\/fr\/wp-content\/uploads\/2017\/07\/Couv.-final-199x300.jpg 199w, https:\/\/www.claude-arnaud.com\/fr\/wp-content\/uploads\/2017\/07\/Couv.-final-682x1024.jpg 682w, https:\/\/www.claude-arnaud.com\/fr\/wp-content\/uploads\/2017\/07\/Couv.-final.jpg 1559w\" sizes=\"auto, (max-width: 162px) 100vw, 162px\" \/><\/a><\/span><\/span><\/strong><\/h6>\n<h6><\/h6>\n<h6><strong><a href=\"http:\/\/www.claude-arnaud.com\/fr\/archives\/10564\/9782246862666-001-t\" rel=\"attachment wp-att-10576\"><img loading=\"lazy\" decoding=\"async\" class=\"alignleft  wp-image-10576\" src=\"http:\/\/www.claude-arnaud.com\/fr\/wp-content\/uploads\/2021\/01\/9782246862666-001-T-190x300.jpeg\" alt=\"\" width=\"146\" height=\"231\" srcset=\"https:\/\/www.claude-arnaud.com\/fr\/wp-content\/uploads\/2021\/01\/9782246862666-001-T-190x300.jpeg 190w, https:\/\/www.claude-arnaud.com\/fr\/wp-content\/uploads\/2021\/01\/9782246862666-001-T.jpeg 600w\" sizes=\"auto, (max-width: 146px) 100vw, 146px\" \/><\/a>*LE 13 JANVIER 2021, <\/strong><span style=\"color: #008000;\">CLAUDE ARNAUD<\/span><strong> PUBLIE\u00a0<\/strong><strong>UN RECIT<\/strong><strong>, TOUJOURS AUX EDITIONS GRASSET, <\/strong><strong><em><span style=\"color: #008000;\">LE MAL DES RUINES<\/span>,<\/em><\/strong><strong>\u00a0 OU IL REVIENT SUR <span style=\"color: #008000;\">L&rsquo;HISTOIRE<\/span> TOUR A TOUR JOYEUSE ET <span style=\"color: #008000;\">TRAGIQUE<\/span> DE SA FAMILLE A TRAVERS <span style=\"color: #008000;\">LA CORSE<\/span>, L&rsquo;\u00ceLE OU OU ELLE S&rsquo;ENRACINE. LE LIVRE RECOIT LE PRIX DU MEMORIAL D&rsquo;AJACCIO, ET VAUT \u00c0 CLAUDE ARNAUD LE PRIX HENRI GAL DE L&rsquo;ACADEMIE FRANCAISE <\/strong><span style=\"color: #008000;\"><strong>POUR L&rsquo;ENSEMBLE DE SON OEUVRE. IL EST AUSSI FINALISTE DU PRIX PRINCE PIERRE DE MONACO. Pour d\u00e9couvrir l&rsquo;accueil <a href=\"https:\/\/www.claude-arnaud.com\/fr\/romans\/le-mal-des-ruines\/le-mal-des-ruines-en-france\" target=\"_blank\" rel=\"noopener\">fait \u00e0 ce livre<\/a>&#8230;<br \/>\n<\/strong><\/span><\/h6>\n<h6>*<span style=\"color: #008000;\"><strong>Le 6 janvier 2022<\/strong> <\/span>para\u00eet dans la collection \u00ab Traits et Portraits \u00bb, dirig\u00e9e par <strong>Colette FELLOUS<\/strong> aux Editions<a href=\"https:\/\/www.claude-arnaud.com\/fr\/wp-content\/uploads\/2021\/12\/D23564.jpg\"><img loading=\"lazy\" decoding=\"async\" class=\"alignright  wp-image-13628\" src=\"https:\/\/www.claude-arnaud.com\/fr\/wp-content\/uploads\/2021\/12\/D23564-205x300.jpg\" sizes=\"auto, (max-width: 205px) 100vw, 205px\" srcset=\"https:\/\/www.claude-arnaud.com\/fr\/wp-content\/uploads\/2021\/12\/D23564-205x300.jpg 205w, https:\/\/www.claude-arnaud.com\/fr\/wp-content\/uploads\/2021\/12\/D23564.jpg 312w\" alt=\"\" width=\"146\" height=\"214\" \/><\/a> du <strong>Mercure de France<\/strong>, <em><strong>JUSTE UN CORPS<\/strong><\/em><strong>.<\/strong> Dans ce r\u00e9cit plus qu\u2019intime,<span style=\"color: #008000;\"><strong> Claude ARNAUD<\/strong> donne la parole<\/span>, non \u00e0 <strong>sa m\u00e9moire<\/strong>, comme dans s<strong>a trilogie autobiographique <em>(Qu\u2019as-tu fait de tes fr\u00e8res?, Br\u00e8ves saisons au paradis, Je ne voulais pas \u00eatre moi)<\/em><\/strong>,<span style=\"color: #008000;\"> mais \u00e0 son <strong>corps<\/strong>. Ce livre re\u00e7oit <a href=\"https:\/\/www.claude-arnaud.com\/fr\/romans\/juste-un-corps\/juste-un-corps-en-france\">un accueil chaleureux<\/a>&#8230;<br \/>\n<\/span><\/h6>\n<h6>.C&rsquo;est encore chez GRASSET que <span style=\"color: #008000;\">Claude ARNAUD<\/span> publie en mars 2023 <span style=\"color: #008000;\"><em>Picasso tout contre Cocteau<\/em><\/span>, un essai qui revient sur <span style=\"color: #008000;\">l&rsquo;amiti\u00e9 qui unit et opposa<\/span>, pr\u00e8s d&rsquo;un demi-<a href=\"https:\/\/www.claude-arnaud.com\/fr\/wp-content\/uploads\/2023\/02\/9782246830733-001-T.jpeg\"><img loading=\"lazy\" decoding=\"async\" class=\"alignleft  wp-image-14991\" src=\"https:\/\/www.claude-arnaud.com\/fr\/wp-content\/uploads\/2023\/02\/9782246830733-001-T-205x300.jpeg\" alt=\"\" width=\"154\" height=\"225\" srcset=\"https:\/\/www.claude-arnaud.com\/fr\/wp-content\/uploads\/2023\/02\/9782246830733-001-T-205x300.jpeg 205w, https:\/\/www.claude-arnaud.com\/fr\/wp-content\/uploads\/2023\/02\/9782246830733-001-T.jpeg 600w\" sizes=\"auto, (max-width: 154px) 100vw, 154px\" \/><\/a>si\u00e8cle durant, <span style=\"color: #008000;\">l&rsquo;\u00e9crivain et le peintre<\/span>. Le livre re\u00e7oit tour \u00e0 tour le prix Andr\u00e9-Malraux de l&rsquo;essai et <span style=\"color: #008000;\">le prix Kh\u00f4ra de l&rsquo;Institut. Pour en savoir plus sur <a href=\"https:\/\/www.claude-arnaud.com\/fr\/essais\/picasso-tout-contre-cocteau\/picasso-tout-contre-cocteau-en-france\">l&rsquo;accueil fait \u00e0 ce livre<\/a>&#8230;<br \/>\n<\/span><\/h6>\n<h6><strong>*<span style=\"color: #008000;\">CLAUD<\/span><\/strong><strong><span style=\"color: #008000;\">E ARNAUD<\/span> a aussi travaill\u00e9<\/strong> pour <a title=\"lien page cinema et theatre\" href=\"http:\/\/www.claude-arnaud.com\/fr\/cinema-et-theatre\" target=\"_self\" rel=\"noopener\">le cin\u00e9ma&#8230;<\/a><\/h6>\n<h6>et IL A <strong><span style=\"color: #008000;\">contribu\u00e9 \u00e0 de nombreuses<\/span><\/strong> <a title=\"Lien page Publications\" href=\"http:\/\/www.claude-arnaud.com\/fr\/publications\" target=\"_self\" rel=\"noopener\">publications&#8230;<\/a><\/h6>\n<h6><strong>Il a publi\u00e9 <span style=\"color: #008000;\">textes et livres<\/span> sous son nom<\/strong>, mais aussi ceux de <span style=\"color: #008000;\"><strong>claude arnulf<\/strong><\/span>, <strong>pierre arnulf<\/strong> et <span style=\"color: #008000;\"><strong>andr\u00e9a u. dulac<\/strong><\/span>.<\/h6>\n<h6><strong>POUR TROUVER L<span style=\"color: #008000;\">ES LIVRES qu&rsquo;il a publi\u00e9, au format papier aussi bien que num\u00e9rique, <a href=\"https:\/\/www.grasset.fr\/auteurs\/claude-arnaud\" target=\"_blank\" rel=\"noopener\">chez GRASSET<\/a>&#8230;<\/span><\/strong><\/h6>\n<h6><span style=\"color: #008000;\"><strong>CHEZ <a title=\"gallimard\" href=\"http:\/\/www.gallimard.fr\/Contributeurs\/Claude-Arnaud-1955\" target=\"_blank\" rel=\"noopener\">GALLIMARD<\/a>&#8230; OU dans <a href=\"https:\/\/www.nouvelleetcie.fr\/recherche\/?q=claude+arnaud\" target=\"_blank\" rel=\"noopener\">les librairies<\/a>&#8230;<br \/>\n<\/strong><\/span><\/h6>\n<h6><strong>&#8230;OU DANS LE CATALOGUE DE LA <a title=\"bnf\" href=\"http:\/\/catalogue.bnf.fr\/changerPage.do?motRecherche=&amp;index=AUT3&amp;numNotice=12123362&amp;nbResultParPage=10&amp;afficheRegroup=false&amp;affinageActif=false&amp;pageEnCours=1&amp;nbPage=4&amp;trouveDansFiltre=NoticePUB&amp;triResultParPage=5&amp;typeNotice=p\" target=\"_blank\" rel=\"noopener\">BIBLIOTHEQUE NATIONALE DE FRANCE<\/a><\/strong>&#8230;<\/h6>\n<h6><\/h6>\n<h6><strong><span style=\"color: #008000;\">\u00a0<\/span><\/strong><\/h6>\n<\/blockquote>\n","protected":false},"excerpt":{"rendered":"<p>CLAUDE ARNAUD est n\u00e9 dans les livres (fr\u00e8res papivores, m\u00e8re \u00e9pistoli\u00e8re, grand-m\u00e8re \u00e9crivain r\u00e9gionaliste). Il lit ses premiers romans \u00e0 10 ans, entre deux biographies de dictateur, et d\u00e9vore \u00e0 14 l\u2019oeuvre de GIDE. Il travaille comme offsettiste dans une imprimerie militante \u2013 odeurs inoubliables d\u2019encre -, et collabore de 1977 \u00e0 83 \u00e0 CINEMATOGRAPHE, [&hellip;]<\/p>\n","protected":false},"author":1,"featured_media":0,"parent":0,"menu_order":1,"comment_status":"open","ping_status":"open","template":"","meta":{"footnotes":""},"class_list":["post-5","page","type-page","status-publish","hentry","count-0","even alt","author-admin","last"],"post_mailing_queue_ids":[],"_links":{"self":[{"href":"https:\/\/www.claude-arnaud.com\/fr\/wp-json\/wp\/v2\/pages\/5","targetHints":{"allow":["GET"]}}],"collection":[{"href":"https:\/\/www.claude-arnaud.com\/fr\/wp-json\/wp\/v2\/pages"}],"about":[{"href":"https:\/\/www.claude-arnaud.com\/fr\/wp-json\/wp\/v2\/types\/page"}],"author":[{"embeddable":true,"href":"https:\/\/www.claude-arnaud.com\/fr\/wp-json\/wp\/v2\/users\/1"}],"replies":[{"embeddable":true,"href":"https:\/\/www.claude-arnaud.com\/fr\/wp-json\/wp\/v2\/comments?post=5"}],"version-history":[{"count":142,"href":"https:\/\/www.claude-arnaud.com\/fr\/wp-json\/wp\/v2\/pages\/5\/revisions"}],"predecessor-version":[{"id":16521,"href":"https:\/\/www.claude-arnaud.com\/fr\/wp-json\/wp\/v2\/pages\/5\/revisions\/16521"}],"wp:attachment":[{"href":"https:\/\/www.claude-arnaud.com\/fr\/wp-json\/wp\/v2\/media?parent=5"}],"curies":[{"name":"wp","href":"https:\/\/api.w.org\/{rel}","templated":true}]}}