{"id":4842,"date":"2013-12-14T17:42:27","date_gmt":"2013-12-14T17:42:27","guid":{"rendered":"http:\/\/www.claude-arnaud.com\/fr\/?page_id=4842"},"modified":"2023-11-24T15:34:43","modified_gmt":"2023-11-24T14:34:43","slug":"qui-dit-je-en-nous-en-poche","status":"publish","type":"page","link":"https:\/\/www.claude-arnaud.com\/fr\/essais\/qui-dit-je-en-nous-presentation\/qui-dit-je-en-nous-en-poche","title":{"rendered":"Qui dit je en nous? : en poche\/ paperback (France and abroad)"},"content":{"rendered":"<h1><strong><strong><strong><strong><strong><span style=\"color: #008000;\"><a href=\"http:\/\/www.claude-arnaud.com\/fr\/wp-content\/uploads\/2013\/12\/resize.php_.jpg\"><img loading=\"lazy\" decoding=\"async\" class=\"alignleft  wp-image-4844\" title=\"resize.php\" src=\"http:\/\/www.claude-arnaud.com\/fr\/wp-content\/uploads\/2013\/12\/resize.php_.jpg\" alt=\"\" width=\"269\" height=\"436\" \/><\/a>QUI DIT JE EN NOUS? est sorti en collection de poche <\/span><\/strong><\/strong><\/strong><\/strong><\/strong><strong><strong><strong><strong><strong><span style=\"color: #008000;\"><strong><strong><strong><strong><strong><strong>Hachette\/PLURIEL <\/strong>en juin 2008<\/strong><\/strong><\/strong><\/strong><\/strong><\/span> <\/strong><\/strong><\/strong><\/strong><\/strong><\/h1>\n<h6><strong><strong><strong><strong><strong><strong><strong>*A l&rsquo;occasion de la publication de cette \u00e9dition de poche, <span style=\"color: #008000;\">Claude ARNAUD<\/span> r\u00e9pond aux question de<a href=\"http:\/\/www.claude-arnaud.com\/fr\/wp-content\/uploads\/2013\/12\/bibliobs-2.gif\"><img loading=\"lazy\" decoding=\"async\" class=\"alignright size-full wp-image-4894\" title=\"bibliobs-2\" src=\"http:\/\/www.claude-arnaud.com\/fr\/wp-content\/uploads\/2013\/12\/bibliobs-2.gif\" alt=\"\" width=\"177\" height=\"102\" \/><\/a> <span style=\"color: #008000;\">Vincent FIGUREAU<\/span> sur l&rsquo;ensemble de son travail. <a title=\"bibliobs\" href=\"http:\/\/bibliobs.nouvelobs.com\/romans\/20090324.BIB3159\/l-039-ecriture-est-une-forme-de-non-vie-sublimee.html\">Pour d\u00e9couvrir cet \u00e9change sur le site Bilbiobs&#8230;<\/a><\/strong><\/strong><\/strong><\/strong><\/strong><\/strong><\/strong><\/h6>\n<h6><strong>*Pour trouver ce livre en France (Pluriel \u00e9tant d\u00e9sormais\u00a0<\/strong><strong>abrit\u00e9 par la maison d&rsquo;\u00e9dition FAYARD)<\/strong><strong> : <a title=\"fnac\" href=\"http:\/\/livre.fnac.com\/a2229089\/Claude-Arnaud-Qui-dit-je-en-nous\" target=\"_blank\" rel=\"noopener\">www.fnac.com<\/a><\/strong><\/h6>\n<h6><a href=\"http:\/\/www.claude-arnaud.com\/fr\/wp-content\/uploads\/2010\/08\/images10.jpg\"><img loading=\"lazy\" decoding=\"async\" class=\"alignleft  wp-image-1919\" title=\"images\" src=\"http:\/\/www.claude-arnaud.com\/fr\/wp-content\/uploads\/2010\/08\/images10.jpg\" alt=\"\" width=\"131\" height=\"65\" \/><\/a>*POUR RECEVOIR CE LIVRE\u00a0EN\u00a0<a title=\"gallimard canada\" href=\"http:\/\/www.gallimardmontreal.com\/catalogue\/livre\/qui-dit-je-en-nous-une-histoire-subjective-de-l-identite-arnaud-claude-9782012793989\" target=\"_blank\" rel=\"noopener\">VERSION POCHE AU CANDA\u2026<\/a><\/h6>\n<h6><a href=\"https:\/\/www.claude-arnaud.com\/fr\/wp-content\/uploads\/2013\/11\/langfr-225px-Flag_of_Tunisia.svg_.png\"><img loading=\"lazy\" decoding=\"async\" class=\"alignleft  wp-image-5714\" src=\"https:\/\/www.claude-arnaud.com\/fr\/wp-content\/uploads\/2013\/11\/langfr-225px-Flag_of_Tunisia.svg_.png\" alt=\"\" width=\"87\" height=\"58\" \/><\/a>*Et en TUNISIE, via <a href=\"https:\/\/www.alkitab.tn\/listeliv.php?base=&amp;form_recherche_avancee=ok&amp;auteurs=Claude%20Arnaud\" target=\"_blank\" rel=\"noopener\">la librairie AL KITAB<\/a>&#8230;<\/h6>\n<h6><strong><strong><strong><strong><strong><strong><strong><strong><a href=\"http:\/\/www.claude-arnaud.com\/fr\/wp-content\/uploads\/2012\/06\/code-drapeau-americain-L-1.jpg\"><img loading=\"lazy\" decoding=\"async\" class=\"alignleft size-thumbnail wp-image-3098\" title=\"code-drapeau-americain-L-1\" src=\"http:\/\/www.claude-arnaud.com\/fr\/wp-content\/uploads\/2012\/06\/code-drapeau-americain-L-1-150x150.jpg\" alt=\"\" width=\"150\" height=\"150\" srcset=\"https:\/\/www.claude-arnaud.com\/fr\/wp-content\/uploads\/2012\/06\/code-drapeau-americain-L-1-150x150.jpg 150w, https:\/\/www.claude-arnaud.com\/fr\/wp-content\/uploads\/2012\/06\/code-drapeau-americain-L-1-48x48.jpg 48w\" sizes=\"auto, (max-width: 150px) 100vw, 150px\" \/><\/a>*POUR RECEVOIR CE LIVRE EN COLLECTION DE POCHE PLURIEL<\/strong><a href=\"https:\/\/www.amazon.com\/Qui-dit-je-en-nous\/dp\/2012793983\/ref=sr_1_1?dchild=1&amp;keywords=qui+dit+je+en+nous%3F&amp;qid=1611339191&amp;sr=8-1\" target=\"_blank\" rel=\"noopener\">\u00a0SUR LE TERRITOIRE U.S\/ GET THAT BOOK IN PAPERBACK IN THE US<\/a>\u2026<\/strong><\/strong><\/strong><\/strong><\/strong><\/strong><\/strong><\/h6>\n<h6><a href=\"https:\/\/shop.albertine.com\/livre\/9782012793989-qui-dit-je-en-nous-claude-arnaud\/\" target=\"_blank\" rel=\"noopener\">AS WELL AS<\/a>&#8230;<\/h6>\n<h6><strong><strong><strong><strong><strong><strong><strong>*<a href=\"http:\/\/www.claude-arnaud.com\/fr\/essais\/qui-dit-je-en-nous-presentation\/qui-dit-je-en-nous-a-letranger-abroad\"><span style=\"color: #888888;\">POUR EN SAVOIR PLUS<\/span>\/ READ MORE.<\/a>.. <\/strong><\/strong><\/strong><\/strong><\/strong><\/strong><\/strong><\/h6>\n","protected":false},"excerpt":{"rendered":"<p>QUI DIT JE EN NOUS? est sorti en collection de poche Hachette\/PLURIEL en juin 2008 *A l&rsquo;occasion de la publication de cette \u00e9dition de poche, Claude ARNAUD r\u00e9pond aux question de Vincent FIGUREAU sur l&rsquo;ensemble de son travail. Pour d\u00e9couvrir cet \u00e9change sur le site Bilbiobs&#8230; *Pour trouver ce livre en France (Pluriel \u00e9tant d\u00e9sormais\u00a0abrit\u00e9 [&hellip;]<\/p>\n","protected":false},"author":2,"featured_media":0,"parent":1154,"menu_order":5,"comment_status":"open","ping_status":"open","template":"","meta":{"footnotes":""},"class_list":["post-4842","page","type-page","status-publish","hentry","count-0","even alt","author-claude-arnaud","last"],"post_mailing_queue_ids":[],"_links":{"self":[{"href":"https:\/\/www.claude-arnaud.com\/fr\/wp-json\/wp\/v2\/pages\/4842","targetHints":{"allow":["GET"]}}],"collection":[{"href":"https:\/\/www.claude-arnaud.com\/fr\/wp-json\/wp\/v2\/pages"}],"about":[{"href":"https:\/\/www.claude-arnaud.com\/fr\/wp-json\/wp\/v2\/types\/page"}],"author":[{"embeddable":true,"href":"https:\/\/www.claude-arnaud.com\/fr\/wp-json\/wp\/v2\/users\/2"}],"replies":[{"embeddable":true,"href":"https:\/\/www.claude-arnaud.com\/fr\/wp-json\/wp\/v2\/comments?post=4842"}],"version-history":[{"count":21,"href":"https:\/\/www.claude-arnaud.com\/fr\/wp-json\/wp\/v2\/pages\/4842\/revisions"}],"predecessor-version":[{"id":15945,"href":"https:\/\/www.claude-arnaud.com\/fr\/wp-json\/wp\/v2\/pages\/4842\/revisions\/15945"}],"up":[{"embeddable":true,"href":"https:\/\/www.claude-arnaud.com\/fr\/wp-json\/wp\/v2\/pages\/1154"}],"wp:attachment":[{"href":"https:\/\/www.claude-arnaud.com\/fr\/wp-json\/wp\/v2\/media?parent=4842"}],"curies":[{"name":"wp","href":"https:\/\/api.w.org\/{rel}","templated":true}]}}