{"id":48,"date":"2009-05-26T19:27:25","date_gmt":"2009-05-26T17:27:25","guid":{"rendered":"http:\/\/www.claude-arnaud.com\/fr\/?page_id=48"},"modified":"2025-01-25T13:58:21","modified_gmt":"2025-01-25T12:58:21","slug":"qui-dit-je-en-nous-la-quatrieme-de-couverture","status":"publish","type":"page","link":"https:\/\/www.claude-arnaud.com\/fr\/essais\/qui-dit-je-en-nous-presentation\/qui-dit-je-en-nous-la-quatrieme-de-couverture","title":{"rendered":"Qui dit je en nous? : la quatri\u00e8me de couverture"},"content":{"rendered":"<blockquote>\n<h6><img loading=\"lazy\" decoding=\"async\" class=\"alignleft size-medium wp-image-11031\" src=\"http:\/\/www.claude-arnaud.com\/fr\/wp-content\/uploads\/2021\/01\/9782246699811-T-179x300.jpg\" alt=\"\" width=\"179\" height=\"300\" srcset=\"https:\/\/www.claude-arnaud.com\/fr\/wp-content\/uploads\/2021\/01\/9782246699811-T-179x300.jpg 179w, https:\/\/www.claude-arnaud.com\/fr\/wp-content\/uploads\/2021\/01\/9782246699811-T.jpg 600w\" sizes=\"auto, (max-width: 179px) 100vw, 179px\" \/><span style=\"color: #008000;\"><strong>Si chaque \u00e9poque se signale par<\/strong><\/span> <em>la<\/em> question qu\u2019elle se pose, nos contemporains sont tout occup\u00e9s \u00e0 se demander : <em>Qui suis-je ?<\/em><strong> L\u2019identit\u00e9<\/strong> est devenue, au fil d\u2019une \u00e9trange histoire, le probl\u00e8me essentiel de notre temps: on doit personnaliser \u00e0 tout prix son humanit\u00e9, mais on ne sait plus trop comment s\u2019y prendre\u2026<span style=\"color: #008000;\"><strong>Claude Arnaud<\/strong><\/span> le note : les grandes \u00ab fabriques \u00bb qui nous ont produits et sculpt\u00e9s depuis l\u2019Antiquit\u00e9 &#8211; <strong>la religion<\/strong>, <span style=\"color: #008000;\"><strong>la patrie<\/strong><\/span>, <strong>le milieu<\/strong>, <span style=\"color: #008000;\"><strong>le genre sexuel<\/strong><\/span>\u2026 &#8211; ont largement perdu de leur savoir-faire ; <strong>l\u2019identit\u00e9<\/strong> ne s\u2019h\u00e9rite plus trop, elle s\u2019acquiert en bricolant. <span style=\"color: #008000;\"><strong>Au \u00ab moi \u00bb imp\u00e9rial<\/strong><\/span> du XIX\u00b0 si\u00e8cle a succ\u00e9d\u00e9 l\u2019ego morcel\u00e9 et volatil du <strong>bourgeois boh\u00eame<\/strong> : la d\u00e9mocratie s\u2019est l\u00e0 aussi impos\u00e9e.<\/h6>\n<\/blockquote>\n<blockquote>\n<h6>Soulignant <span style=\"color: #008000;\"><strong>les pouvoirs de transformation du moi<\/strong><\/span>, ce livre ressuscite d\u2019\u00e9tonnantes affaires <strong>d\u2019imposture<\/strong>, <span style=\"color: #008000;\"><strong>d\u2019espionnage<\/strong><\/span> ou de <strong>d\u00e9multiplication<\/strong> : <span style=\"color: #008000;\"><strong>Martin Guerre<\/strong><\/span> ou le \u00ab mari \u00bb id\u00e9al, <strong>Binjamin Wilkomirski<\/strong>, le d\u00e9port\u00e9 imaginaire, <span style=\"color: #008000;\"><strong>Erich von Stroheim<\/strong><\/span>, l\u2019aristocrate de cellulo\u00efd, <strong>Kurt Gerstein<\/strong>, l\u2019oeil de Dieu dans la SS, <span style=\"color: #008000;\"><strong>Jean-Claude Romand<\/strong><\/span>, le dirigeant inconnu de l\u2019OMS, <strong>Michael Jackson<\/strong>, le mutant universel. Traversant all\u00e8grement les continents (litt\u00e9rature, psychanalyse, philosophie\u2026), <span style=\"color: #008000;\"><strong>Claude Arnaud<\/strong><\/span> explore les identit\u00e9s floues qui sont d\u00e9sormais les n\u00f4tres en brassant mille notions, de la conscience au \u00e7a, du self au propre.<\/h6>\n<\/blockquote>\n<blockquote>\n<h6><strong>Ne devrait-on pas dire nous autant que je ? C\u2019est la question que pose cette \u00e9pop\u00e9e subtile et passionnante.<\/strong> Elle suscite le vertige, \u00e0 force d\u2019ouvrir en nous des portes d\u00e9rob\u00e9es.<\/h6>\n<h6><strong>Pour d\u00e9couvrir <a href=\"https:\/\/theseas.reseaudoc.org\/index.php?lvl=notice_display&amp;id=1872\" target=\"_blank\" rel=\"noopener\">le sommaire de ce livre<\/a>. Pour trouver ce livre<\/strong>: <a title=\"lien Fnac\" href=\"http:\/\/www.fnac.com\/shelf\/Article.asp?PRID=1848007\" target=\"_blank\" rel=\"noopener\">www.fnac.com<\/a><\/h6>\n<\/blockquote>\n","protected":false},"excerpt":{"rendered":"<p>Si chaque \u00e9poque se signale par la question qu\u2019elle se pose, nos contemporains sont tout occup\u00e9s \u00e0 se demander : Qui suis-je ? L\u2019identit\u00e9 est devenue, au fil d\u2019une \u00e9trange histoire, le probl\u00e8me essentiel de notre temps: on doit personnaliser \u00e0 tout prix son humanit\u00e9, mais on ne sait plus trop comment s\u2019y prendre\u2026Claude Arnaud [&hellip;]<\/p>\n","protected":false},"author":1,"featured_media":0,"parent":1154,"menu_order":1,"comment_status":"open","ping_status":"open","template":"","meta":{"footnotes":""},"class_list":["post-48","page","type-page","status-publish","hentry","count-0","even alt","author-admin","last"],"post_mailing_queue_ids":[],"_links":{"self":[{"href":"https:\/\/www.claude-arnaud.com\/fr\/wp-json\/wp\/v2\/pages\/48","targetHints":{"allow":["GET"]}}],"collection":[{"href":"https:\/\/www.claude-arnaud.com\/fr\/wp-json\/wp\/v2\/pages"}],"about":[{"href":"https:\/\/www.claude-arnaud.com\/fr\/wp-json\/wp\/v2\/types\/page"}],"author":[{"embeddable":true,"href":"https:\/\/www.claude-arnaud.com\/fr\/wp-json\/wp\/v2\/users\/1"}],"replies":[{"embeddable":true,"href":"https:\/\/www.claude-arnaud.com\/fr\/wp-json\/wp\/v2\/comments?post=48"}],"version-history":[{"count":16,"href":"https:\/\/www.claude-arnaud.com\/fr\/wp-json\/wp\/v2\/pages\/48\/revisions"}],"predecessor-version":[{"id":16535,"href":"https:\/\/www.claude-arnaud.com\/fr\/wp-json\/wp\/v2\/pages\/48\/revisions\/16535"}],"up":[{"embeddable":true,"href":"https:\/\/www.claude-arnaud.com\/fr\/wp-json\/wp\/v2\/pages\/1154"}],"wp:attachment":[{"href":"https:\/\/www.claude-arnaud.com\/fr\/wp-json\/wp\/v2\/media?parent=48"}],"curies":[{"name":"wp","href":"https:\/\/api.w.org\/{rel}","templated":true}]}}