{"id":4616,"date":"2013-12-03T18:17:00","date_gmt":"2013-12-03T18:17:00","guid":{"rendered":"http:\/\/www.claude-arnaud.com\/fr\/?page_id=4616"},"modified":"2023-03-10T01:09:52","modified_gmt":"2023-03-10T00:09:52","slug":"proust-contre-cocteau-la-4-de-couverture","status":"publish","type":"page","link":"https:\/\/www.claude-arnaud.com\/fr\/essais\/proust-contre-cocteau\/proust-contre-cocteau-la-4-de-couverture","title":{"rendered":"Proust contre Cocteau : la quatri\u00e8me de couverture"},"content":{"rendered":"<h6>\u00ab\u00a0<strong>Peu d\u2019\u00e9crivains se sont autant aim\u00e9s, envi\u00e9s et jalous\u00e9s que<\/strong> <strong>Proust<\/strong> et <span style=\"color: #008000;\"><strong>Cocteau<\/strong><\/span>. Tr\u00e8s peu \u00e9tablirent une relation affective et sensible aussi riche,<a href=\"http:\/\/www.claude-arnaud.com\/fr\/wp-content\/uploads\/2013\/07\/images.jpg\"><img loading=\"lazy\" decoding=\"async\" class=\"alignright size-full wp-image-4094\" title=\"images\" src=\"http:\/\/www.claude-arnaud.com\/fr\/wp-content\/uploads\/2013\/07\/images.jpg\" alt=\"\" width=\"183\" height=\"275\" \/><\/a> on l\u2019ignore parfois. Tel un fr\u00e8re \u00e9lev\u00e9 une g\u00e9n\u00e9ration plus t\u00f4t, <span style=\"color: #008000;\"><strong>Proust<\/strong><\/span> montrait une admiration sans borne pour ce <strong>cadet<\/strong> qui le faisait <span style=\"color: #008000;\"><strong>rire aux larmes<\/strong><\/span> et manifestait \u00e0 20 ans le brio et la facilit\u00e9 qui lui manquaient encore, \u00e0 pr\u00e8s de 40 ans. Il l\u2019aima d\u2019un <strong>amour impossible<\/strong> <strong>et frustrant<\/strong>, comme tant d\u2019autres avant lui\u2026 Comment la situation s\u2019est-elle retourn\u00e9e ?<\/h6>\n<h6>Pourquoi <span style=\"color: #008000;\"><strong>Proust<\/strong><\/span> p\u00e8se-t-il tant sur un paysage litt\u00e9raire que <strong>Cocteau<\/strong> semble toujours traverser, un si\u00e8cle plus tard ? Aurait-il contribu\u00e9 \u00e0 lui nuire\u2026 <strong>Le premier des autofictionneurs<\/strong> aurait-il eu besoin d\u2019\u00e9liminer ses mod\u00e8les ? V\u00e9n\u00e9rons le saint litt\u00e9raire, apprenons \u00e0 conna\u00eetre <span style=\"color: #008000;\"><strong>l\u2019assassin<\/strong><\/span>.\u00a0\u00bb <a title=\"fnac\" href=\"http:\/\/livre.fnac.com\/a5973200\/Claude-Arnaud-Proust-contre-Cocteau\" target=\"_blank\" rel=\"noopener\">Pour trouver ce livre, version papier ou \u00e9lectronique&#8230;<\/a><\/h6>\n<h6><em><strong>*<a title=\"pc\" href=\"http:\/\/www.claude-arnaud.com\/fr\/essais\/proust-contre-cocteau\">Proust contre Cocteau<\/a><\/strong><\/em>\u2026.<\/h6>\n<h6>*<a title=\"pc en France\" href=\"http:\/\/www.claude-arnaud.com\/fr\/essais\/proust-contre-cocteau\/proust-contre-cocteau-en-france\"><strong><em>Proust contre Cocteau :<\/em><\/strong>\u00a0en FRANCE<\/a>\u2026<\/h6>\n<h6>*<a title=\"cp abroad\" href=\"http:\/\/www.claude-arnaud.com\/fr\/essais\/proust-contre-cocteau\/proust-contre-cocteau-abroad-a-letranger\"><em><strong>Proust contre Cocteau\u00a0<\/strong>:\u00a0<\/em>abroad\/ \u00e0 l\u2019\u00e9tranger.<em>..<\/em><\/a><\/h6>\n<h6>*<a title=\"pc daisy\" href=\"http:\/\/www.claude-arnaud.com\/fr\/essais\/proust-contre-cocteau\/proust-contre-cocteau-en-pdf-en-daisy-teste-et-daisy-voix-de-synthese\"><em><strong>Proust contre Cocteau<\/strong><\/em>\u00a0: en version Daisy texte et voix de synth\u00e8se<\/a>\u2026<\/h6>\n","protected":false},"excerpt":{"rendered":"<p>\u00ab\u00a0Peu d\u2019\u00e9crivains se sont autant aim\u00e9s, envi\u00e9s et jalous\u00e9s que Proust et Cocteau. Tr\u00e8s peu \u00e9tablirent une relation affective et sensible aussi riche, on l\u2019ignore parfois. Tel un fr\u00e8re \u00e9lev\u00e9 une g\u00e9n\u00e9ration plus t\u00f4t, Proust montrait une admiration sans borne pour ce cadet qui le faisait rire aux larmes et manifestait \u00e0 20 ans le [&hellip;]<\/p>\n","protected":false},"author":2,"featured_media":0,"parent":4376,"menu_order":0,"comment_status":"open","ping_status":"open","template":"","meta":{"footnotes":""},"class_list":["post-4616","page","type-page","status-publish","hentry","count-0","even alt","author-claude-arnaud","last"],"post_mailing_queue_ids":[],"_links":{"self":[{"href":"https:\/\/www.claude-arnaud.com\/fr\/wp-json\/wp\/v2\/pages\/4616","targetHints":{"allow":["GET"]}}],"collection":[{"href":"https:\/\/www.claude-arnaud.com\/fr\/wp-json\/wp\/v2\/pages"}],"about":[{"href":"https:\/\/www.claude-arnaud.com\/fr\/wp-json\/wp\/v2\/types\/page"}],"author":[{"embeddable":true,"href":"https:\/\/www.claude-arnaud.com\/fr\/wp-json\/wp\/v2\/users\/2"}],"replies":[{"embeddable":true,"href":"https:\/\/www.claude-arnaud.com\/fr\/wp-json\/wp\/v2\/comments?post=4616"}],"version-history":[{"count":9,"href":"https:\/\/www.claude-arnaud.com\/fr\/wp-json\/wp\/v2\/pages\/4616\/revisions"}],"predecessor-version":[{"id":15068,"href":"https:\/\/www.claude-arnaud.com\/fr\/wp-json\/wp\/v2\/pages\/4616\/revisions\/15068"}],"up":[{"embeddable":true,"href":"https:\/\/www.claude-arnaud.com\/fr\/wp-json\/wp\/v2\/pages\/4376"}],"wp:attachment":[{"href":"https:\/\/www.claude-arnaud.com\/fr\/wp-json\/wp\/v2\/media?parent=4616"}],"curies":[{"name":"wp","href":"https:\/\/api.w.org\/{rel}","templated":true}]}}