{"id":44,"date":"2009-05-26T19:25:21","date_gmt":"2009-05-26T17:25:21","guid":{"rendered":"http:\/\/www.claude-arnaud.com\/fr\/?page_id=44"},"modified":"2023-04-23T18:11:37","modified_gmt":"2023-04-23T17:11:37","slug":"cocteau-a-letranger-cocteau-abroad","status":"publish","type":"page","link":"https:\/\/www.claude-arnaud.com\/fr\/biographies\/la-quatrieme-de-couverture\/cocteau-a-letranger-cocteau-abroad","title":{"rendered":"Cocteau : abroad\/ \u00e0 l&rsquo;\u00e9tranger"},"content":{"rendered":"<h6><span style=\"color: #008000;\"><strong><img loading=\"lazy\" decoding=\"async\" class=\"alignleft size-medium wp-image-3709\" src=\"http:\/\/www.claude-arnaud.com\/fr\/wp-content\/uploads\/2013\/07\/product_9782070752331_195x320-187x300.jpg\" alt=\"\" width=\"187\" height=\"300\" srcset=\"https:\/\/www.claude-arnaud.com\/fr\/wp-content\/uploads\/2013\/07\/product_9782070752331_195x320-187x300.jpg 187w, https:\/\/www.claude-arnaud.com\/fr\/wp-content\/uploads\/2013\/07\/product_9782070752331_195x320.jpg 195w\" sizes=\"auto, (max-width: 187px) 100vw, 187px\" \/>Foreign rights<\/strong> :<\/span> <strong>Anne-Solange Noble, GALLIMARD<\/strong>. <span style=\"color: #008000;\"><strong>Phone: 00331 49544356,<\/strong><\/span><\/h6>\n<h6><span style=\"color: #008000;\"><strong>fax: 00331 45449403<\/strong><\/span>, <strong>e-mail :<\/strong><\/h6>\n<h6><strong><a title=\"lien anne-s noble\" href=\"mailto:anne-solange.noble@gallimard.fr\" target=\"_blank\" rel=\"noopener\">anne-solange.noble@gallimard.fr<\/a><\/strong><\/h6>\n<h6><span style=\"color: #008000;\"><strong>A l\u2019\u00e9tranger aussi, les r\u00e9actions \u00e0 Ce <span style=\"color: #000000;\">\u00ab\u00a0Cocteau\u00a0\u00bb<\/span> ont \u00e9t\u00e9 enthousiastes<\/strong> <\/span><\/h6>\n<h6><img loading=\"lazy\" decoding=\"async\" class=\"alignleft  wp-image-10871\" src=\"http:\/\/www.claude-arnaud.com\/fr\/wp-content\/uploads\/2021\/01\/Drapeau-belge-300x201.jpg\" alt=\"\" width=\"72\" height=\"48\" srcset=\"https:\/\/www.claude-arnaud.com\/fr\/wp-content\/uploads\/2021\/01\/Drapeau-belge-300x201.jpg 300w, https:\/\/www.claude-arnaud.com\/fr\/wp-content\/uploads\/2021\/01\/Drapeau-belge.jpg 492w\" sizes=\"auto, (max-width: 72px) 100vw, 72px\" \/>\u00ab <strong>Un biographe a r\u00e9solu l\u2019\u00e9nigme<\/strong> de ce <strong><span style=\"color: #008000;\">sphinx<\/span> aux mille secrets<\/strong>. <span style=\"color: #008000;\"><strong>Claude Arnaud<\/strong><\/span>, <strong>il faut le proclamer tr\u00e8s haut<\/strong>, a men\u00e9 une gigantesque enqu\u00eate \u00e0 son propos, et en a tir\u00e9 <strong>un livre magistral\u2026<span style=\"color: #008000;\">(qui) se lit comme un roman<\/span><\/strong> \u00bb. <span style=\"color: #008000;\"><strong>Jacques de Decker<\/strong><\/span>, <em><strong>Le Soir<\/strong><\/em> (Bruxelles) 10.09.2003.<\/h6>\n<blockquote>\n<h6><strong>D\u2019une minutie d\u2019arch\u00e9ologue assyrien<\/strong> dans le relev\u00e9 des variations et m\u00e9andres <span style=\"color: #008000;\"><strong>d\u2019un esprit en perp\u00e9tuelle <span style=\"color: #333300;\">\u00e9volution<\/span><\/strong><\/span>, (<span style=\"color: #008000;\"><strong>Claude Arnaud<\/strong><\/span>) parvient \u00e0 reconstituer ses \u00e9tats d\u2019\u00e2me <strong>comme s\u2019il savait mieux que lui ce que <span style=\"color: #008000;\">Cocteau<\/span> avait pu \u00e9prouver et penser<\/strong> \u00bb. <span style=\"color: #008000;\"><strong>Jacques Frank<\/strong><\/span>, <em><strong>Libre Belgique<\/strong><\/em>, 25.06.2004 &amp; 29.08.2003.<\/h6>\n<\/blockquote>\n<blockquote>\n<h6><img loading=\"lazy\" decoding=\"async\" class=\"alignleft  wp-image-10987\" src=\"http:\/\/www.claude-arnaud.com\/fr\/wp-content\/uploads\/2021\/01\/langfr-225px-Flag_of_Switzerland_Pantone.svg_-1.png\" alt=\"\" width=\"81\" height=\"81\" srcset=\"https:\/\/www.claude-arnaud.com\/fr\/wp-content\/uploads\/2021\/01\/langfr-225px-Flag_of_Switzerland_Pantone.svg_-1.png 225w, https:\/\/www.claude-arnaud.com\/fr\/wp-content\/uploads\/2021\/01\/langfr-225px-Flag_of_Switzerland_Pantone.svg_-1-150x150.png 150w\" sizes=\"auto, (max-width: 81px) 100vw, 81px\" \/>\u00ab En se gardant de l\u2019hagiographie, <span style=\"color: #008000;\"><strong>Claude Arnaud<\/strong><\/span> a le grand m\u00e9rite, <strong>dans une enqu\u00eate biographique extr\u00eamement fouill\u00e9e <span style=\"color: #008000;\">\u00e0 valeur de fresque d\u2019\u00e9poqu<\/span><\/strong><span style=\"color: #008000;\">e<\/span>, de nous montrer patiemment (\u2026) en quoi r\u00e9side <strong>la valeur effective de l\u2019\u00e9crivai<\/strong>n \u00bb.<span style=\"color: #008000;\"><strong>Jean-Louis Kuffer<\/strong><\/span>, <em><strong>24 Heures<\/strong> <\/em>(Suisse), <strong>11.10.2003<\/strong>.<\/h6>\n<h6><img loading=\"lazy\" decoding=\"async\" class=\"alignleft  wp-image-6444\" src=\"http:\/\/www.claude-arnaud.com\/fr\/wp-content\/uploads\/2016\/01\/tf1-lci-le-drapeau-du-canada-2244816_1713-300x169.jpg\" alt=\"\" width=\"138\" height=\"78\" srcset=\"https:\/\/www.claude-arnaud.com\/fr\/wp-content\/uploads\/2016\/01\/tf1-lci-le-drapeau-du-canada-2244816_1713-300x169.jpg 300w, https:\/\/www.claude-arnaud.com\/fr\/wp-content\/uploads\/2016\/01\/tf1-lci-le-drapeau-du-canada-2244816_1713.jpg 620w\" sizes=\"auto, (max-width: 138px) 100vw, 138px\" \/>\u00ab <span style=\"color: #008000;\"><strong>Un ouvrage remarquable<\/strong><\/span>\u2026une approche <strong>compr\u00e9hensive<\/strong>, <strong><span style=\"color: #008000;\">d\u00e9licate<\/span><\/strong> et <strong>juste<\/strong> \u00bb<span style=\"color: #008000;\"><strong>. Robert L\u00e9vesque<\/strong><\/span>, <strong><em>Ici<\/em>,<\/strong> Montr\u00e9al, 16.10.2003. Pour lire l&rsquo;article en ligne que ce critique a donn\u00e9 <a href=\"https:\/\/revue.leslibraires.ca\/chroniques\/litterature-etrangere\/jean-cocteau-l-oiseau-sans-pattes\/\" target=\"_blank\" rel=\"noopener\">\u00e0 la revue Les Libraires&#8230;<\/a><span class=\"removed_link\" title=\"http:\/\/www.lelibraire.org\/chronique.asp?cat=11&amp;id=94\">\u00a0<\/span>\u00ab J\u2019ai ador\u00e9 ce portrait d\u2019une \u00e9poque \u00bb. <span style=\"color: #008000;\"><strong>Bernard Robitaille<\/strong><\/span>, en d\u00e9cernant ***** au livre in<em> <strong>La Presse<\/strong><\/em>, Montr\u00e9al, 19.10.2003.\u00a0 Pour lire l\u2019article en ligne de <span style=\"color: #008000;\"><strong>T.Malavoy-Racine<\/strong><\/span> dans<a title=\"lien Racine\" href=\"http:\/\/voir.ca\/livres\/2004\/05\/12\/claude-arnaud-biographe-la-maison-etrangere\/\" target=\"_blank\" rel=\"noopener\"><em> Voir<\/em>\u2026 <\/a>\u00ab\u00a0<strong>En refermant ce <span style=\"color: #008000;\">monument<\/span><\/strong> auquel <span style=\"color: #008000;\"><strong>Claude ARNAUD<\/strong><\/span> a consacr\u00e9 quatre ann\u00e9es d&rsquo;un travail minutieux, on a l&rsquo;impression d&rsquo;avoir non seulement appris <strong><span style=\"color: #008000;\">\u00e0 mieux comprendre <span style=\"color: #333300;\">l&rsquo;oeuvre<\/span> d&rsquo;un surdou\u00e9 prolifique<\/span><\/strong>, <strong>mais aussi refait avec lui, quarante ans apr\u00e8s sa disparition, <span style=\"color: #008000;\">l&rsquo;exp\u00e9rience de la confrontation \u00e0 son destin<\/span>\u00ab\u00a0<\/strong>, \u00e9crit <strong>Jean Claude GAGNON<\/strong> sur le site de la revue <em>Qu\u00e9bec fran\u00e7ais<\/em>. Pour trouver ce livre <a title=\"pantoute\" href=\"http:\/\/pantoute.leslibraires.ca\/livres\/jean-cocteau-claude-arnaud-9782070752331.html\" target=\"_blank\" rel=\"noopener\">au Canada<\/a>&#8230; &#8230;<a title=\"gallimard canada\" href=\"http:\/\/www.gallimardmontreal.com\/catalogue\/livre\/jean-cocteau-arnaud-claude-9782070752331\">et encore&#8230;<\/a><\/h6>\n<h6><img loading=\"lazy\" decoding=\"async\" class=\"alignleft  wp-image-10981\" src=\"http:\/\/www.claude-arnaud.com\/fr\/wp-content\/uploads\/2021\/01\/tara-300x200.gif\" alt=\"\" width=\"99\" height=\"66\" \/>\u00ab Truff\u00e9e d\u2019anecdotes savoureuses, <strong>l\u2019\u0153uvre se lit avec autant de plaisir que de facilit\u00e9<\/strong> \u00bb. <span style=\"color: #008000;\"><strong>Eddy Batache<\/strong><\/span>, <em><strong>Cedrus Libani<\/strong><\/em> n\u00b068, Beyrouth, oct.2003. <a title=\"inst fran\u00e7ais Beyrouth\" href=\"http:\/\/beyrouth.opac3d.fr\/s\/search.php?action=Record&amp;id=tripoli_X75989\" target=\"_blank\" rel=\"noopener\">Pour trouver ce livre au Liban&#8230;<\/a><\/h6>\n<h6><a href=\"http:\/\/www.claude-arnaud.com\/fr\/wp-content\/uploads\/2017\/09\/drapeau-tunisie.jpg\" rel=\"group-3group-3\"><img loading=\"lazy\" decoding=\"async\" class=\"\" title=\"drapeau-tunisie\" src=\"http:\/\/www.claude-arnaud.com\/fr\/wp-content\/uploads\/2017\/09\/drapeau-tunisie-150x150.jpg\" alt=\"\" width=\"97\" height=\"97\" \/><\/a><strong>*ET en<\/strong> <span style=\"color: #008000;\"><strong>tunisie<\/strong>, via la <\/span><a title=\"al kitab\" href=\"https:\/\/www.alkitab.tn\/listeliv.php?base=&amp;form_recherche_avancee=ok&amp;auteurs=Claude%20Arnaud\" target=\"_blank\" rel=\"noopener\">librairie Al kitab<\/a>\u2026<\/h6>\n<h6><span style=\"color: #008000;\"><strong><a href=\"http:\/\/www.claude-arnaud.com\/fr\/wp-content\/uploads\/2013\/03\/drapeau-portugal.jpg\"><img loading=\"lazy\" decoding=\"async\" class=\"alignleft  wp-image-4668\" title=\"drapeau-portugal\" src=\"http:\/\/www.claude-arnaud.com\/fr\/wp-content\/uploads\/2013\/03\/drapeau-portugal-150x150.jpg\" alt=\"\" width=\"88\" height=\"88\" srcset=\"https:\/\/www.claude-arnaud.com\/fr\/wp-content\/uploads\/2013\/03\/drapeau-portugal-150x150.jpg 150w, https:\/\/www.claude-arnaud.com\/fr\/wp-content\/uploads\/2013\/03\/drapeau-portugal-48x48.jpg 48w, https:\/\/www.claude-arnaud.com\/fr\/wp-content\/uploads\/2013\/03\/drapeau-portugal.jpg 200w\" sizes=\"auto, (max-width: 88px) 100vw, 88px\" \/><\/a>*POUR TROUVER CETTE BIOGRAPHIE<\/strong><\/span> <a href=\"https:\/\/www.wook.pt\/ebook\/jean-cocteau-claude-arnaud\/18683974\" target=\"_blank\" rel=\"noopener\">AU PORTUGAL<\/a>&#8230; Ou <a href=\"https:\/\/www.bertrand.pt\/livro\/jean-cocteau-claude-arnaud\/7657288\" target=\"_blank\" rel=\"noopener\">encore<\/a>&#8230;<\/h6>\n<h6>&#8230;ET A<a href=\"https:\/\/www.facebook.com\/livrariafrancesasantoandre\/\" target=\"_blank\" rel=\"noopener\">U BRESIL<\/a>&#8230;<a href=\"http:\/\/www.claude-arnaud.com\/fr\/wp-content\/uploads\/2013\/07\/drapeau-bresil.jpg\">\u00a0\u00bb <\/a>A ideia da escrita biogr\u00e1fica como ato de devora\u00e7\u00e3o antropof\u00e1gica \u00e9 de <span style=\"color: #008000;\">Claude Arnaud<\/span>, bi\u00f3grafo de Jean Cocteau, scrive Lira Neto im Diario do Nordeste: \u201cDevoro a l\u00edngua e o tutano, o cora\u00e7\u00e3o e os miolos [do biografado]. Depois desse festim, sei mais sobre ele do que sobre aqueles e aquelas com quem convivi\u201d. Por sua vez, foi <span style=\"color: #008000;\">Roger Dadoun<\/span>, bi\u00f3grafo de Freud, quem prop\u00f4s a imagem do escritor de biografias como algu\u00e9m que tenta se apossar do biografado, mas, em meio \u00e0 complexidade da empreitada, <span style=\"color: #008000;\">acaba por ser possu\u00eddo por ele<\/span> \u2013 tornando-se seu hospedeiro. \u201cComo tudo que vai e volta, a possess\u00e3o se exerce igualmente em sentido contr\u00e1rio, numa rela\u00e7\u00e3o de reciprocidade\u201d.<span style=\"color: #008000;\"> As met\u00e1foras de Cocteau e Dadoun<\/span>,<a href=\"https:\/\/diariodonordeste.verdesmares.com.br\/opiniao\/colunistas\/lira-neto\/estou-escrevendo-nova-biografia-e-fascinante-e-aterrador-1.3231812\" target=\"_blank\" rel=\"noopener\"> a respeito da biografia como festim antropof\u00e1gico e ritual de possess\u00e3o<\/a>&#8230;<\/h6>\n<h6><a href=\"http:\/\/www.claude-arnaud.com\/fr\/wp-content\/uploads\/2013\/07\/drapeau-bresil.jpg\"><img loading=\"lazy\" decoding=\"async\" class=\"aligncenter  wp-image-4275\" title=\"drapeau-bresil\" src=\"http:\/\/www.claude-arnaud.com\/fr\/wp-content\/uploads\/2013\/07\/drapeau-bresil-300x210.jpg\" alt=\"\" width=\"127\" height=\"88\" srcset=\"https:\/\/www.claude-arnaud.com\/fr\/wp-content\/uploads\/2013\/07\/drapeau-bresil-300x210.jpg 300w, https:\/\/www.claude-arnaud.com\/fr\/wp-content\/uploads\/2013\/07\/drapeau-bresil.jpg 450w\" sizes=\"auto, (max-width: 127px) 100vw, 127px\" \/><\/a><\/h6>\n<\/blockquote>\n<blockquote>\n<h6><strong><img loading=\"lazy\" decoding=\"async\" class=\"alignleft size-full wp-image-1426\" src=\"http:\/\/www.claude-arnaud.com\/fr\/wp-content\/uploads\/2009\/05\/cocteau.jpg\" alt=\"\" width=\"170\" height=\"260\" srcset=\"https:\/\/www.claude-arnaud.com\/fr\/wp-content\/uploads\/2009\/05\/cocteau.jpg 170w, https:\/\/www.claude-arnaud.com\/fr\/wp-content\/uploads\/2009\/05\/cocteau-98x150.jpg 98w\" sizes=\"auto, (max-width: 170px) 100vw, 170px\" \/><img loading=\"lazy\" decoding=\"async\" class=\"alignleft size-full wp-image-1951\" src=\"http:\/\/www.claude-arnaud.com\/fr\/wp-content\/uploads\/2010\/08\/allemagne_drapeau.gif\" alt=\"\" width=\"119\" height=\"80\" \/>Deutschspr\u00e4chen Lander<\/strong><\/h6>\n<\/blockquote>\n<blockquote>\n<h6>\u00ab Eine monumentale Biographie \u00bb. <span style=\"color: #008000;\">Joseph Hanimann<\/span>, <em><strong>Frankfurter Allgemeine Zeitung<\/strong><\/em>, 16. 10. 2003.<\/h6>\n<h6><a href=\"http:\/\/www.claude-arnaud.com\/fr\/wp-content\/uploads\/2013\/11\/255px-Flag_of_France.svg_-150x150.png\"><img loading=\"lazy\" decoding=\"async\" class=\"alignleft  wp-image-8937\" title=\"255px-Flag_of_France.svg_-150x150\" src=\"http:\/\/www.claude-arnaud.com\/fr\/wp-content\/uploads\/2013\/11\/255px-Flag_of_France.svg_-150x150.png\" alt=\"\" width=\"54\" height=\"54\" srcset=\"https:\/\/www.claude-arnaud.com\/fr\/wp-content\/uploads\/2013\/11\/255px-Flag_of_France.svg_-150x150.png 150w, https:\/\/www.claude-arnaud.com\/fr\/wp-content\/uploads\/2013\/11\/255px-Flag_of_France.svg_-150x150-48x48.png 48w\" sizes=\"auto, (max-width: 54px) 100vw, 54px\" \/><\/a>\u00ab\u00a0<strong><span style=\"color: #008000;\">UNE BIOGRAPHIE monumentale<\/span><\/strong>\u00ab\u00a0, joseph hanimann,\u00a0<em><strong>FRANKFURTER ALLGEMEINE ZEITUNG<\/strong><\/em>, 16. 10. 2003.<\/h6>\n<\/blockquote>\n<blockquote>\n<h6><img loading=\"lazy\" decoding=\"async\" class=\"alignleft  wp-image-10987\" src=\"http:\/\/www.claude-arnaud.com\/fr\/wp-content\/uploads\/2021\/01\/langfr-225px-Flag_of_Switzerland_Pantone.svg_-1.png\" alt=\"\" width=\"104\" height=\"104\" srcset=\"https:\/\/www.claude-arnaud.com\/fr\/wp-content\/uploads\/2021\/01\/langfr-225px-Flag_of_Switzerland_Pantone.svg_-1.png 225w, https:\/\/www.claude-arnaud.com\/fr\/wp-content\/uploads\/2021\/01\/langfr-225px-Flag_of_Switzerland_Pantone.svg_-1-150x150.png 150w\" sizes=\"auto, (max-width: 104px) 100vw, 104px\" \/>\u00ab Ungleich zeitaufwendiger, aber auch ungleich lohnender ist da die Lekt\u00fcre von <span style=\"color: #008000;\"><strong>Claude Arnauds<\/strong><\/span> neuer Biografie \u2013 der ersten seit dreissig Jahren und wie die Ausstellung eine Hommage zu <strong><span style=\"color: #008000;\">Cocteaus<\/span> <\/strong>40. Todestag. Der Schriftsteller une Literaturkritiker weiss seine sp\u00fcrbare Empathie durch einen sanften, oftmals k\u00f6stlich ironischen Humor zu temperieren un einen genuin literarischen Stil mit akribischer Dokumentation zu verbinden. Untr\u00fcgliches Zeichen : Die Lekt\u00fcre fesselt von der ersten bis zur lezten Seite. <strong><span style=\"color: #008000;\">Cocteaus<\/span><\/strong> Vita erscheint als ein eigentlicher Roman, als eine pikareske Folge von Begegnungen mit schr\u00e4gen und\/oder schillernden Figuren \u00fcber dem Basso continuo eines febrilen existenziellen Unwohlseins. \u00bb <span style=\"color: #008000;\"><strong>Marc Zitzmann<\/strong><\/span>,<em> <strong>Neue Z\u00fcrcher Zeitung<\/strong><\/em>, 22.10.2003.<\/h6>\n<h6>*\u00ab <strong>UMSO EMPFEHLENSWERTER IST ALS KORREKTIV ZU DIESER AUF ZUSAMMENH\u00c4NGE WEITGEHEND VERZICHTENDEN LEISTUNGSSCHAU <span style=\"color: #008000;\">DIE BRILLANTE BIOGRAFIE VON<\/span><\/strong><span style=\"color: #008000;\">\u00a0<strong>CLAUDE ARNAUD<\/strong>,<\/span> DER AUF \u00dcBER 800 SEITEN DIESES LEBEN EINES RUHELOSEN, <strong>IN ZAHLLOSEN MESKEN AUFTRETENDEN PROTEUS <span style=\"color: #008000;\">NACHZEICHNET UND GLEICHZEITIG EINE FASZINIERENDE GESCHICHTE DES FRANZ\u00d6SISCHEN K\u00dcLTURLEBENS ZWISCHEN<\/span> 1910 UND 1960 VERFASST HAT<\/strong> \u00bb.\u00a0<span style=\"color: #008000;\"><strong>ALEXANDER SURY<\/strong><\/span>,\u00a0<em><strong>DER BUND<\/strong><\/em>\u00a0(SCHWEIZ), 01.11.2003.<\/h6>\n<h6><a href=\"http:\/\/www.claude-arnaud.com\/fr\/wp-content\/uploads\/2013\/11\/255px-Flag_of_France.svg_-150x150.png\"><img loading=\"lazy\" decoding=\"async\" class=\"alignleft  wp-image-8937\" title=\"255px-Flag_of_France.svg_-150x150\" src=\"http:\/\/www.claude-arnaud.com\/fr\/wp-content\/uploads\/2013\/11\/255px-Flag_of_France.svg_-150x150.png\" alt=\"\" width=\"72\" height=\"72\" srcset=\"https:\/\/www.claude-arnaud.com\/fr\/wp-content\/uploads\/2013\/11\/255px-Flag_of_France.svg_-150x150.png 150w, https:\/\/www.claude-arnaud.com\/fr\/wp-content\/uploads\/2013\/11\/255px-Flag_of_France.svg_-150x150-48x48.png 48w\" sizes=\"auto, (max-width: 72px) 100vw, 72px\" \/><\/a>*\u00ab<strong>la lecture de la nouvelle biographie de cocteau <span style=\"color: #008000;\">par claude arnaud<\/span><\/strong>, la premi\u00e8re depuis trente ans, et la fa\u00e7on dont l&rsquo;exposition (du centre pompidou) rend hommage \u00e0 <strong>Cocteau<\/strong>, 40 ans apr\u00e8s sA MORT, <strong><span style=\"color: #008000;\">ne prend pas le m\u00eame temps, mais est aussi autrement gratifiante<\/span><\/strong>. L&rsquo;\u00e9crivain et critique litt\u00e9raire sait temp\u00e9rer <strong>son empathie palpable<\/strong> avec un humour doux, <span style=\"color: #008000;\"><strong>souvent d\u00e9licieusement ironique,<\/strong><\/span> et combiner un style v\u00e9ritablement litt\u00e9raire avec une documentation m\u00e9ticuleuse. Crit\u00e8re incomparable: <strong>la lecture captive de la premi\u00e8re \u00e0 la derni\u00e8re page.<\/strong> <strong><span style=\"color: #008000;\">la vie de Cocteau appara\u00eet comme un roman vrai,<\/span> une suite picaresque de rencontres avec des figures obliques et\/ou iris\u00e9es <span style=\"color: #008000;\">sur la basse continue d&rsquo;un mal-\u00eatre existentiel <span style=\"color: #333300;\">fait de f\u00e9brilit\u00e9.\u00a0<\/span>\u00ab\u00a0<strong>MARC ZITZMANN<\/strong>,<em>\u00a0<strong>NEUE Z\u00dcRCHER ZEITUNG<\/strong><\/em>, 22.10.2003.<\/span><\/strong><\/h6>\n<h6><img loading=\"lazy\" decoding=\"async\" class=\"alignleft  wp-image-8937\" src=\"http:\/\/www.claude-arnaud.com\/fr\/wp-content\/uploads\/2013\/11\/255px-Flag_of_France.svg_-150x150.png\" alt=\"\" width=\"79\" height=\"79\" srcset=\"https:\/\/www.claude-arnaud.com\/fr\/wp-content\/uploads\/2013\/11\/255px-Flag_of_France.svg_-150x150.png 150w, https:\/\/www.claude-arnaud.com\/fr\/wp-content\/uploads\/2013\/11\/255px-Flag_of_France.svg_-150x150-48x48.png 48w\" sizes=\"auto, (max-width: 79px) 100vw, 79px\" \/>*<strong>D&rsquo;AUTANT\u00a0PLUS\u00a0RECOMMANDABLE\u00a0<span style=\"color: #008000;\">EST\u00a0LA\u00a0BRILLANTE\u00a0BIOGRAPHIE\u00a0DE<\/span> CLAUDE ARNAUD<\/strong>, QUI RETRACE SUR PLUS DE 800 PAGES CETTE VIE <strong><span style=\"color: #008000;\">D&rsquo;UN\u00a0PROT\u00c9e\u00a0AGIT\u00c9\u00a0APPARAISSANT\u00a0sous\u00a0D&rsquo;INNOMBRABLES\u00a0Masques<\/span><\/strong> ET qui est EN M\u00caME TEMPS\u00a0<strong>UNE\u00a0HISTOIRE\u00a0FASCINANTE\u00a0<span style=\"color: #008000;\">De la vie cuLTURelle fran\u00e7aise\u00a0<\/span>FRAN\u00c7AIS\u00a0ENTRE\u00a01910\u00a0ET\u00a01960<\/strong>\u00ab\u00a0.\u00a0<span style=\"color: #008000;\"><strong>ALEXANDER SURY<\/strong><\/span>,\u00a0<em><strong>DER BUND<\/strong><\/em>\u00a0, 01.11.2003<img loading=\"lazy\" decoding=\"async\" class=\"alignleft size-full wp-image-1951\" src=\"http:\/\/www.claude-arnaud.com\/fr\/wp-content\/uploads\/2010\/08\/allemagne_drapeau.gif\" alt=\"\" width=\"119\" height=\"80\" \/><\/h6>\n<\/blockquote>\n<blockquote>\n<h6><span style=\"color: #008000;\"><strong><img loading=\"lazy\" decoding=\"async\" class=\"alignleft size-full wp-image-1426\" src=\"http:\/\/www.claude-arnaud.com\/fr\/wp-content\/uploads\/2009\/05\/cocteau.jpg\" alt=\"\" width=\"170\" height=\"260\" srcset=\"https:\/\/www.claude-arnaud.com\/fr\/wp-content\/uploads\/2009\/05\/cocteau.jpg 170w, https:\/\/www.claude-arnaud.com\/fr\/wp-content\/uploads\/2009\/05\/cocteau-98x150.jpg 98w\" sizes=\"auto, (max-width: 170px) 100vw, 170px\" \/>*Leisen ein Auszung<\/strong><\/span> : \u00ab\u00a0Die w\u00e4hrend des Krieges wiederentdeckten M\u00e4rchen begl\u00fcckten Cocteau mehr denn\u00a0 je. Es war ein wahrhaft sinnlicher, geradezu f\u00f6taler Lesegenuss, nicht allein weil man durch\u00a0 die M\u00e4rchen in die Kindheit zur\u00fcckversetzt wurde, sondern weil in ihnen alles Leben vom\u00a0 Wunderbaren umflutet war. Katern war es m\u00f6glich in Marquiskleidern umherzustolzieren,\u00a0 und ungeliebten Prinzessinnen f\u00fcr eine kleine Ewigkeit in Schlaf zu versinken, bevor sie noch\u00a0 bl\u00fchender wieder aufwachten, als sie es zum Zeitpunkt ihres Dahinschlummerns gewesen\u00a0 waren. Menschen und Tiere waren mit\u00a0 geheimnisvollen F\u00e4higkeiten ausgestattet und verf\u00fcgten \u00fcber jene Verwandlungsgabe, die auch sein eigenes Leben gewisserma\u00dfen zum M\u00e4rchen\u00a0 gemacht hatte, ohne dass man ihnen aber deswegen je den geringsten Vorwurf machte: Welches Land konnte es mit diesem Reich aufnehmen, in dem es ganz kleine D\u00e4umlinge dank\u00a0 einer Mischung aus List und Arglosigkeit fertig brachten, furchterregende Menschenfresser zu\u00a0 erschlagen. Solche Geschichten hatten noch einen weiteren Vorteil: Sie waren fr\u00f6hlich und\u00a0 stimmten heiter. Sosehr die Mythen eine pessimistische und aristokratische Sicht der Welt an\u00a0 den Tag legen, sosehr nehmen die M\u00e4rchen und Sagen rasch eine optimistische und demokratische Wendung. Sie zeigen Sch\u00e4ferinnen, die Prinzen ehelichen, Kinder, die ihre Eltern retten, und einfache Bauern, die sich in gro\u00dfe Kammerherren verwandeln. Das Au\u00dfergew\u00f6hnliche offenbart sich dort auf die allernat\u00fcrlichste Weise, und Entsetzliches selbst wird zu Wunderbarem; unverg\u00e4ngliche Liebe, ewige Schw\u00fcre, stets belohnte Anmut und Liebensw\u00fcrdigkeit: hier gab es alles, was dieses sechsundf\u00fcnfzigj\u00e4hrige Kind\u00a0 begeistern konnte.\u00a0\u00a0 Ein kurzes M\u00e4rchen von Mme Leprince de Beaumont erweckte in ihm die Lust, sich\u00a0 wieder dem\u00a0 Film zuzuwenden. Es erz\u00e4hlte vom traurigen Leben eines m\u00e4chtigen aber h\u00e4sslichen Biestes, das zur\u00fcckgezogen in einem von W\u00e4ldern umgebenen Palast lebt, und vom\u00a0 nicht minder traurigen Schicksal eines armen und h\u00fcbschen Aschenputtels, das dem Neid seiner h\u00e4sslichen \u00e4lteren Schwestern ausgesetzt ist und sich schlie\u00dflich in das Reich des Biestes\u00a0 begibt, um ihren geliebten Vater vor dem Tod zu retten, den es nach Abschluss eines ruin\u00f6sen\u00a0 Gesch\u00e4fts dorthin verschlagen hat. Dem Biest gelingt es, durch sein Leiden das Herz der\u00a0 Sch\u00f6nen zu erweichen; und bald liebt sie selbst es so sehr, dass sich das auss\u00e4tzige Gesch\u00f6pf\u00a0 in einen bet\u00f6renden M\u00e4rchenprinzen verwandelt. Aber um \u201eDie Sch\u00f6ne und das Biest\u201c, dieses\u00a0 \u201eM\u00e4rchen ohne M\u00e4rchenfee\u201c, zu verfilmen, musste man jenen Schl\u00f6ssern und Ungeheuern,\u00a0 die nach kindlicher Vorstellung gewaltig sind, eine Gestalt geben, ohne dabei die Vorstellungskraft zu entt\u00e4uschen, noch die Skepsis einer Kultur zu wecken, der \u00dcberschw\u00e4nglichkeit\u00a0 oder Naivit\u00e4t fremd sind und die gew\u00f6hnlich nur den durchdachten, gewollten und wohl\u00a0 \u00fcberlegten Werken Bewunderung entgegenbringt: Kurz nach Kriegsende war Frankreich jedoch weniger denn je ein Land f\u00fcr Kinder.\u00a0\u00bb<\/h6>\n<h6>(<span style=\"color: #008000;\"><strong>Un grand merci aux correcteurs de l&rsquo;\u00e9preuve <span style=\"color: #333300;\">de th\u00e8me de l&rsquo;agr\u00e9gation d&rsquo;allemand de 2005<\/span>, qui ont propos\u00e9 cette traduction en ligne d&rsquo;un passage de <span style=\"color: #333300;\">cette biographie de cocteau, intitul\u00e9 \u00ab\u00a0le prince et le l\u00e9preux\u00a0\u00bb, p. 644\/645<\/span><\/strong><\/span>)<\/h6>\n<\/blockquote>\n<blockquote>\n<h6><strong><img loading=\"lazy\" decoding=\"async\" class=\"alignleft  wp-image-6361\" src=\"http:\/\/www.claude-arnaud.com\/fr\/wp-content\/uploads\/2015\/10\/bandiera-italia.png\" alt=\"\" width=\"127\" height=\"127\" srcset=\"https:\/\/www.claude-arnaud.com\/fr\/wp-content\/uploads\/2015\/10\/bandiera-italia.png 98w, https:\/\/www.claude-arnaud.com\/fr\/wp-content\/uploads\/2015\/10\/bandiera-italia-48x48.png 48w\" sizes=\"auto, (max-width: 127px) 100vw, 127px\" \/>*in ITALIA<\/strong>\u00a0: \u00ab <span style=\"color: #008000;\"><strong>Con il suo splendido, monumentale<\/strong><\/span> <em><strong>Jean Cocteau<\/strong><\/em>, <span style=\"color: #008000;\"><strong>Claude Arnaud<\/strong><\/span> ha, infatti, realizzato un <strong>autentico <span style=\"color: #008000;\">tour de<a href=\"http:\/\/www.claude-arnaud.com\/fr\/wp-content\/uploads\/2009\/05\/cocteau.jpg\"><span style=\"color: #008000;\"><img loading=\"lazy\" decoding=\"async\" class=\"alignright size-full wp-image-1426\" title=\"cocteau\" src=\"http:\/\/www.claude-arnaud.com\/fr\/wp-content\/uploads\/2009\/05\/cocteau.jpg\" alt=\"\" width=\"170\" height=\"260\" srcset=\"https:\/\/www.claude-arnaud.com\/fr\/wp-content\/uploads\/2009\/05\/cocteau.jpg 170w, https:\/\/www.claude-arnaud.com\/fr\/wp-content\/uploads\/2009\/05\/cocteau-98x150.jpg 98w\" sizes=\"auto, (max-width: 170px) 100vw, 170px\" \/><\/span><\/a> force<\/span> letterario<\/strong> e, grazie al suo <strong>triplice talento di biografo, di <span style=\"color: #008000;\">critico<\/span> et di narratore<\/strong> (\u2026) \u00e8 riuscito a raccontare, <span style=\"color: #008000;\"><strong>attraverso la storia di une vita, quella di un secolo<\/strong><\/span> \u00bb. <span style=\"color: #008000;\"><strong>Benedetta Craveri<\/strong><\/span>, intorno a una intervista A\u00a0<span style=\"color: #008000;\"><strong>C. ARNAUD<\/strong><\/span>, <em><strong>La Repubblica<\/strong><\/em>, 24.08.2003.<\/h6>\n<\/blockquote>\n<blockquote>\n<h6>\u00ab <strong>Il protagonista <span style=\"color: #008000;\">assoluto<\/span> dell\u2019autunno culturale francese<\/strong> \u00bb<span style=\"color: #008000;\"><strong>. Anna Tito<\/strong><\/span>, <em><strong>L\u2019Unit\u00e0<\/strong><\/em>, 11.10.2003.<\/h6>\n<\/blockquote>\n<blockquote>\n<h6>\u00ab <span style=\"color: #008000;\"><strong>800 pagine che scivolano via come un romanzo<\/strong><\/span> \u00bb. <span style=\"color: #008000;\"><strong>Massimo Nava<\/strong><\/span>, <em><strong>Corriere della Sera<\/strong><\/em>, 12.10.2003.<\/h6>\n<\/blockquote>\n<blockquote>\n<h6>\u00ab\u00a0<strong>Une biografia definitiva<\/strong>\u00ab\u00a0. <span style=\"color: #008000;\"><strong>Felice Piemontese<\/strong><\/span>, <em><strong>Il Mattino<\/strong><\/em>, 20.10.2003.<\/h6>\n<\/blockquote>\n<blockquote>\n<h6>\u00ab Con questa biografia, <span style=\"color: #008000;\"><strong>Claude ARNAUD<\/strong><\/span> <strong>ha scritto il vero romanzo della vita di Cocteau<\/strong> \u00bb. <span style=\"color: #008000;\"><strong>Carlo Jansiti<\/strong><\/span>, <em><strong>Babilonia<\/strong><\/em>, dicembre 2003.<\/h6>\n<blockquote>\n<h6><strong><a href=\"http:\/\/www.claude-arnaud.com\/fr\/wp-content\/uploads\/2013\/11\/255px-Flag_of_France.svg_-150x150.png\"><img loading=\"lazy\" decoding=\"async\" class=\"alignleft  wp-image-8937\" title=\"255px-Flag_of_France.svg_-150x150\" src=\"http:\/\/www.claude-arnaud.com\/fr\/wp-content\/uploads\/2013\/11\/255px-Flag_of_France.svg_-150x150.png\" alt=\"\" width=\"54\" height=\"54\" srcset=\"https:\/\/www.claude-arnaud.com\/fr\/wp-content\/uploads\/2013\/11\/255px-Flag_of_France.svg_-150x150.png 150w, https:\/\/www.claude-arnaud.com\/fr\/wp-content\/uploads\/2013\/11\/255px-Flag_of_France.svg_-150x150-48x48.png 48w\" sizes=\"auto, (max-width: 54px) 100vw, 54px\" \/><\/a>*dans la presse <span style=\"color: #008000;\">ITALIenne<\/span><\/strong>\u00a0: \u00ab avec son <strong><span style=\"color: #008000;\">SPLENDIDe<\/span> et MONUMENTAL<\/strong>\u00a0<em><span style=\"color: #008000;\"><strong>JEAN COCTEAU<\/strong><\/span><\/em>,\u00a0<strong>CLAUDE ARNAUD<\/strong>\u00a0a accompli UN\u00a0<strong><span style=\"color: #008000;\">AUTHENTIque TOUR DE\u00a0FORCE LiTT\u00e9Raire<\/span>.\u00a0<\/strong>GRAcE A SOn TRIPLE TALENT DE <strong>BIOGRAphe, De <span style=\"color: #008000;\">CRITIque<\/span> ET De romancier<\/strong> (\u2026) il a Reussi A RACONTeR,\u00a0<strong>A TRAVERS L&rsquo;hiSTOire D&rsquo;UNE Vie, <span style=\"color: #008000;\">celle D&rsquo;UN Si\u00e8cle<\/span><\/strong><span style=\"color: #008000;\">\u00a0<\/span>\u00bb.\u00a0<strong>BENEDETTA CRAVERI<\/strong>, dans une INTERView que lui a accord\u00e9\u00a0<span style=\"color: #008000;\"><strong>Claude ARNAUD<\/strong><\/span>,\u00a0<em><strong>LA REPUBBLICA<\/strong><\/em>, 24.08.2003.<\/h6>\n<\/blockquote>\n<blockquote>\n<h6><span style=\"color: #008000;\">\u00ab\u00a0le<strong>\u00a0PROTAGONISTe <span style=\"color: #333300;\">AbSOLU<\/span> DE L\u2019AUTomNe CULTURel FRAN\u00e7ais\u00a0\u00bb<\/strong><\/span><strong>. ANNA TITO<\/strong>,\u00a0<em><strong>L\u2019UNIT\u00c0<\/strong><\/em>, 11.10.2003.<\/h6>\n<\/blockquote>\n<blockquote>\n<h6><span style=\"color: #008000;\">\u00a0\u00ab\u00a0<strong>800 PAGes qui <span style=\"color: #333300;\">filent<\/span> COMmE UN ROMAN\u00a0\u00bb<\/strong><\/span>.\u00a0<strong>MASSIMO NAVA<\/strong>,\u00a0<em><strong>CORRIERE DELLA SERA<\/strong><\/em>, 12.10.2003.<\/h6>\n<\/blockquote>\n<blockquote>\n<h6><strong>\u00ab\u00a0UNE BIOGRAphie D\u00e9FINITIVe\u00a0\u00bb<\/strong>.\u00a0<span style=\"color: #008000;\"><strong>FELICE PIEMONTESE<\/strong><\/span>,\u00a0<em><strong>IL MATTINO<\/strong><\/em>, 20.10.2003.<\/h6>\n<\/blockquote>\n<blockquote>\n<h6>\u00ab\u00a0avec cette BIOGRAphie,\u00a0<span style=\"color: #008000;\"><strong>CLAUDE ARNAUD<\/strong><\/span>\u00a0<strong>A \u00e9crit le <span style=\"color: #008000;\">ROMAN vrai<\/span> DE LA VIe de COCTEAU<\/strong>\u00a0\u00bb.\u00a0<span style=\"color: #008000;\"><strong>CARLO JANSITI<\/strong>,<\/span>\u00a0<em><strong>BABILONIA<\/strong><\/em>, D\u00e9CEMBRE 2003.<\/h6>\n<\/blockquote>\n<\/blockquote>\n<h3><strong><span style=\"color: #008000;\"><a href=\"http:\/\/www.claude-arnaud.com\/fr\/wp-content\/uploads\/2013\/11\/Arnaud-Claude-Jean-Cocteau-Livre-932991799_ML.jpg\"><img loading=\"lazy\" decoding=\"async\" class=\"alignleft  wp-image-4897\" title=\"Arnaud-Claude-Jean-Cocteau-Livre-932991799_ML\" src=\"http:\/\/www.claude-arnaud.com\/fr\/wp-content\/uploads\/2013\/11\/Arnaud-Claude-Jean-Cocteau-Livre-932991799_ML.jpg\" alt=\"\" width=\"299\" height=\"299\" srcset=\"https:\/\/www.claude-arnaud.com\/fr\/wp-content\/uploads\/2013\/11\/Arnaud-Claude-Jean-Cocteau-Livre-932991799_ML.jpg 270w, https:\/\/www.claude-arnaud.com\/fr\/wp-content\/uploads\/2013\/11\/Arnaud-Claude-Jean-Cocteau-Livre-932991799_ML-150x150.jpg 150w, https:\/\/www.claude-arnaud.com\/fr\/wp-content\/uploads\/2013\/11\/Arnaud-Claude-Jean-Cocteau-Livre-932991799_ML-48x48.jpg 48w\" sizes=\"auto, (max-width: 299px) 100vw, 299px\" \/><\/a>*IN THE US\u00a0<\/span><\/strong><\/h3>\n<blockquote>\n<h6><img loading=\"lazy\" decoding=\"async\" class=\"alignleft  wp-image-3098\" src=\"http:\/\/www.claude-arnaud.com\/fr\/wp-content\/uploads\/2012\/06\/code-drapeau-americain-L-1-300x225.jpg\" alt=\"\" width=\"146\" height=\"110\" srcset=\"https:\/\/www.claude-arnaud.com\/fr\/wp-content\/uploads\/2012\/06\/code-drapeau-americain-L-1-300x225.jpg 300w, https:\/\/www.claude-arnaud.com\/fr\/wp-content\/uploads\/2012\/06\/code-drapeau-americain-L-1.jpg 320w\" sizes=\"auto, (max-width: 146px) 100vw, 146px\" \/>\u00ab By displaying a large selection of his works <strong>without fully explaining his life<\/strong>, The Pompidou (exhibition) leaves viewers in need of a compass : <strong>help is provided by \u00ab <span style=\"color: #008000;\"><em>Jean Cocteau<\/em><\/span> \u00bb, a new 864 pages biography by<\/strong> <span style=\"color: #008000;\"><strong>Claude Arnaud<\/strong><\/span>. \u00bb <span style=\"color: #008000;\"><strong>Alan Riding<\/strong><\/span>, <em><strong>New York Times<\/strong><\/em>, 5.10.2003. <a title=\"nytimes\" href=\"http:\/\/www.nytimes.com\/2003\/10\/05\/arts\/art-jean-cocteau-before-his-own-fabulousness-consumed-him.html?pagewanted=all&amp;src=pm\" target=\"_blank\" rel=\"noopener\">read this article&#8230;<\/a><\/h6>\n<\/blockquote>\n<blockquote>\n<h6>\u00a0\u00bb\u00a0<strong><span style=\"color: #008000;\">Claude Arnaud<\/span>&lsquo;s superb biography<\/strong>, <em>Jean Cocteau<\/em> (Gallimard, 2003) &#8230; deserves an English translation\u00a0\u00bb. <strong><span style=\"color: #008000;\">Ian Buruma<\/span>, \u00ab\u00a0OCCUPIED PARIS, THE SWEET AND THE CRUEL\u00a0\u00bb, <em><span style=\"color: #008000;\">New York Review of Books<\/span><\/em><\/strong>, <strong>vol. 56, n\u00b0 20, 17.11.2009<\/strong>. <a title=\"Nyrb\" href=\"http:\/\/www.nybooks.com\/articles\/archives\/2009\/dec\/17\/occupied-paris-the-sweet-and-the-cruel\/\" target=\"_blank\" rel=\"noopener\">read this article&#8230;<\/a><\/h6>\n<h6><span style=\"color: #008000;\"><strong>*get that book<\/strong><\/span> <a title=\"amazon\" href=\"http:\/\/www.amazon.com\/gp\/offer-listing\/207075233X\/ref=tmm_pap_used_olp_sr?ie=UTF8&amp;condition=used&amp;sr=&amp;qid=\" target=\"_blank\" rel=\"noopener\">in the US&#8230;<\/a> Or through <a title=\"abebooks\" href=\"http:\/\/www.abebooks.com\/book-search\/isbn\/207075233x\/\" target=\"_blank\" rel=\"noopener\">abebooks<\/a>&#8230; AS WELL AS THROUGH <a href=\"https:\/\/shop.albertine.com\/livre\/9782070752331-jean-cocteau-claude-arnaud\/\" target=\"_blank\" rel=\"noopener\">ALBERTINE bookshop, NYC<\/a>&#8230;<\/h6>\n<blockquote>\n<h6><a href=\"http:\/\/www.claude-arnaud.com\/fr\/wp-content\/uploads\/2013\/11\/255px-Flag_of_France.svg_-150x150.png\"><img loading=\"lazy\" decoding=\"async\" class=\"alignleft  wp-image-8937\" title=\"255px-Flag_of_France.svg_-150x150\" src=\"http:\/\/www.claude-arnaud.com\/fr\/wp-content\/uploads\/2013\/11\/255px-Flag_of_France.svg_-150x150.png\" alt=\"\" width=\"54\" height=\"54\" srcset=\"https:\/\/www.claude-arnaud.com\/fr\/wp-content\/uploads\/2013\/11\/255px-Flag_of_France.svg_-150x150.png 150w, https:\/\/www.claude-arnaud.com\/fr\/wp-content\/uploads\/2013\/11\/255px-Flag_of_France.svg_-150x150-48x48.png 48w\" sizes=\"auto, (max-width: 54px) 100vw, 54px\" \/><\/a><\/h6>\n<h3>*<strong><span style=\"color: #008000;\">AUX ETATS-UNIS<\/span><\/strong><\/h3>\n<h6>\u00ab EN pr\u00e9sentant une LARGE SELECTION de son oeuvre <strong><span style=\"color: #008000;\">sans r\u00e9ellement EXPliquer sa vie<\/span><\/strong>, l&rsquo;exposition du<span style=\"color: #008000;\"><strong> centre POMPIDOU<\/strong><\/span> laisse <strong>le visiteur en manque de rep\u00e8res<\/strong> : il les trouvera dans<strong>\u00a0\u00ab <span style=\"color: #008000;\"><em>JEAN COCTEAU<\/em><\/span> \u00bb, une biographie de 864 PAGES de<\/strong>\u00a0<span style=\"color: #008000;\"><strong>CLAUDE ARNAUD<\/strong>.<\/span> \u00bb\u00a0<strong>ALAN RIDING<\/strong>,\u00a0<em><strong>NEW YORK TIMES<\/strong><\/em>, 5.10.2003.\u00a0<a title=\"nytimes\" href=\"http:\/\/www.nytimes.com\/2003\/10\/05\/arts\/art-jean-cocteau-before-his-own-fabulousness-consumed-him.html?pagewanted=all&amp;src=pm\" target=\"_blank\" rel=\"noopener\">READ THIS ARTICLE\u2026<\/a><\/h6>\n<\/blockquote>\n<blockquote>\n<h6>\u00ab\u00a0LA<strong>\u00a0SUPERBe BIOGRAPHie de\u00a0<\/strong><strong><span style=\"color: #008000;\">CLAUDE ARNAUD<\/span><\/strong>,<strong>\u00a0\u00ab\u00a0<\/strong><em><strong>JEAN COCTEAU\u00a0\u00bb<\/strong>\u00a0<\/em>(GALLIMARD, 2003) \u2026m\u00e9rite une traducTION\u00bb.\u00a0<strong><span style=\"color: #008000;\">IAN BURUMA<\/span>, \u00ab PARIS occup\u00e9, entre douceur et CRUaut\u00e9\u00a0\u00bb,\u00a0<span style=\"color: #008000;\"><em>NEW YORK REVIEW OF BOOKS<\/em><\/span><\/strong>,\u00a0<strong>VOL. 56, N\u00b0 20, 17.11.2009<\/strong>. lire cet<a title=\"Nyrb\" href=\"http:\/\/www.nybooks.com\/articles\/archives\/2009\/dec\/17\/occupied-paris-the-sweet-and-the-cruel\/\" target=\"_blank\" rel=\"noopener\">\u00a0ARTICLE (en anglais)\u2026<\/a><\/h6>\n<h6><\/h6>\n<h6><span style=\"color: #008000;\"><strong>*Trouver ce livre aux<\/strong><\/span><a title=\"amazon\" href=\"http:\/\/www.amazon.com\/gp\/offer-listing\/207075233X\/ref=tmm_pap_used_olp_sr?ie=UTF8&amp;condition=used&amp;sr=&amp;qid=\" target=\"_blank\" rel=\"noopener\">\u00a0USa\u2026<\/a>\u00a0\u00e0 travers\u00a0<a title=\"abebooks\" href=\"http:\/\/www.abebooks.com\/book-search\/isbn\/207075233x\/\" target=\"_blank\" rel=\"noopener\">ABEBOOKS<\/a>\u2026 ou la<a href=\"https:\/\/shop.albertine.com\/livre\/9782070752331-jean-cocteau-claude-arnaud\/\" target=\"_blank\" rel=\"noopener\"> librairie\u00a0ALBERTINE<\/a>,\u00a0\u00e0 new york\u2026<\/h6>\n<\/blockquote>\n<\/blockquote>\n<blockquote>\n<h6><\/h6>\n<h3><span style=\"color: #008000;\"><strong><img loading=\"lazy\" decoding=\"async\" class=\"alignleft  wp-image-6359\" src=\"http:\/\/www.claude-arnaud.com\/fr\/wp-content\/uploads\/2015\/10\/Flag-of-the-week-United-Kingdom-300x164.jpg\" alt=\"\" width=\"177\" height=\"97\" srcset=\"https:\/\/www.claude-arnaud.com\/fr\/wp-content\/uploads\/2015\/10\/Flag-of-the-week-United-Kingdom-300x164.jpg 300w, https:\/\/www.claude-arnaud.com\/fr\/wp-content\/uploads\/2015\/10\/Flag-of-the-week-United-Kingdom-1024x561.jpg 1024w, https:\/\/www.claude-arnaud.com\/fr\/wp-content\/uploads\/2015\/10\/Flag-of-the-week-United-Kingdom.jpg 1946w\" sizes=\"auto, (max-width: 177px) 100vw, 177px\" \/>*IN THE UK<\/strong><\/span><\/h3>\n<h6>\u00ab \u2026The early chapters of <span style=\"color: #008000;\"><strong>Claude Arnaud<\/strong><\/span>\u2019s <strong>cornucopian biography<\/strong> give us <span style=\"color: #008000;\"><strong>a marvellous, if in some ways consolingly familiar, portrait of the upper echelons of Parisian aristo-artistic circles<\/strong> <\/span>before the First World War. Simply everybody is here : from <span style=\"color: #008000;\"><strong>Mistinguett<\/strong><\/span> to <span style=\"color: #008000;\"><strong>Marcel Proust<\/strong><\/span>, <span style=\"color: #008000;\"><strong>Robert de Montesquiou<\/strong><\/span> to <span style=\"color: #008000;\"><strong>Anna de Noailles<\/strong><\/span>, <span style=\"color: #008000;\"><strong>Misia Sert<\/strong><\/span> to <span style=\"color: #008000;\"><strong>Natalie Barney<\/strong><\/span>, we wander through an enchanted period when talent seemed to earn immediate rewards, spiced by an undercurrent of discreet homosexuality\u2026 <strong><span style=\"color: #008000;\">Arnaud<\/span><\/strong> describes equally well the years of the war and its aftermath, when a properly recognizable modernism became chic \u00bb. <span style=\"color: #008000;\"><strong>Lachlan Mackinnon<\/strong><\/span>, <em><strong>Times Litterary Supplement<\/strong><\/em>, 14.05.2004. <em><a href=\"https:\/\/www.the-tls.co.uk\/archive\/\" target=\"_blank\" rel=\"noopener\">READ THIS REVIEW.<\/a>..<\/em><\/h6>\n<h6><span style=\"color: #008000;\"><strong>*<a href=\"https:\/\/www.amazon.co.uk\/Jean-Cocteau-Life-Claude-Arnaud\/dp\/0300170572\/ref=sr_1_2?dchild=1&amp;qid=1611255897&amp;refinements=p_27%3AClaude+Arnaud&amp;s=books&amp;sr=1-2\" target=\"_blank\" rel=\"noopener\">GET THAT BIOGRAPHY IN THE U.K<\/a>&#8230;<\/strong><\/span><\/h6>\n<h6><strong>*<span style=\"color: #008000;\">FOCUSE ON\u00a0<em>COCTEAU<\/em><\/span>\u00a0AND THE MAIN BIOGRAPHIES<\/strong>\u00a0<a title=\"bio gallimard\" href=\"http:\/\/www.gallimard.fr\/Catalogue\/GALLIMARD\/NRF-Biographies\/Jean-Cocteau\" target=\"_blank\" rel=\"noopener\">PUBLISHED BY GALLIMARD\u2026<\/a><\/h6>\n<blockquote>\n<h3><a href=\"http:\/\/www.claude-arnaud.com\/fr\/wp-content\/uploads\/2013\/11\/255px-Flag_of_France.svg_-150x150.png\"><img loading=\"lazy\" decoding=\"async\" class=\"alignleft  wp-image-8937\" title=\"255px-Flag_of_France.svg_-150x150\" src=\"http:\/\/www.claude-arnaud.com\/fr\/wp-content\/uploads\/2013\/11\/255px-Flag_of_France.svg_-150x150.png\" alt=\"\" width=\"54\" height=\"54\" srcset=\"https:\/\/www.claude-arnaud.com\/fr\/wp-content\/uploads\/2013\/11\/255px-Flag_of_France.svg_-150x150.png 150w, https:\/\/www.claude-arnaud.com\/fr\/wp-content\/uploads\/2013\/11\/255px-Flag_of_France.svg_-150x150-48x48.png 48w\" sizes=\"auto, (max-width: 54px) 100vw, 54px\" \/><\/a><\/h3>\n<h3><span style=\"color: #008000;\">*AU ROYAUME-UNI<\/span><\/h3>\n<h6>\u00ab <strong>\u2026Les tout premiers CHAPitreS de la biographie de<\/strong>\u00a0<span style=\"color: #008000;\"><strong>CLAUDE ARNAUD<\/strong><\/span>\u00a0&#8211; <strong>Une vraie corne d&rsquo;abondance<\/strong>&#8211; nous offre un <strong>MERVEILLEUX\u00a0<\/strong>portrait<strong>, <span style=\"color: #008000;\">d&rsquo;une familiarit\u00e9 r\u00e9confortante<\/span>, <span style=\"color: #008000;\"><span style=\"color: #333300;\">des cercles<\/span> ARISTO-ARTISTIques du paris<\/span> d&rsquo;avant<\/strong>\u00a0la premi\u00e8re guerre mondiale. c&rsquo;est tout simplement \u00ab\u00a0<strong>tout le monde<\/strong>\u00a0\u00bb qui d\u00e9file ici : de\u00a0<strong>MISTINGUETT<\/strong>\u00a0\u00e0\u00a0<span style=\"color: #008000;\"><strong>MARCEL PROUST<\/strong><\/span>, de\u00a0<strong>ROBERT DE MONTESQUIOU<\/strong>\u00a0\u00e0\u00a0<span style=\"color: #008000;\"><strong>ANNA DE NOAILLES<\/strong><\/span>, de\u00a0<strong>MISIA SERT<\/strong>\u00a0\u00e0\u00a0<span style=\"color: #008000;\"><strong>NATALIE BARNEY<\/strong><\/span>, <strong>nous \u00e9voluons dans <span style=\"color: #008000;\">une \u00e9poque ENCHANT\u00e9e<\/span><\/strong>, o\u00f9 le TALENT semblait trouver des r\u00e9compenses IMMEDIATEs, <strong>et qu&rsquo;\u00e9pi\u00e7ait une DISCR\u00e8Te HOMOSEXUALIT\u00e9<\/strong>\u2026\u00a0<strong><span style=\"color: #008000;\">ARNAUD<\/span>\u00a0<\/strong>D\u00e9CRIt aussi tr\u00e8s bien les ann\u00e9es de guerre et d&rsquo;apr\u00e8s, o\u00f9 le MODERNISMe ostensible <strong>devint CHIC<\/strong> \u00bb.\u00a0<span style=\"color: #008000;\"><strong>LACHLAN MACKINNON<\/strong>,\u00a0<\/span><em><strong>TIMES LITTERARY SUPPLEMENT<\/strong><\/em>, 14.05.2004.<\/h6>\n<h6><strong>*pour trouver cette\u00a0<a href=\"https:\/\/www.amazon.co.uk\/Jean-Cocteau-Life-Claude-Arnaud\/dp\/0300170572\/ref=sr_1_2?dchild=1&amp;qid=1611255897&amp;refinements=p_27%3AClaude+Arnaud&amp;s=books&amp;sr=1-2\" target=\"_blank\" rel=\"noopener\">BIOGRAPHie en grande-bretagne<\/a>\u2026<\/strong><\/h6>\n<h6><strong><a href=\"http:\/\/www.claude-arnaud.com\/fr\/wp-content\/uploads\/2009\/05\/Cover.jpeg\" rel=\"group-3group-3\"><img loading=\"lazy\" decoding=\"async\" title=\"Cover\" src=\"http:\/\/www.claude-arnaud.com\/fr\/wp-content\/uploads\/2009\/05\/Cover.jpeg\" alt=\"\" width=\"220\" height=\"324\" \/><\/a>*<span style=\"color: #008000;\">THIS <a href=\"http:\/\/www.claude-arnaud.com\/fr\/wp-content\/uploads\/2012\/06\/code-drapeau-americain-L-1.jpg\"><span style=\"color: #008000;\"><img loading=\"lazy\" decoding=\"async\" class=\"alignleft  wp-image-3098\" title=\"code-drapeau-americain-L-1\" src=\"http:\/\/www.claude-arnaud.com\/fr\/wp-content\/uploads\/2012\/06\/code-drapeau-americain-L-1-150x150.jpg\" alt=\"\" width=\"90\" height=\"90\" srcset=\"https:\/\/www.claude-arnaud.com\/fr\/wp-content\/uploads\/2012\/06\/code-drapeau-americain-L-1-150x150.jpg 150w, https:\/\/www.claude-arnaud.com\/fr\/wp-content\/uploads\/2012\/06\/code-drapeau-americain-L-1-48x48.jpg 48w\" sizes=\"auto, (max-width: 90px) 100vw, 90px\" \/><\/span><\/a>BIOGRAPHY HAS BEEN\u00a0FINALLY\u00a0TRANSLATED IN ENGLISH<\/span><\/strong>\u00a0AND\u00a0<strong>PUBLISHED AT\u00a0YALE UNIVERSITY PRESS<\/strong>\u00a0IN\u00a0<span style=\"color: #008000;\"><strong>SEPTEMBER 2016<\/strong>.<\/span>\u00a0<strong>KNOW MORE ABOUT THE REACTIONS<\/strong>\u00a0IN\u00a0<a title=\"claude-arnaud\" href=\"http:\/\/www.claude-arnaud.com\/fr\/biographies\/la-quatrieme-de-couverture\/in-english-at-yale-university-press\">THE US, THE UK, AND ELSEWHERE<\/a>\u2026<\/h6>\n<h6>*<strong><em>THE ATHEN REVIEW OF BOOKS<\/em><\/strong>\u00a0HAS TRANSLATED, IN ITS N\u00b080\/81 ISSUE<a href=\"http:\/\/www.claude-arnaud.com\/fr\/wp-content\/uploads\/2016\/08\/ARB_81.jpg\" rel=\"group-3group-3\"><img loading=\"lazy\" decoding=\"async\" title=\"ARB_81\" src=\"http:\/\/www.claude-arnaud.com\/fr\/wp-content\/uploads\/2016\/08\/ARB_81-243x300.jpg\" alt=\"\" width=\"190\" height=\"235\" \/><\/a><a href=\"http:\/\/www.claude-arnaud.com\/fr\/wp-content\/uploads\/2009\/05\/faf530bfcd8eaee7540062be48169158.jpg\" rel=\"group-3group-3\"><img loading=\"lazy\" decoding=\"async\" title=\"faf530bfcd8eaee7540062be48169158\" src=\"http:\/\/www.claude-arnaud.com\/fr\/wp-content\/uploads\/2009\/05\/faf530bfcd8eaee7540062be48169158-300x300.jpg\" alt=\"\" width=\"116\" height=\"116\" \/><\/a>(FEBRUARY 2017)\u00a0EDMUND WHITE\u2019S REVIEW OF THIS BIOGRAPHY, FIRST PUBLISHED IN\u00a0<em><strong>THE NEW YORK REVIEW OF BOOKS. <\/strong><\/em><a href=\"https:\/\/athensreviewofbooks.com\/arxeio\/teyxos81\/3512-to-tentomeno-skoini-tou-zan-kokto\" target=\"_blank\" rel=\"noopener\"><strong>READ THIS GREEK TRANSLATION<\/strong><\/a>\u2026<\/h6>\n<h6>*READ MORE ABOUT\u00a0<span style=\"color: #008000;\"><strong>COCTEAU<\/strong>&#8211;<strong>PICASSO\u2019S<\/strong><\/span>\u00a0RELATIONSHIP<img loading=\"lazy\" decoding=\"async\" class=\"alignleft  wp-image-11026\" src=\"http:\/\/www.claude-arnaud.com\/fr\/wp-content\/uploads\/2021\/01\/s-l400-241x300.jpg\" alt=\"\" width=\"177\" height=\"220\" srcset=\"https:\/\/www.claude-arnaud.com\/fr\/wp-content\/uploads\/2021\/01\/s-l400-241x300.jpg 241w, https:\/\/www.claude-arnaud.com\/fr\/wp-content\/uploads\/2021\/01\/s-l400.jpg 321w\" sizes=\"auto, (max-width: 177px) 100vw, 177px\" \/> IN<strong>\u00a0\u00ab\u00a0<em>MINOTAUR, BANDERILLO\u00a0\u00bb<\/em>,<\/strong>\u00a0<span style=\"color: #008000;\"><strong>CLAUDE ARNAUD\u2019S<\/strong><\/span>\u00a0CONTRIBUTION TO:\u00a0\u00a0<em><strong>PICASSO THE MEDITERRANEAN YEARS 1945-1962<\/strong><\/em>\u00a0(OTHER CONTRIBUTIONS BY\u00a0<strong>JOHN RICHARDSON<\/strong>\u00a0AND\u00a0<strong>ELIZABETH COWLING<\/strong>), A CATALOGUE TO AN INTERNATIONAL ART SHOW AT\u00a0<strong>THE GAGOSIAN GALLERY<\/strong>\u00a0IN LONDON, JUNE 2010,\u00a0<a href=\"https:\/\/www.spectator.co.uk\/article\/picasso-magic\" target=\"_blank\" rel=\"noopener\">PUBLISHED AT RIZZOLI<\/a>\u2026<\/h6>\n<h6><a href=\"http:\/\/www.claude-arnaud.com\/fr\/wp-content\/uploads\/2011\/04\/images2.jpg\" rel=\"group-3\"><img loading=\"lazy\" decoding=\"async\" title=\"images\" src=\"http:\/\/www.claude-arnaud.com\/fr\/wp-content\/uploads\/2011\/04\/images2-150x150.jpg\" alt=\"\" width=\"36\" height=\"36\" \/><\/a>GET THAT CATALOGUE\u00a0<a title=\"amazon\" href=\"http:\/\/www.amazon.co.uk\/Picasso-Mediterranean-1945-1961-John-Richardson\/dp\/0847835359\" target=\"_blank\" rel=\"noopener\">IN THE UK<\/a>\u2026<\/h6>\n<h6><a href=\"http:\/\/www.claude-arnaud.com\/fr\/wp-content\/uploads\/2012\/06\/code-drapeau-americain-L-1.jpg\" rel=\"group-3\"><img loading=\"lazy\" decoding=\"async\" title=\"code-drapeau-americain-L-1\" src=\"http:\/\/www.claude-arnaud.com\/fr\/wp-content\/uploads\/2012\/06\/code-drapeau-americain-L-1-150x150.jpg\" alt=\"\" width=\"31\" height=\"31\" \/><\/a>IN\u00a0<a title=\"rizzoli\" href=\"http:\/\/www.rizzoliusa.com\/book.php?isbn=9780847835355\" target=\"_blank\" rel=\"noopener\">THE US<\/a>\u2026<\/h6>\n<h6><a href=\"http:\/\/www.claude-arnaud.com\/fr\/wp-content\/uploads\/2010\/08\/images10.jpg\" rel=\"group-3\"><img loading=\"lazy\" decoding=\"async\" title=\"images\" src=\"http:\/\/www.claude-arnaud.com\/fr\/wp-content\/uploads\/2010\/08\/images10.jpg\" alt=\"\" width=\"41\" height=\"20\" \/><\/a>IN\u00a0<a title=\"amazon.ca\" href=\"http:\/\/www.amazon.ca\/Picasso-The-Mediterranean-Years-1945-1962\/dp\/0847835359\" target=\"_blank\" rel=\"noopener\">CANADA<\/a>\u2026<\/h6>\n<h6><a href=\"http:\/\/www.claude-arnaud.com\/fr\/wp-content\/uploads\/2013\/12\/drapeau-japonais.png\" rel=\"group-3\"><img loading=\"lazy\" decoding=\"async\" title=\"drapeau japonais\" src=\"http:\/\/www.claude-arnaud.com\/fr\/wp-content\/uploads\/2013\/12\/drapeau-japonais-150x150.png\" alt=\"\" width=\"27\" height=\"27\" \/><\/a>IN\u00a0<a title=\"calil\" href=\"http:\/\/calil.jp\/book\/0847835359\" target=\"_blank\" rel=\"noopener\">JAPAN<\/a>\u2026<\/h6>\n<h6><\/h6>\n<\/blockquote>\n<\/blockquote>\n<blockquote>\n<h6><span style=\"color: #008000;\"><strong><a href=\"http:\/\/www.claude-arnaud.com\/fr\/wp-content\/uploads\/2009\/05\/Cover.jpeg\"><img loading=\"lazy\" decoding=\"async\" class=\"alignleft size-full wp-image-7435\" title=\"Cover\" src=\"http:\/\/www.claude-arnaud.com\/fr\/wp-content\/uploads\/2009\/05\/Cover.jpeg\" alt=\"\" width=\"220\" height=\"324\" srcset=\"https:\/\/www.claude-arnaud.com\/fr\/wp-content\/uploads\/2009\/05\/Cover.jpeg 220w, https:\/\/www.claude-arnaud.com\/fr\/wp-content\/uploads\/2009\/05\/Cover-203x300.jpeg 203w\" sizes=\"auto, (max-width: 220px) 100vw, 220px\" \/><\/a><a href=\"http:\/\/www.claude-arnaud.com\/fr\/wp-content\/uploads\/2013\/11\/255px-Flag_of_France.svg_-150x150.png\"><img loading=\"lazy\" decoding=\"async\" class=\"alignleft  wp-image-8937\" title=\"255px-Flag_of_France.svg_-150x150\" src=\"http:\/\/www.claude-arnaud.com\/fr\/wp-content\/uploads\/2013\/11\/255px-Flag_of_France.svg_-150x150.png\" alt=\"\" width=\"54\" height=\"54\" srcset=\"https:\/\/www.claude-arnaud.com\/fr\/wp-content\/uploads\/2013\/11\/255px-Flag_of_France.svg_-150x150.png 150w, https:\/\/www.claude-arnaud.com\/fr\/wp-content\/uploads\/2013\/11\/255px-Flag_of_France.svg_-150x150-48x48.png 48w\" sizes=\"auto, (max-width: 54px) 100vw, 54px\" \/><\/a>*cette BIOGRAPHie a\u00a0<span style=\"color: #000000;\">finalement<\/span>\u00a0\u00e9t\u00e9 TRaduite eN ENGLais<\/strong>\u00a0et<\/span>\u00a0<strong>PUBLI\u00e9e Aux presses universitaires de YALE e<\/strong>N <span style=\"color: #008000;\"><strong>SEPTEMBRe 2016<\/strong><\/span>. pour en savoir plus sur les<strong>\u00a0R\u00e9ACTIONS \u00e0 sa <span style=\"color: #008000;\">publication<\/span><\/strong>\u00a0aux\u00a0<a title=\"claude-arnaud\" href=\"http:\/\/www.claude-arnaud.com\/fr\/biographies\/la-quatrieme-de-couverture\/in-english-at-yale-university-press\">\u00a0USa, en grande-bretagne, et ailleurs<\/a>&#8230;<\/h6>\n<h6>*<strong><em>THE ATHEN REVIEW of books<\/em><\/strong>\u00a0a traduit, dans son n\u00b080\/81<a href=\"http:\/\/www.claude-arnaud.com\/fr\/wp-content\/uploads\/2016\/08\/ARB_81.jpg\"><img loading=\"lazy\" decoding=\"async\" class=\"alignleft  wp-image-7429\" title=\"ARB_81\" src=\"http:\/\/www.claude-arnaud.com\/fr\/wp-content\/uploads\/2016\/08\/ARB_81-243x300.jpg\" alt=\"\" width=\"190\" height=\"235\" srcset=\"https:\/\/www.claude-arnaud.com\/fr\/wp-content\/uploads\/2016\/08\/ARB_81-243x300.jpg 243w, https:\/\/www.claude-arnaud.com\/fr\/wp-content\/uploads\/2016\/08\/ARB_81-830x1024.jpg 830w, https:\/\/www.claude-arnaud.com\/fr\/wp-content\/uploads\/2016\/08\/ARB_81.jpg 1027w\" sizes=\"auto, (max-width: 190px) 100vw, 190px\" \/><\/a><a href=\"http:\/\/www.claude-arnaud.com\/fr\/wp-content\/uploads\/2009\/05\/faf530bfcd8eaee7540062be48169158.jpg\"><img loading=\"lazy\" decoding=\"async\" class=\"alignright  wp-image-7436\" title=\"faf530bfcd8eaee7540062be48169158\" src=\"http:\/\/www.claude-arnaud.com\/fr\/wp-content\/uploads\/2009\/05\/faf530bfcd8eaee7540062be48169158-300x300.jpg\" alt=\"\" width=\"116\" height=\"116\" srcset=\"https:\/\/www.claude-arnaud.com\/fr\/wp-content\/uploads\/2009\/05\/faf530bfcd8eaee7540062be48169158-300x300.jpg 300w, https:\/\/www.claude-arnaud.com\/fr\/wp-content\/uploads\/2009\/05\/faf530bfcd8eaee7540062be48169158-150x150.jpg 150w, https:\/\/www.claude-arnaud.com\/fr\/wp-content\/uploads\/2009\/05\/faf530bfcd8eaee7540062be48169158-1024x1024.jpg 1024w, https:\/\/www.claude-arnaud.com\/fr\/wp-content\/uploads\/2009\/05\/faf530bfcd8eaee7540062be48169158-48x48.jpg 48w, https:\/\/www.claude-arnaud.com\/fr\/wp-content\/uploads\/2009\/05\/faf530bfcd8eaee7540062be48169158.jpg 1750w\" sizes=\"auto, (max-width: 116px) 100vw, 116px\" \/><\/a>\u00a0(f\u00e9vrier 2017) l&rsquo;article d&rsquo;<span style=\"color: #008000;\"><strong>edmund white<\/strong>\u00a0consacr\u00e9 au Livre qu&rsquo;avait d&rsquo;abord publi\u00e9<\/span>\u00a0<i>the new york review of books.\u00a0<\/i><a href=\"https:\/\/athensreviewofbooks.com\/arxeio\/teyxos81\/3512-to-tentomeno-skoini-tou-zan-kokto\" target=\"_blank\" rel=\"noopener\">Pour\u00a0lire cette\u00a0traduction en grec.<\/a>..<\/h6>\n<h6>*un chapitre de cette biographie, \u00ab\u00a0<strong>A life assessed<\/strong>\u00ab\u00a0,<a href=\"http:\/\/www.claude-arnaud.com\/fr\/wp-content\/uploads\/2016\/01\/gb_drapeau.gif\"><img loading=\"lazy\" decoding=\"async\" class=\"alignright  wp-image-6384\" title=\"gb_drapeau\" src=\"http:\/\/www.claude-arnaud.com\/fr\/wp-content\/uploads\/2016\/01\/gb_drapeau-300x149.gif\" alt=\"\" width=\"105\" height=\"52\" srcset=\"https:\/\/www.claude-arnaud.com\/fr\/wp-content\/uploads\/2016\/01\/gb_drapeau-300x149.gif 300w, https:\/\/www.claude-arnaud.com\/fr\/wp-content\/uploads\/2016\/01\/gb_drapeau.gif 385w\" sizes=\"auto, (max-width: 105px) 100vw, 105px\" \/><\/a>\u00a0avait aussi \u00e9t\u00e9 \u00a0traduit et publi\u00e9 en 2003 par\u00a0<span style=\"color: #008000;\"><strong>Paul Holberton publishing<\/strong><\/span>, dans la<a href=\"http:\/\/www.claude-arnaud.com\/fr\/wp-content\/uploads\/2009\/05\/190347017x.jpg\"><img loading=\"lazy\" decoding=\"async\" class=\"alignright  wp-image-4646\" title=\"190347017x\" src=\"http:\/\/www.claude-arnaud.com\/fr\/wp-content\/uploads\/2009\/05\/190347017x.jpg\" alt=\"\" width=\"158\" height=\"227\" \/><\/a> version anglaise du catalogue de l&rsquo;exposition\u00a0<span style=\"color: #008000;\"><strong>Cocteau du Centre Pompidou catalogue<\/strong><\/span>. <a href=\"http:\/\/www.amazon.com\/Cocteau-Dominique-Paini\/dp\/190347017X\" target=\"_self\" rel=\"noopener\">pour trouver ce catalogue..<\/a>.<\/h6>\n<h6>*<strong><span style=\"color: #008000;\">Claude Arnaud<\/span> est revenu sur la relation <span style=\"color: #008000;\">cOCTEAU<\/span><\/strong><span style=\"color: #008000;\">&#8211;<\/span><strong><span style=\"color: #008000;\">PICASSO<\/span>\u00a0<\/strong>IN<strong>\u00a0\u00ab\u00a0<em>MINOTAUR, BANDERILLO\u00a0\u00bb<\/em>,<\/strong>\u00a0sa\u00a0CONTRIBUTION au catalogue ACCOMPAGNANT l&rsquo;EXPOSITION: \u00ab\u00a0<em><strong>PICASSO THE MEDITERRANEAN YEARS<img loading=\"lazy\" decoding=\"async\" class=\"alignleft size-medium wp-image-11026\" src=\"http:\/\/www.claude-arnaud.com\/fr\/wp-content\/uploads\/2021\/01\/s-l400-241x300.jpg\" alt=\"\" width=\"241\" height=\"300\" srcset=\"https:\/\/www.claude-arnaud.com\/fr\/wp-content\/uploads\/2021\/01\/s-l400-241x300.jpg 241w, https:\/\/www.claude-arnaud.com\/fr\/wp-content\/uploads\/2021\/01\/s-l400.jpg 321w\" sizes=\"auto, (max-width: 241px) 100vw, 241px\" \/> 1945-1962<\/strong><\/em>\u00a0\u00ab\u00a0(dirig\u00e9 par <span style=\"color: #008000;\"><strong>JOHN RICHARDSON<\/strong><\/span>\u00a0et\u00a0<strong>ELIZABETH COWLING<\/strong>), \u00e0 la<strong>\u00a0GAGOSIAN GALLERie de<\/strong>\u00a0LONDres, en juin 2010,\u00a0<a href=\"https:\/\/www.spectator.co.uk\/article\/picasso-magic\" target=\"_blank\" rel=\"noopener\">PUBLI\u00e9 par RIZZOLI<\/a>\u2026<\/h6>\n<h6><a href=\"http:\/\/www.claude-arnaud.com\/fr\/wp-content\/uploads\/2011\/04\/images2.jpg\" rel=\"group-3\"><img loading=\"lazy\" decoding=\"async\" title=\"images\" src=\"http:\/\/www.claude-arnaud.com\/fr\/wp-content\/uploads\/2011\/04\/images2-150x150.jpg\" alt=\"\" width=\"36\" height=\"36\" \/><\/a>pour trouver ce\u00a0CATALOGUE\u00a0<a title=\"amazon\" href=\"http:\/\/www.amazon.co.uk\/Picasso-Mediterranean-1945-1961-John-Richardson\/dp\/0847835359\" target=\"_blank\" rel=\"noopener\">en grande-bretagne<\/a>\u2026<\/h6>\n<h6><a href=\"http:\/\/www.claude-arnaud.com\/fr\/wp-content\/uploads\/2012\/06\/code-drapeau-americain-L-1.jpg\" rel=\"group-3\"><img loading=\"lazy\" decoding=\"async\" title=\"code-drapeau-americain-L-1\" src=\"http:\/\/www.claude-arnaud.com\/fr\/wp-content\/uploads\/2012\/06\/code-drapeau-americain-L-1-150x150.jpg\" alt=\"\" width=\"31\" height=\"31\" \/><\/a><a title=\"rizzoli\" href=\"http:\/\/www.rizzoliusa.com\/book.php?isbn=9780847835355\" target=\"_blank\" rel=\"noopener\">aux Usa<\/a>\u2026<\/h6>\n<h6><a href=\"http:\/\/www.claude-arnaud.com\/fr\/wp-content\/uploads\/2010\/08\/images10.jpg\" rel=\"group-3\"><img loading=\"lazy\" decoding=\"async\" title=\"images\" src=\"http:\/\/www.claude-arnaud.com\/fr\/wp-content\/uploads\/2010\/08\/images10.jpg\" alt=\"\" width=\"41\" height=\"20\" \/><\/a>au\u00a0<a title=\"amazon.ca\" href=\"http:\/\/www.amazon.ca\/Picasso-The-Mediterranean-Years-1945-1962\/dp\/0847835359\" target=\"_blank\" rel=\"noopener\">CANADA<\/a>\u2026<\/h6>\n<h6><a href=\"http:\/\/www.claude-arnaud.com\/fr\/wp-content\/uploads\/2013\/12\/drapeau-japonais.png\" rel=\"group-3\"><img loading=\"lazy\" decoding=\"async\" title=\"drapeau japonais\" src=\"http:\/\/www.claude-arnaud.com\/fr\/wp-content\/uploads\/2013\/12\/drapeau-japonais-150x150.png\" alt=\"\" width=\"27\" height=\"27\" \/><\/a>au\u00a0<a title=\"calil\" href=\"http:\/\/calil.jp\/book\/0847835359\" target=\"_blank\" rel=\"noopener\">JAPoN<\/a>\u2026<\/h6>\n<\/blockquote>\n<blockquote>\n<blockquote>\n<h6>*A CHAPTER OF THAT BIOGRAPHY, \u00ab\u00a0<strong>A LIFE ASSESSED<\/strong>\u00ab\u00a0,<a href=\"http:\/\/www.claude-arnaud.com\/fr\/wp-content\/uploads\/2016\/01\/gb_drapeau.gif\" rel=\"group-3\"><img loading=\"lazy\" decoding=\"async\" title=\"gb_drapeau\" src=\"http:\/\/www.claude-arnaud.com\/fr\/wp-content\/uploads\/2016\/01\/gb_drapeau-300x149.gif\" alt=\"\" width=\"105\" height=\"52\" \/><\/a>\u00a0HAs BEEN TRANSLATED\u00a0 AND PUBLISHED, <strong>in 2003<\/strong>, BY\u00a0<span style=\"color: #008000;\"><strong>PAUL HOLBERTON PUBLISHING<\/strong><\/span>, IN THE ENGLISH<a href=\"http:\/\/www.claude-arnaud.com\/fr\/wp-content\/uploads\/2009\/05\/190347017x.jpg\" rel=\"group-3\"><img loading=\"lazy\" decoding=\"async\" title=\"190347017x\" src=\"http:\/\/www.claude-arnaud.com\/fr\/wp-content\/uploads\/2009\/05\/190347017x.jpg\" alt=\"\" width=\"158\" height=\"227\" \/><\/a>\u00a0VERSION OF\u00a0 THE\u00a0<strong>COCTEAU\u2019S EXHIBITION (CENTRE POMPIDOU) CATALOGUE<\/strong>.\u00a0<a href=\"http:\/\/www.amazon.com\/Cocteau-Dominique-Paini\/dp\/190347017X\" target=\"_self\" rel=\"noopener\">FIND THAT BOOK IN THE US..<\/a>.<\/h6>\n<\/blockquote>\n<blockquote>\n<h6>*read an excerpt of <span style=\"color: #008000;\"><strong>this chapter<\/strong><\/span>, translated by <span style=\"color: #008000;\"><strong>Trista Selous<\/strong><\/span> : \u201cThe war was coming closer to the capital in that spring of 1942. Sirens regularly drove its inhabitants to seek refuge in shelters, cellars and metro stations, through which they drifted like ghosts with cigarette lighters. On emerging they were met by the sight of patrols of Wehrmacht soldiers singing the Horstwessellied and tanks rolling along the boulevards with very young, blonde soldiers staring down from their turrets. With its German road signs and walls covered in posters encouraging French workers to go and work in Germany to \u0152save Europe from Bolshevism\u201a Paris sometimes appeared to have become deserted once again&#8230;<\/h6>\n<\/blockquote>\n<\/blockquote>\n<blockquote>\n<h6>As in 1916, the emptiness that had overtaken Paris brought <strong>Cocteau<\/strong> closer to <span style=\"color: #008000;\"><strong>Picasso<\/strong><\/span>. The decline of surrealism and the subsequent rise of the Popular Front had enabled the two men to re-establish relations of trust. <strong>Picasso<\/strong> invited <span style=\"color: #008000;\"><strong>Cocteau<\/strong><\/span> to his private views and showed him some canvasses in advance, as he had with Guernica, painted for the Spanish pavillion at the Universal Exhibition of 1937. More than ever <strong>Cocteau<\/strong> saw <span style=\"color: #008000;\"><strong>Picasso<\/strong><\/span> as Creation made flesh, as a kind of household in which man and woman lived all tangled up together, he rough and hard-working, she loving to be seen and flattered. regarded&#8230;<\/h6>\n<\/blockquote>\n<blockquote>\n<h6><img loading=\"lazy\" decoding=\"async\" class=\"alignleft size-full wp-image-1426\" src=\"http:\/\/www.claude-arnaud.com\/fr\/wp-content\/uploads\/2009\/05\/cocteau.jpg\" alt=\"\" width=\"170\" height=\"260\" srcset=\"https:\/\/www.claude-arnaud.com\/fr\/wp-content\/uploads\/2009\/05\/cocteau.jpg 170w, https:\/\/www.claude-arnaud.com\/fr\/wp-content\/uploads\/2009\/05\/cocteau-98x150.jpg 98w\" sizes=\"auto, (max-width: 170px) 100vw, 170px\" \/>They were brought still closer together by the personality of Marais. Though he did not fulfil <strong>Cocteau<\/strong>\u2019s dreams by liking the actor\u2019s paintings, <span style=\"color: #008000;\"><strong>Picasso<\/strong><\/span> wholeheartedly admired <strong>Marais<\/strong>\u201a physique, appreciating it so greatly in Britannicus that he sent <span style=\"color: #008000;\"><strong>Dora Maar<\/strong><\/span> to photograph the performance. But, while <span style=\"color: #008000;\"><strong>Cocteau<\/strong><\/span> celebrated <strong>Marais<\/strong>\u201a faun-like qualities, the painter saw him as a courtesan. <span style=\"color: #008000;\"><strong>Picasso<\/strong><\/span> placed <strong>Marais<\/strong> in front of <span style=\"color: #008000;\"><strong>Brassa\u00ef<\/strong><\/span>\u2019s lens, in the lascivious pose of an odalisque with hands clasped behind his head, at the feet of a female nude he had just bought. Later he asked <strong>Dora Maar<\/strong> to photograph the spectacular young man. Never had <span style=\"color: #008000;\"><strong>Picasso<\/strong><\/span>\u2019s subterranean homosexuality &#8211; which he himself regarded as the natural by product of his hypervirility &#8211; been so powerfully evoked&#8230;<\/h6>\n<\/blockquote>\n<blockquote>\n<h6><\/h6>\n<\/blockquote>\n<h6><\/h6>\n<p><a href=\"http:\/\/www.claude-arnaud.com\/fr\/wp-content\/uploads\/2009\/05\/dsc83291-199x300.jpg\"><img loading=\"lazy\" decoding=\"async\" class=\"aligncenter  wp-image-1316\" title=\"_dsc83291-199x300\" src=\"http:\/\/www.claude-arnaud.com\/fr\/wp-content\/uploads\/2009\/05\/dsc83291-199x300-150x150.jpg\" alt=\"\" width=\"204\" height=\"204\" srcset=\"https:\/\/www.claude-arnaud.com\/fr\/wp-content\/uploads\/2009\/05\/dsc83291-199x300-150x150.jpg 150w, https:\/\/www.claude-arnaud.com\/fr\/wp-content\/uploads\/2009\/05\/dsc83291-199x300-64x64.jpg 64w\" sizes=\"auto, (max-width: 204px) 100vw, 204px\" \/><\/a> <em><span style=\"color: #008000;\">(Photo Hannah, Agence Opale)<\/span><\/em><\/p>\n<p style=\"margin-left: 40px;\">\n","protected":false},"excerpt":{"rendered":"<p>Foreign rights : Anne-Solange Noble, GALLIMARD. Phone: 00331 49544356, fax: 00331 45449403, e-mail : anne-solange.noble@gallimard.fr A l\u2019\u00e9tranger aussi, les r\u00e9actions \u00e0 Ce \u00ab\u00a0Cocteau\u00a0\u00bb ont \u00e9t\u00e9 enthousiastes \u00ab Un biographe a r\u00e9solu l\u2019\u00e9nigme de ce sphinx aux mille secrets. Claude Arnaud, il faut le proclamer tr\u00e8s haut, a men\u00e9 une gigantesque enqu\u00eate \u00e0 son propos, et [&hellip;]<\/p>\n","protected":false},"author":1,"featured_media":0,"parent":36,"menu_order":9,"comment_status":"open","ping_status":"open","template":"","meta":{"footnotes":""},"class_list":["post-44","page","type-page","status-publish","hentry","count-0","even alt","author-admin","last"],"post_mailing_queue_ids":[],"_links":{"self":[{"href":"https:\/\/www.claude-arnaud.com\/fr\/wp-json\/wp\/v2\/pages\/44","targetHints":{"allow":["GET"]}}],"collection":[{"href":"https:\/\/www.claude-arnaud.com\/fr\/wp-json\/wp\/v2\/pages"}],"about":[{"href":"https:\/\/www.claude-arnaud.com\/fr\/wp-json\/wp\/v2\/types\/page"}],"author":[{"embeddable":true,"href":"https:\/\/www.claude-arnaud.com\/fr\/wp-json\/wp\/v2\/users\/1"}],"replies":[{"embeddable":true,"href":"https:\/\/www.claude-arnaud.com\/fr\/wp-json\/wp\/v2\/comments?post=44"}],"version-history":[{"count":154,"href":"https:\/\/www.claude-arnaud.com\/fr\/wp-json\/wp\/v2\/pages\/44\/revisions"}],"predecessor-version":[{"id":15374,"href":"https:\/\/www.claude-arnaud.com\/fr\/wp-json\/wp\/v2\/pages\/44\/revisions\/15374"}],"up":[{"embeddable":true,"href":"https:\/\/www.claude-arnaud.com\/fr\/wp-json\/wp\/v2\/pages\/36"}],"wp:attachment":[{"href":"https:\/\/www.claude-arnaud.com\/fr\/wp-json\/wp\/v2\/media?parent=44"}],"curies":[{"name":"wp","href":"https:\/\/api.w.org\/{rel}","templated":true}]}}