{"id":13664,"date":"2021-12-27T14:18:59","date_gmt":"2021-12-27T13:18:59","guid":{"rendered":"https:\/\/www.claude-arnaud.com\/fr\/?page_id=13664"},"modified":"2025-01-25T14:47:07","modified_gmt":"2025-01-25T13:47:07","slug":"juste-un-corps-abroad-a-letranger","status":"publish","type":"page","link":"https:\/\/www.claude-arnaud.com\/fr\/romans\/juste-un-corps\/juste-un-corps-abroad-a-letranger","title":{"rendered":"Juste un corps : abroad\/ \u00e0 l&rsquo;\u00e9tranger"},"content":{"rendered":"<p><a href=\"https:\/\/www.claude-arnaud.com\/fr\/wp-content\/uploads\/2021\/12\/D23564.jpg\"><img loading=\"lazy\" decoding=\"async\" class=\"alignleft  wp-image-13628\" src=\"https:\/\/www.claude-arnaud.com\/fr\/wp-content\/uploads\/2021\/12\/D23564-205x300.jpg\" alt=\"\" width=\"223\" height=\"327\" srcset=\"https:\/\/www.claude-arnaud.com\/fr\/wp-content\/uploads\/2021\/12\/D23564-205x300.jpg 205w, https:\/\/www.claude-arnaud.com\/fr\/wp-content\/uploads\/2021\/12\/D23564.jpg 312w\" sizes=\"auto, (max-width: 223px) 100vw, 223px\" \/><\/a><strong>FOREIGN RIGHTS : <span style=\"color: #008000;\">Genevi\u00e8ve LEBRUN-TAUGOURDEAU<\/span><\/strong>:\u00a0<\/p>\n<p>+33 (0) 155 426 195<br \/><em><a title=\"Follow link\" href=\"mailto:genevieve.lebrun-taugourdeau@mercure.fr\" target=\"_self\" rel=\"noopener\">genevieve.lebrun-taugourdeau[@]mercure.fr<\/a> <\/em><\/p>\n<h2>*<strong data-rich-text-format-boundary=\"true\">Pour feuilleter les premi\u00e8res pages de <a href=\"https:\/\/www.mercuredefrance.fr\/juste-un-corps\/9782715257115\" target=\"_blank\" rel=\"noopener\"><em>Juste un corps \/ Browse on-line the book<\/em><\/a><\/strong><\/h2>\n<h2>*EN SUISSE<\/h2>\n<p><strong><span style=\"color: #008000;\">Le 20 janvier 2022<\/span>, la Radio T\u00e9l\u00e9vision Suisse<\/strong> a mis en ligne l\u2019interview que<a href=\"https:\/\/www.claude-arnaud.com\/fr\/wp-content\/uploads\/2022\/01\/logo-rts.jpg\"><img loading=\"lazy\" decoding=\"async\" class=\"alignright size-medium wp-image-13731\" src=\"https:\/\/www.claude-arnaud.com\/fr\/wp-content\/uploads\/2022\/01\/logo-rts-300x101.jpg\" alt=\"\" width=\"300\" height=\"101\" srcset=\"https:\/\/www.claude-arnaud.com\/fr\/wp-content\/uploads\/2022\/01\/logo-rts-300x101.jpg 300w, https:\/\/www.claude-arnaud.com\/fr\/wp-content\/uploads\/2022\/01\/logo-rts-1024x346.jpg 1024w, https:\/\/www.claude-arnaud.com\/fr\/wp-content\/uploads\/2022\/01\/logo-rts-768x260.jpg 768w, https:\/\/www.claude-arnaud.com\/fr\/wp-content\/uploads\/2022\/01\/logo-rts-1536x519.jpg 1536w, https:\/\/www.claude-arnaud.com\/fr\/wp-content\/uploads\/2022\/01\/logo-rts.jpg 1852w\" sizes=\"auto, (max-width: 300px) 100vw, 300px\" \/><\/a> <span style=\"color: #008000;\"><strong>Claude ARNAUD<\/strong> <\/span>a accord\u00e9 \u00e0 <strong>C\u00e9line O\u2019CLIN<\/strong> dans le cadre de <strong><span style=\"color: #008000;\">QWERTZ<\/span>, <span lang=\"FR-CH\">la newsletter de la RTS<\/span>,<\/strong> sur son nouveau livre, <em><strong><span style=\"color: #008000;\">JUSTE UN CORPS<\/span>, <\/strong><\/em><strong>paru au <span style=\"color: #008000;\">Mercure<\/span> de France dans la <span style=\"color: #008000;\">collection<em>Traits et portraits<\/em><\/span> dirig\u00e9e par Colette FELLOUS. \u00ab\u00a0<em>Avec Juste un corps<\/em>, <span style=\"color: #008000;\">Claude ARNAUD<\/span> nous livre un \u00e9crit \u00e0 la fois intime et universel<\/strong>,<strong> \u00e9crit <span style=\"color: #008000;\">C\u00e9line O\u2019CLIN<\/span> dans sa pr\u00e9sentation, le tout dans une <span style=\"color: #008000;\">\u00e9criture chaude et profonde<\/span> dont la douceur tranche, par instants, avec<span style=\"color: #008000;\"> l\u2019incroyable crudit\u00e9 et concr\u00e9tude du propos<\/span>(\u2026) <em>Juste un corps<\/em> <span style=\"color: #008000;\">est un livre pas plus lourd que 200g<\/span> et qui peut pr\u00e9tendre nourrir l\u2019entier des corps de toutes celles et ceux <span style=\"color: #008000;\">qui choisiront de se le procurer, de suite, ou plus tard<\/span>. Car il est de telle facture qu\u2019on peut d\u00e9j\u00e0 dire de lui qu\u2019il est <span style=\"color: #008000;\">intemporel<\/span>.\u00a0<\/strong> <a href=\"https:\/\/www.rts.ch\/info\/culture\/livres\/12797145-juste-un-corps-de-claude-arnaud-anatomie-dune-autobiographie.html\" target=\"_blank\" rel=\"noopener\">Pour \u00e9couter l\u2019int\u00e9gralit\u00e9 de cet entretien<\/a>\u2026<\/p>\n<p><a href=\"https:\/\/www.claude-arnaud.com\/fr\/wp-content\/uploads\/2013\/03\/drapeau-suisse-carre\u0301-150x150.png\"><img loading=\"lazy\" decoding=\"async\" class=\"alignleft size-full wp-image-4151\" src=\"https:\/\/www.claude-arnaud.com\/fr\/wp-content\/uploads\/2013\/03\/drapeau-suisse-carre\u0301-150x150.png\" alt=\"\" width=\"150\" height=\"150\" srcset=\"https:\/\/www.claude-arnaud.com\/fr\/wp-content\/uploads\/2013\/03\/drapeau-suisse-carre\u0301-150x150.png 150w, https:\/\/www.claude-arnaud.com\/fr\/wp-content\/uploads\/2013\/03\/drapeau-suisse-carre\u0301-150x150-48x48.png 48w\" sizes=\"auto, (max-width: 150px) 100vw, 150px\" \/><\/a>*Pour trouver <a href=\"https:\/\/www.fr.fnac.ch\/SearchResult\/ResultList.aspx?SCat=0&amp;Search=juste+un+corps+claude+arnaud&amp;sft=1&amp;sa=0\" target=\"_blank\" rel=\"noopener\">ce livre en SUISSE<\/a>..<\/p>\n<h2>*AU CANADA<\/h2>\n<p><a href=\"https:\/\/www.claude-arnaud.com\/fr\/wp-content\/uploads\/2022\/04\/512px-ICI_RDI_logo.svg_.png\"><img loading=\"lazy\" decoding=\"async\" class=\"alignleft size-medium wp-image-14167\" src=\"https:\/\/www.claude-arnaud.com\/fr\/wp-content\/uploads\/2022\/04\/512px-ICI_RDI_logo.svg_-300x116.png\" alt=\"\" width=\"300\" height=\"116\" srcset=\"https:\/\/www.claude-arnaud.com\/fr\/wp-content\/uploads\/2022\/04\/512px-ICI_RDI_logo.svg_-300x116.png 300w, https:\/\/www.claude-arnaud.com\/fr\/wp-content\/uploads\/2022\/04\/512px-ICI_RDI_logo.svg_.png 512w\" sizes=\"auto, (max-width: 300px) 100vw, 300px\" \/><\/a><span style=\"color: #008000;\"><strong>*Le 12 avril 2022<\/strong><\/span>, dans l&rsquo;\u00e9mission \u00ab\u00a0Plus on est de fous, plus on lit!\u00a0\u00bb sur <strong>Radio Canada<\/strong>, <span style=\"color: #008000;\"><strong>Arthur DREYFUS<\/strong><\/span> a chroniqu\u00e9 avec enthousiasme \u00ab\u00a0Juste un corps\u00a0\u00bb devant les micros de <strong>Marie-Louise ARSENAULT<\/strong>. L&rsquo;auteur du \u00ab\u00a0<strong><span style=\"color: #008000;\"><em>Journal sexuel d&rsquo;un gar\u00e7on d&rsquo;aujourd&rsquo;hui<\/em><\/span>\u00ab\u00a0<\/strong> (2011, POL) revient sur ce livre, <strong>qu&rsquo;il situe \u00e0 mi-chemin <span style=\"color: #008000;\">de l&rsquo;essai et de l&rsquo;autobiographie<\/span> apr\u00e8s avoir comment\u00e9 pendant six minutes le r\u00e9sultat du <span style=\"color: #008000;\">premi\u00e8re tour<\/span> de l&rsquo;\u00e9lection Pr\u00e9sidentielle fran\u00e7aise<\/strong>. Pour \u00e9couter cette \u00ab\u00a0<a href=\"https:\/\/ici.radio-canada.ca\/ohdio\/premiere\/emissions\/plus-on-est-de-fous-plus-on-lit\/episodes\/620664\/rattrapage-du-mardi-12-avril-2022\" target=\"_blank\" rel=\"noopener\">Actualit\u00e9 culturelle \u00e0 Paris avec Arthur DREYFUS<\/a>\u00ab\u00a0&#8230;<\/p>\n<p><a href=\"https:\/\/pantoute.leslibraires.ca\/livres\/juste-un-corps-claude-arnaud-9782715257115.html\" target=\"_blank\" rel=\"noopener\">*Pour trouver ce livre au CANADA\/Find the book in Canada<\/a>&#8230; Ou <a href=\"https:\/\/www.gallimardmontreal.com\/catalogue\/livre\/juste-un-corps-arnaud-claude-9782715257115\" target=\"_blank\" rel=\"noopener\">encore<\/a>&#8230; Ou<a href=\"https:\/\/www.claude-arnaud.com\/fr\/wp-content\/uploads\/2022\/02\/langfr-225px-Flag_of_Canada_Pantone.svg_.png\"><img loading=\"lazy\" decoding=\"async\" class=\"alignright  wp-image-14001\" src=\"https:\/\/www.claude-arnaud.com\/fr\/wp-content\/uploads\/2022\/02\/langfr-225px-Flag_of_Canada_Pantone.svg_.png\" alt=\"\" width=\"143\" height=\"72\" \/><\/a> <a href=\"https:\/\/www.renaud-bray.com\/Livre_Numerique_Produit.aspx?id=3593512&amp;def=Juste+un+corps%2CARNAUD%2C+CLAUDE%2C9782715257146\" target=\"_blank\" rel=\"noopener\">m\u00eame<\/a>&#8230; Et <a href=\"https:\/\/www.leslibraires.ca\/livres\/juste-un-corps-claude-arnaud-9782715257115.html\" target=\"_blank\" rel=\"noopener\">encore<\/a>&#8230;<\/p>\n<p>*<a href=\"https:\/\/www.claude-arnaud.com\/fr\/wp-content\/uploads\/2022\/02\/langfr-225px-Flag_of_Belgium.svg_.png\"><img loading=\"lazy\" decoding=\"async\" class=\"alignleft  wp-image-13999\" src=\"https:\/\/www.claude-arnaud.com\/fr\/wp-content\/uploads\/2022\/02\/langfr-225px-Flag_of_Belgium.svg_.png\" alt=\"\" width=\"66\" height=\"57\" \/><\/a>Pour trouver ce livre <a href=\"https:\/\/www.filigranes.be\/juste-un-corps\" target=\"_blank\" rel=\"noopener\">en BELGIQUE<\/a>&#8230; en <a href=\"https:\/\/www.standaardboekhandel.be\/p\/juste-un-corps-9782715257115\" target=\"_blank\" rel=\"noopener\">pays flammand<\/a>.<\/p>\n<p>En <a href=\"https:\/\/www.kobo.com\/nl\/nl\/ebook\/juste-un-corps\" target=\"_blank\" rel=\"noopener\">HOLLANDE<\/a>&#8230;<a href=\"https:\/\/www.claude-arnaud.com\/fr\/wp-content\/uploads\/2013\/03\/drapeau-pays-bas-hollande-neuf-sous-blister-145-cm-x-90-cm-919046027_ML.jpg\"><img loading=\"lazy\" decoding=\"async\" class=\"alignleft  wp-image-5696\" src=\"https:\/\/www.claude-arnaud.com\/fr\/wp-content\/uploads\/2013\/03\/drapeau-pays-bas-hollande-neuf-sous-blister-145-cm-x-90-cm-919046027_ML.jpg\" alt=\"\" width=\"57\" height=\"57\" srcset=\"https:\/\/www.claude-arnaud.com\/fr\/wp-content\/uploads\/2013\/03\/drapeau-pays-bas-hollande-neuf-sous-blister-145-cm-x-90-cm-919046027_ML.jpg 270w, https:\/\/www.claude-arnaud.com\/fr\/wp-content\/uploads\/2013\/03\/drapeau-pays-bas-hollande-neuf-sous-blister-145-cm-x-90-cm-919046027_ML-150x150.jpg 150w, https:\/\/www.claude-arnaud.com\/fr\/wp-content\/uploads\/2013\/03\/drapeau-pays-bas-hollande-neuf-sous-blister-145-cm-x-90-cm-919046027_ML-48x48.jpg 48w\" sizes=\"auto, (max-width: 57px) 100vw, 57px\" \/><\/a><\/p>\n<p><a href=\"https:\/\/www.claude-arnaud.com\/fr\/wp-content\/uploads\/2022\/02\/langfr-225px-Flag_of_Portugal.svg_.png\"><img loading=\"lazy\" decoding=\"async\" class=\"alignleft  wp-image-14000\" src=\"https:\/\/www.claude-arnaud.com\/fr\/wp-content\/uploads\/2022\/02\/langfr-225px-Flag_of_Portugal.svg_.png\" alt=\"\" width=\"92\" height=\"61\" \/><\/a>*Pour trouver ce livre <a href=\"https:\/\/www.bertrand.pt\/livro\/mon-corps-claude-arnaud\/25398240\" target=\"_blank\" rel=\"noopener\">au PORTUGAL<\/a>&#8230;<\/p>\n<p><a href=\"https:\/\/www.claude-arnaud.com\/fr\/wp-content\/uploads\/2022\/02\/langfr-225px-Flag_of_Spain.svg_.png\"><img loading=\"lazy\" decoding=\"async\" class=\"alignleft  wp-image-14041\" src=\"https:\/\/www.claude-arnaud.com\/fr\/wp-content\/uploads\/2022\/02\/langfr-225px-Flag_of_Spain.svg_.png\" alt=\"\" width=\"99\" height=\"66\" \/><\/a>*En <a href=\"https:\/\/www.amazon.es\/Juste-corps-French-Claude-Arnaud-ebook\/dp\/B09NLD9L79\/ref=sr_1_24?qid=1645526877&amp;refinements=p_27%3AClaude+Arnaud&amp;s=books&amp;sr=1-24\" target=\"_blank\" rel=\"noopener\">ESPANA<\/a>&#8230;<\/p>\n<p><a href=\"https:\/\/www.claude-arnaud.com\/fr\/wp-content\/uploads\/2022\/02\/langfr-225px-Flag_of_Italy.svg_.png\"><img loading=\"lazy\" decoding=\"async\" class=\"alignleft  wp-image-14025\" src=\"https:\/\/www.claude-arnaud.com\/fr\/wp-content\/uploads\/2022\/02\/langfr-225px-Flag_of_Italy.svg_.png\" alt=\"\" width=\"101\" height=\"67\" \/><\/a>*Comprare sto libro <a href=\"https:\/\/www.amazon.it\/Juste-corps-Claude-Arnaud\/dp\/2715257112\/ref=sr_1_7?keywords=claude+arnaud&amp;qid=1645363800&amp;s=books&amp;sr=1-7\" target=\"_blank\" rel=\"noopener\">in ITALIA<\/a>&#8230;<\/p>\n<p><a href=\"https:\/\/www.claude-arnaud.com\/fr\/wp-content\/uploads\/2013\/11\/langfr-225px-Flag_of_Tunisia.svg_.png\"><img loading=\"lazy\" decoding=\"async\" class=\"alignleft  wp-image-5714\" src=\"https:\/\/www.claude-arnaud.com\/fr\/wp-content\/uploads\/2013\/11\/langfr-225px-Flag_of_Tunisia.svg_.png\" alt=\"\" width=\"104\" height=\"69\" \/><\/a>Et <a href=\"https:\/\/www.alkitab.tn\/listeliv.php?base=&amp;form_recherche_avancee=ok&amp;auteurs=Claude%20Arnaud\" target=\"_blank\" rel=\"noopener\">en TUNISIE<\/a>&#8230;<\/p>\n\n\n<p><\/p>\n\n\n<h2>*IN THE U.K.<\/h2>\n<p><a href=\"https:\/\/www.claude-arnaud.com\/fr\/wp-content\/uploads\/2022\/02\/langfr-225px-Flag_of_the_United_Kingdom_3-5.svg_.png\"><img loading=\"lazy\" decoding=\"async\" class=\"alignleft  wp-image-14004\" src=\"https:\/\/www.claude-arnaud.com\/fr\/wp-content\/uploads\/2022\/02\/langfr-225px-Flag_of_the_United_Kingdom_3-5.svg_.png\" alt=\"\" width=\"96\" height=\"58\"><\/a>Get <span style=\"color: #008000;\"><em><strong>Just un corps<\/strong><\/em><\/span> <a href=\"https:\/\/www.amazon.co.uk\/Juste-corps-French-Claude-Arnaud-ebook\/dp\/B09NLD9L79\/ref=sr_1_4?qid=1645269145&amp;refinements=p_27%3AClaude+Arnaud&amp;s=digital-text&amp;sr=1-4\" target=\"_blank\" rel=\"noopener\">in the U.K&#8230;<\/a><\/p>\n\n\n<p><\/p>\n\n\n\n<p><\/p>\n","protected":false},"excerpt":{"rendered":"<p>FOREIGN RIGHTS : Genevi\u00e8ve LEBRUN-TAUGOURDEAU:\u00a0 +33 (0) 155 426 195genevieve.lebrun-taugourdeau[@]mercure.fr *Pour feuilleter les premi\u00e8res pages de Juste un corps \/ Browse on-line the book *EN SUISSE Le 20 janvier 2022, la Radio T\u00e9l\u00e9vision Suisse a mis en ligne l\u2019interview que Claude ARNAUD a accord\u00e9 \u00e0 C\u00e9line O\u2019CLIN dans le cadre de QWERTZ, la newsletter de [&hellip;]<\/p>\n","protected":false},"author":2,"featured_media":0,"parent":13653,"menu_order":3,"comment_status":"closed","ping_status":"closed","template":"","meta":{"footnotes":""},"class_list":["post-13664","page","type-page","status-publish","hentry","count-0","even alt","author-claude-arnaud","last"],"post_mailing_queue_ids":[],"_links":{"self":[{"href":"https:\/\/www.claude-arnaud.com\/fr\/wp-json\/wp\/v2\/pages\/13664","targetHints":{"allow":["GET"]}}],"collection":[{"href":"https:\/\/www.claude-arnaud.com\/fr\/wp-json\/wp\/v2\/pages"}],"about":[{"href":"https:\/\/www.claude-arnaud.com\/fr\/wp-json\/wp\/v2\/types\/page"}],"author":[{"embeddable":true,"href":"https:\/\/www.claude-arnaud.com\/fr\/wp-json\/wp\/v2\/users\/2"}],"replies":[{"embeddable":true,"href":"https:\/\/www.claude-arnaud.com\/fr\/wp-json\/wp\/v2\/comments?post=13664"}],"version-history":[{"count":46,"href":"https:\/\/www.claude-arnaud.com\/fr\/wp-json\/wp\/v2\/pages\/13664\/revisions"}],"predecessor-version":[{"id":16537,"href":"https:\/\/www.claude-arnaud.com\/fr\/wp-json\/wp\/v2\/pages\/13664\/revisions\/16537"}],"up":[{"embeddable":true,"href":"https:\/\/www.claude-arnaud.com\/fr\/wp-json\/wp\/v2\/pages\/13653"}],"wp:attachment":[{"href":"https:\/\/www.claude-arnaud.com\/fr\/wp-json\/wp\/v2\/media?parent=13664"}],"curies":[{"name":"wp","href":"https:\/\/api.w.org\/{rel}","templated":true}]}}