{"id":13661,"date":"2021-12-27T14:16:39","date_gmt":"2021-12-27T13:16:39","guid":{"rendered":"https:\/\/www.claude-arnaud.com\/fr\/?page_id=13661"},"modified":"2025-01-24T18:54:21","modified_gmt":"2025-01-24T17:54:21","slug":"juste-un-corps-en-france","status":"publish","type":"page","link":"https:\/\/www.claude-arnaud.com\/fr\/romans\/juste-un-corps\/juste-un-corps-en-france","title":{"rendered":"Juste un corps : en France"},"content":{"rendered":"<p><a href=\"https:\/\/www.claude-arnaud.com\/fr\/wp-content\/uploads\/2021\/12\/D23564.jpg\"><img loading=\"lazy\" decoding=\"async\" class=\"alignleft size-medium wp-image-13628\" src=\"https:\/\/www.claude-arnaud.com\/fr\/wp-content\/uploads\/2021\/12\/D23564-205x300.jpg\" alt=\"\" width=\"205\" height=\"300\" srcset=\"https:\/\/www.claude-arnaud.com\/fr\/wp-content\/uploads\/2021\/12\/D23564-205x300.jpg 205w, https:\/\/www.claude-arnaud.com\/fr\/wp-content\/uploads\/2021\/12\/D23564.jpg 312w\" sizes=\"auto, (max-width: 205px) 100vw, 205px\" \/><\/a><strong>-Pour feuilleter les premi\u00e8res pages<\/strong> de <a href=\"https:\/\/r.cantook.com\/eden\/sample\/aHR0cHM6Ly93d3cuZWRlbmxpdnJlcy5mci9zYW1wbGUvNzM1MDI1L3dlYl9yZWFkZXJfbWFuaWZlc3Q_Zm9ybWF0X25hdHVyZT1wZGYmc2lnaWQ9MTY4NzkyMzY5MiZzaWduYXR1cmU9NDM3YmUyNTcwOWU0OGY3ZTUyZGY5YjE3MjJkMzgzZTk3MWE2ZjFiZTk0MGQ1ZWM2MzQ3YmRkNWM1NGIzOWMzNQ\" target=\"_blank\" rel=\"noopener\"><strong><em>Juste un corps<\/em><\/strong>.<\/a>..<\/p>\n<h2>*<span style=\"color: #008000;\">DANS LA PRESSE<\/span><\/h2>\n<p><strong>*<span style=\"color: #008000;\">Dans son num\u00e9ro 154<\/span><\/strong> dat\u00e9 de janvier 2022, le mensuel <strong>TRANSFUGE<\/strong> met en lumi\u00e8re <em><strong>JUSTE UN CORPS<\/strong>. <\/em>Intitul\u00e9 \u00ab\u00a0<strong>Dans ses<a href=\"https:\/\/www.claude-arnaud.com\/fr\/wp-content\/uploads\/2022\/01\/1640539435_transfuge_2022_01_fr_downmagaz_net.webp\"><img loading=\"lazy\" decoding=\"async\" class=\"alignright size-full wp-image-13678\" src=\"https:\/\/www.claude-arnaud.com\/fr\/wp-content\/uploads\/2022\/01\/1640539435_transfuge_2022_01_fr_downmagaz_net.webp\" alt=\"\" width=\"221\" height=\"300\" \/><\/a> narines\u00a0\u00bb<\/strong>, l\u2019article de<span style=\"color: #008000;\"> <strong>Vincent JAURY<\/strong><\/span> c\u00e9l\u00e8bre un texte \u00ab\u00a0<strong>d\u2019une tr\u00e8s grande maitrise<\/strong> \u00bb et commence ainsi :\u00a0 \u00ab\u00a0<span style=\"color: #008000;\"><strong>CLAUDE ARNAUD <\/strong><\/span>n\u2019\u00e9crit jamais aussi\u00a0 bien que lorsqu\u2019il <strong>entreprend des r\u00e9cits hybrides<\/strong>. On se souvient de <strong>son tr\u00e8s beau<\/strong> <span style=\"color: #008000;\"><em><strong>Qui dit je en nous?<\/strong><\/em> <\/span>Et l\u00e0, il re-signe un bel ouvrage, de <strong>cette langue classique, ligne claire et \u00e9gale<\/strong>, <span style=\"color: #008000;\"><strong><em>Juste un corps<\/em><\/strong>.<\/span> L\u2019exercice est simple, quoique <strong>d\u2019une complexit\u00e9 consid\u00e9rable <\/strong>: <span style=\"color: #008000;\"><strong>CLAUDE ARNAUD<\/strong><\/span> s\u2019attelle \u00e0 se diss\u00e9quer\u2026 sous <strong>toutes ses coutures<\/strong>. \u00a0\u00bb Pour lire <a href=\"https:\/\/www.claude-arnaud.com\/fr\/wp-content\/uploads\/2022\/01\/TRANSFUGE-Janvier-2022.pdf\">cet article in-extenso<\/a>\u2026<\/p>\n<p><strong><a href=\"https:\/\/www.claude-arnaud.com\/fr\/wp-content\/uploads\/2022\/01\/logo-mini-dk.webp\"><img loading=\"lazy\" decoding=\"async\" class=\"alignleft  wp-image-13766\" src=\"https:\/\/www.claude-arnaud.com\/fr\/wp-content\/uploads\/2022\/01\/logo-mini-dk-300x200.webp\" alt=\"\" width=\"237\" height=\"158\" srcset=\"https:\/\/www.claude-arnaud.com\/fr\/wp-content\/uploads\/2022\/01\/logo-mini-dk-300x200.webp 300w, https:\/\/www.claude-arnaud.com\/fr\/wp-content\/uploads\/2022\/01\/logo-mini-dk.webp 470w\" sizes=\"auto, (max-width: 237px) 100vw, 237px\" \/><\/a>*Le 6 janvier 2022<\/strong>, le magazine en ligne <span style=\"color: #008000;\"><em><strong>DIACRITIK<\/strong><\/em><\/span> accueillie sous la plume experte de <strong>Jean-Pierre CESCOSSE<\/strong> la sortie <strong>en librairie<\/strong> de <span style=\"color: #008000;\"><em><strong>JUSTE UN CORPS<\/strong><\/em><\/span>.\u00a0 Intitul\u00e9 <em><strong>Le corps du Claude: portrait de l\u2019\u00e9crivain dans le vif<\/strong><\/em>, l&rsquo;article <span style=\"color: #008000;\"><strong>met en exergue<\/strong><\/span> le parcours de l\u2019auteur de <span style=\"color: #008000;\"><strong><em>Chamfort <\/em><\/strong><\/span>(Robert Laffont, 1987) et de <strong><em>Proust contre Cocteau <\/em><\/strong>(Grasset, 2013). \u00ab\u00a0<span style=\"color: #008000;\"><strong>Il n\u2019est pas impossible que ces deux livres<\/strong><\/span> aient pu inspirer \u00e0 des lecteurs l\u2019envie de recourir au <strong>mot \u00ab chef d\u2019\u0153uvre \u00bb<\/strong>, \u00e9crit <span style=\"color: #008000;\"><strong>Jean-Pierre CESCOSSE<\/strong><\/span>. Sans me porter \u00e0 ces extr\u00e9mit\u00e9s (<strong>dans l\u2019incapacit\u00e9 <span style=\"color: #008000;\">o\u00f9 je me trouve de d\u00e9finir<\/span> en quoi consiste pr\u00e9cis\u00e9ment <span style=\"color: #008000;\">un \u00ab chef-d\u2019\u0153uvre \u00bb<\/span><\/strong>), je me contenterai de souligner qu\u2019outre leur <strong>pr\u00e9cieux contenu informatif<\/strong>, <strong>il est ind\u00e9niable que des <span style=\"color: #008000;\">lectures r\u00e9it\u00e9r\u00e9es<\/span> n\u2019en \u00e9puisent ni la <span style=\"color: #008000;\">substance<\/span> ni la singularit\u00e9<\/strong>. <span id=\"more-84960\"><\/span>C\u2019est dire si <strong><span style=\"color: #008000;\"><em>Juste un corps<\/em><\/span>,<\/strong> qui vient de para\u00eetre au <strong>Mercure de France<\/strong> dans la collection <em><strong>Traits et portraits<\/strong><\/em> dirig\u00e9e par <strong><a href=\"https:\/\/diacritik.com\/category\/colette-fellous\/\" target=\"_blank\" rel=\"noopener\">Colette FELLOUS<\/a><\/strong>, se devait de tenir la route. <strong>Pactiser avec le m\u00e9diocre ferait <span style=\"color: #008000;\">offense<\/span> \u00e0 ces impressionnants pr\u00e9d\u00e9cesseurs. <span style=\"color: #008000;\">Mettons un terme au suspense<\/span> : ce n\u2019est pas le cas.\u00a0\u00bb Pour lire cet <a href=\"https:\/\/diacritik.com\/2022\/01\/06\/le-corps-du-claude-portrait-de-lecrivain-dans-le-vif\/\" target=\"_blank\" rel=\"noopener\">article in extenso<\/a>\u2026<\/strong><\/p>\n<p><a href=\"https:\/\/www.claude-arnaud.com\/fr\/wp-content\/uploads\/2022\/01\/Te\u0301le\u0301rama_logo.png\"><img loading=\"lazy\" decoding=\"async\" class=\"alignleft size-medium wp-image-13717\" src=\"https:\/\/www.claude-arnaud.com\/fr\/wp-content\/uploads\/2022\/01\/Te\u0301le\u0301rama_logo-300x109.png\" sizes=\"auto, (max-width: 300px) 100vw, 300px\" srcset=\"https:\/\/www.claude-arnaud.com\/fr\/wp-content\/uploads\/2022\/01\/Te\u0301le\u0301rama_logo-300x109.png 300w, https:\/\/www.claude-arnaud.com\/fr\/wp-content\/uploads\/2022\/01\/Te\u0301le\u0301rama_logo-1024x372.png 1024w, https:\/\/www.claude-arnaud.com\/fr\/wp-content\/uploads\/2022\/01\/Te\u0301le\u0301rama_logo-768x279.png 768w, https:\/\/www.claude-arnaud.com\/fr\/wp-content\/uploads\/2022\/01\/Te\u0301le\u0301rama_logo-1536x558.png 1536w, https:\/\/www.claude-arnaud.com\/fr\/wp-content\/uploads\/2022\/01\/Te\u0301le\u0301rama_logo.png 1870w\" alt=\"\" width=\"300\" height=\"109\" \/><\/a>Dans le num\u00e9ro de <strong>TELERAMA<\/strong> dat\u00e9 du mercredi 12\u00a0 octobre 2022, <a href=\"https:\/\/www.claude-arnaud.com\/fr\/wp-content\/uploads\/2022\/01\/IMG_6677.png\"><img loading=\"lazy\" decoding=\"async\" class=\"alignright  wp-image-13723\" src=\"https:\/\/www.claude-arnaud.com\/fr\/wp-content\/uploads\/2022\/01\/IMG_6677-225x300.png\" sizes=\"auto, (max-width: 274px) 100vw, 274px\" srcset=\"https:\/\/www.claude-arnaud.com\/fr\/wp-content\/uploads\/2022\/01\/IMG_6677-225x300.png 225w, https:\/\/www.claude-arnaud.com\/fr\/wp-content\/uploads\/2022\/01\/IMG_6677-768x1024.png 768w, https:\/\/www.claude-arnaud.com\/fr\/wp-content\/uploads\/2022\/01\/IMG_6677-1152x1536.png 1152w, https:\/\/www.claude-arnaud.com\/fr\/wp-content\/uploads\/2022\/01\/IMG_6677-1536x2048.png 1536w\" alt=\"\" width=\"274\" height=\"365\" \/><\/a> <a href=\"https:\/\/www.claude-arnaud.com\/fr\/wp-content\/uploads\/2022\/01\/IMG_6677.tiff\"><img loading=\"lazy\" decoding=\"async\" class=\"alignleft size-medium wp-image-13724\" src=\"https:\/\/www.claude-arnaud.com\/fr\/wp-content\/uploads\/2022\/01\/IMG_6677.tiff\" alt=\"\" width=\"1\" height=\"1\" \/><\/a><span style=\"color: #008000;\"><strong>St\u00e9phane ELHES<\/strong><\/span> \u00e9crit: \u00ab\u00a0<strong>Un \u00e9crivain est aussi un corps.<\/strong> Trenti\u00e8me auteur invit\u00e9 \u00e0 se livrer \u00e0 l\u2019exercice de l\u2019autoportrait dans <strong><span style=\"color: #008000;\">l\u2019originale et belle collection<\/span> <em>Traits et portraits<\/em><\/strong>, <span style=\"color: #008000;\"><strong>Claude ARNAUD<\/strong> <\/span>choisit ainsi de donner la parole (<strong>mots, <span style=\"color: #008000;\">phrases<\/span> et images \u00e0<\/strong><br \/>\n<strong>l\u2019appui<\/strong>) \u00e0 cet amas de <strong>muscles, <span style=\"color: #008000;\">visc\u00e8res<\/span> et art\u00e8res<\/strong> qui forme cependant un ensemble de 1,83 m\u00e8tre pour 72 kilos, <strong>mains de pianiste <span style=\"color: #008000;\">et pied grec<\/span>,<\/strong> mais qui \u00abne [se]comprend gu\u00e8re\u00bb. <strong>Juste un corps, donc. <span style=\"color: #008000;\">Et Claude ARNAUD<\/span><\/strong> d\u2019\u00e9voquer les \u00e9tapes de sa vie par ce prisme physique\u2026 \u00bb Pour lire cet <a href=\"https:\/\/www.claude-arnaud.com\/fr\/wp-content\/uploads\/2022\/01\/2022-01-12-TELERAMA-Du-15-au-21-janvier-2022-10000000062361440.pdf\">article in extenso<\/a>\u2026<\/p>\n<p><span style=\"color: #008000;\"><strong><a href=\"https:\/\/www.claude-arnaud.com\/fr\/wp-content\/uploads\/2013\/07\/inrocks.jpg\"><img loading=\"lazy\" decoding=\"async\" class=\"alignleft  wp-image-3753\" src=\"https:\/\/www.claude-arnaud.com\/fr\/wp-content\/uploads\/2013\/07\/inrocks.jpg\" alt=\"\" width=\"167\" height=\"114\" \/><\/a>Le 26 janvier 2022<\/strong>,<\/span> <strong>G\u00e9rard LEFORT<\/strong> a salu\u00e9, sur le site des <span style=\"color: #008000;\"><em><strong>INROCKS<\/strong><\/em><\/span>, un <strong>\u00ab\u00a0bel autoportrait fun\u00e9raire et plein de vie. \u00bb\u00a0\u00bb<\/strong>Dans <em><strong>l\u2019Ethique<\/strong><\/em>, \u00e9crit-il, <span style=\"color: #008000;\"><strong>SPINOZA<\/strong> <\/span>sugg\u00e8re qu\u2019il y a un \u00ab\u00a0<strong>incorporel des corps<\/strong> <strong><span style=\"color: #008000;\">aussi puissant<\/span> que l\u2019inconscient de la pens\u00e9e\u00a0\u00bb<\/strong>. <span style=\"color: #008000;\"><strong>Claude ARNAUD<\/strong><\/span> dans son <strong><em>Juste un Corps<\/em><\/strong> m\u00eale ses deux sp\u00e9cialit\u00e9s litt\u00e9raires, <strong>l\u2019autobiographie et <span style=\"color: #008000;\">l\u2019essai<\/span>.<\/strong>..\u00a0\u00bb Pour lire la suite <a href=\"https:\/\/www.claude-arnaud.com\/fr\/wp-content\/uploads\/2022\/01\/Les-Inrocks-26-janvier.pdf\">de cet article<\/a>\u2026<\/p>\n<p><strong><a href=\"https:\/\/www.claude-arnaud.com\/fr\/wp-content\/uploads\/2022\/01\/CodingAndBricks_LePoint_fr-500x142-1.jpg\"><img loading=\"lazy\" decoding=\"async\" class=\"alignleft size-medium wp-image-13784\" src=\"https:\/\/www.claude-arnaud.com\/fr\/wp-content\/uploads\/2022\/01\/CodingAndBricks_LePoint_fr-500x142-1-300x85.jpg\" alt=\"\" width=\"300\" height=\"85\" srcset=\"https:\/\/www.claude-arnaud.com\/fr\/wp-content\/uploads\/2022\/01\/CodingAndBricks_LePoint_fr-500x142-1-300x85.jpg 300w, https:\/\/www.claude-arnaud.com\/fr\/wp-content\/uploads\/2022\/01\/CodingAndBricks_LePoint_fr-500x142-1.jpg 500w\" sizes=\"auto, (max-width: 300px) 100vw, 300px\" \/><\/a>Dans <span style=\"color: #008000;\">LE POINT n\u00b02581<\/span><\/strong>, dat\u00e9 du 27 janvier 2022, <strong>Michel SCHNEIDER<\/strong> rend compte du dernier livre de <span style=\"color: #008000;\"><strong>Claude ARNAUD<\/strong><\/span> dans un \u00ab\u00a0papier\u00a0\u00bb intitul\u00e9 \u00ab\u00a0EN CORPS\u00a0\u00bb qui commence ainsi: \u00ab\u00a0<span style=\"color: #008000;\"><strong>Qui d\u2019entre nous dans la maladie<\/strong><\/span> n\u2019a souffert <strong><em>d\u2019avoir juste un corps<\/em><\/strong>? <strong><span style=\"color: #008000;\">Qui n\u2019a joui dans l\u2019amour<\/span> <em>d\u2019\u00eatre juste un corps<\/em><\/strong>? <strong>Et quand le corps <span style=\"color: #008000;\">appartient \u00e0 un \u00e9crivain<\/span><\/strong>\u2026 comment se jouent, se nouent, <strong>se combattent<\/strong>, <strong>le travail (\u2026) et les<span style=\"color: #008000;\"> plaisirs physiques <\/span><\/strong>(\u2026)? <strong>Pour lire cet article<\/strong> <a href=\"https:\/\/www.claude-arnaud.com\/fr\/wp-content\/uploads\/2022\/01\/2022-01-27-LE-POINT-27-janvier-2022-10000000062444339.pdf\">in extenso<\/a>\u2026.<\/p>\n<p>Dans son feuilleton pour <em><strong>Le Monde des Livres<\/strong><\/em> dat\u00e9 du vendredi 4 f\u00e9vrier 2022, <span style=\"color: #008000;\"><strong>Camille LAURENS<\/strong><\/span> analyse<strong> avec<a href=\"https:\/\/www.claude-arnaud.com\/fr\/wp-content\/uploads\/2009\/05\/logo-du-journal-le-monde-400x266.jpg\"><img loading=\"lazy\" decoding=\"async\" class=\"alignright size-medium wp-image-5839\" src=\"https:\/\/www.claude-arnaud.com\/fr\/wp-content\/uploads\/2009\/05\/logo-du-journal-le-monde-400x266-300x199.jpg\" alt=\"\" width=\"300\" height=\"199\" srcset=\"https:\/\/www.claude-arnaud.com\/fr\/wp-content\/uploads\/2009\/05\/logo-du-journal-le-monde-400x266-300x199.jpg 300w, https:\/\/www.claude-arnaud.com\/fr\/wp-content\/uploads\/2009\/05\/logo-du-journal-le-monde-400x266.jpg 400w\" sizes=\"auto, (max-width: 300px) 100vw, 300px\" \/><\/a> une grande finesse, <span style=\"color: #008000;\">dans un article intitul\u00e9<\/span><\/strong> <em><strong>La peau sur les mots,<\/strong> <\/em>les enjeux physiques et <strong>litt\u00e9raire<\/strong>s de <span style=\"color: #008000;\"><strong><em>JUSTE EN CORPS<\/em><\/strong><\/span>, tout en resituant ce livre dans <strong>la trajectoire\u00a0 de son auteur. \u00ab\u00a0<span style=\"color: #008000;\">Les lecteurs de son essai<\/span> <em>QUI DIT JE EN NOUS?<\/em><\/strong> (Grasset 2006) ne seront pas surpris du rapport ambivalent que <span style=\"color: #008000;\"><strong>Claude ARNAUD<\/strong><\/span> entretient avec son corps. <em><strong>\u00ab\u00a0Je ne fais pas corps avec lui\u00a0\u00bb,\u00a0<\/strong><\/em>\u00e9crit-il plaisamment. Le jeune homme \u00ab\u00a0<strong>cam\u00e9lon<\/strong>\u00a0\u00bb <span style=\"color: #008000;\"><strong>au pr\u00e9nom \u00e9pic\u00e8ne<\/strong><\/span> attir\u00e9 par <strong>les gar\u00e7ons et les fortes personnalit\u00e9s<\/strong>, aurait parfois volontiers chang\u00e9 <strong><span style=\"color: #008000;\">de tunique existentielle<\/span>.<\/strong>..\u00a0\u00bb Pour lire in extenso cet article <a href=\"https:\/\/www.claude-arnaud.com\/fr\/wp-content\/uploads\/2022\/02\/LE-MONDE-DES-LIVRES-04-fevrier-2022.pdf\">du Monde des Livres<\/a>\u2026<\/p>\n<p><strong><span style=\"color: #008000;\"><a href=\"https:\/\/www.claude-arnaud.com\/fr\/wp-content\/uploads\/2013\/07\/artpress-logo.png\"><img loading=\"lazy\" decoding=\"async\" class=\"alignleft size-medium wp-image-4064\" src=\"https:\/\/www.claude-arnaud.com\/fr\/wp-content\/uploads\/2013\/07\/artpress-logo-300x176.png\" alt=\"\" width=\"300\" height=\"176\" srcset=\"https:\/\/www.claude-arnaud.com\/fr\/wp-content\/uploads\/2013\/07\/artpress-logo-300x176.png 300w, https:\/\/www.claude-arnaud.com\/fr\/wp-content\/uploads\/2013\/07\/artpress-logo-1024x604.png 1024w, https:\/\/www.claude-arnaud.com\/fr\/wp-content\/uploads\/2013\/07\/artpress-logo.png 1090w\" sizes=\"auto, (max-width: 300px) 100vw, 300px\" \/><\/a>Jacques HENRIC<\/span> consacre, dans le num\u00e9ro 498 du <span style=\"color: #008000;\">mensuel ARTPRESS<\/span><\/strong> dat\u00e9 d\u2019avril 2022, sa chronique litt\u00e9raire \u00e0 <em><strong>JUSTE UN CORPS<\/strong><\/em> \u2013<strong> un article aussi <span style=\"color: #008000;\">chaleureux et aigu<\/span> que bienveillant<\/strong>. \u00ab\u00a0<strong>Voulant rompre avec un corps et un visage<\/strong> qui vers 18-20 ans le faisaient appeler \u00ab\u00a0Mademoiselle\u00a0\u00bb et ressembler, selon un de ses amants<strong>, <span style=\"color: #008000;\">\u00e0 Silvana MANGANO<\/span><\/strong> (dessin et photo tout \u00e0 fait convainquant), \u00e9crit-il, <span style=\"color: #008000;\"><strong>Claude ARNAUD<\/strong><\/span> va entreprendre de se donner \u00e0 l\u2019exemple de <strong>MISHIMA<\/strong> un \u00ab\u00a0corps dur, viril, asc\u00e9tique\u00a0\u00bb. <strong><span style=\"color: #008000;\">H\u00e9las! s\u2019affamant \u00e0 l\u2019exc\u00e8s<\/span>,<\/strong> le voil\u00e0 devenu <strong>anorexique. <span style=\"color: #008000;\">Il lui faut tout reprendre.<\/span><\/strong> C\u2019est alors que lui vient <strong>une conscience nouvelle de ce qu\u2019est un corps<\/strong>: <strong>\u00ab<span style=\"color: #008000;\">\u00a0Un moulin ayant besoin constant d\u2019eau, de vent, de soleil et de farine pour tourner\u00a0\u00bb<\/span><\/strong>. Pour lire cet <a href=\"https:\/\/www.claude-arnaud.com\/fr\/wp-content\/uploads\/2022\/04\/ART-PRESS-Avril-2022.pdf\">article in extenso<\/a>\u2026<\/p>\n<p><strong><span style=\"color: #008000;\">Dans son \u00e9dition du 30 mars 2022<\/span>, le quotidien SUD-OUEST<\/strong> publie quant \u00e0 lui un bel article<a href=\"https:\/\/www.claude-arnaud.com\/fr\/wp-content\/uploads\/2017\/10\/logo-sud-ouest-300x270.jpg\"><img loading=\"lazy\" decoding=\"async\" class=\"alignright  wp-image-8504\" src=\"https:\/\/www.claude-arnaud.com\/fr\/wp-content\/uploads\/2017\/10\/logo-sud-ouest-300x270.jpg\" alt=\"\" width=\"196\" height=\"176\" \/><\/a> d\u2019<span style=\"color: #008000;\"><strong>Isabelle BUNISSET<\/strong><\/span>. Pour lire <a href=\"https:\/\/www.claude-arnaud.com\/fr\/wp-content\/uploads\/2022\/04\/Sudouest.fr-30-March.pdf\">ce papier in extenso<\/a>\u2026<\/p>\n<p><a href=\"https:\/\/www.mercuredefrance.fr\/juste-un-corps\/9782715257115\" target=\"_blank\" rel=\"noopener\"><strong>*Pour en savoir plus&#8230;<\/strong><\/a><\/p>\n<h2><span style=\"color: #008000;\">*A LA RADIO<\/span><\/h2>\n<div class=\"post-content clear-block\">\n<p><strong><a href=\"https:\/\/www.claude-arnaud.com\/fr\/wp-content\/uploads\/2022\/02\/arton5739-1bf1b.jpg\"><img loading=\"lazy\" decoding=\"async\" class=\"alignleft  wp-image-13801\" src=\"https:\/\/www.claude-arnaud.com\/fr\/wp-content\/uploads\/2022\/02\/arton5739-1bf1b-200x300.jpg\" sizes=\"auto, (max-width: 147px) 100vw, 147px\" srcset=\"https:\/\/www.claude-arnaud.com\/fr\/wp-content\/uploads\/2022\/02\/arton5739-1bf1b-200x300.jpg 200w, https:\/\/www.claude-arnaud.com\/fr\/wp-content\/uploads\/2022\/02\/arton5739-1bf1b.jpg 400w\" alt=\"\" width=\"147\" height=\"221\" \/><\/a>CLAUDE ARNAUD<\/strong> a \u00e9t\u00e9 l\u2019invit\u00e9 en direct de <strong>Val\u00e8re-Marie MARCHAND<\/strong> sur <strong>Radio-Libertaire<\/strong>, dans le cadre de son excellente \u00e9mission hebdomadaire <strong>BIBLIOMANIE, le 3 f\u00e9vrier 2022, de 15h \u00e0 16.30<\/strong>. <strong>Pour <a href=\"https:\/\/www.anarchiste.info\/radio\/libertaire\/emission\/bibliomanie\/\" target=\"_blank\" rel=\"noopener\">retrouver cette \u00e9mission en podcast.<\/a>..<br \/>\n<\/strong><\/p>\n<p><strong> Pour feuilleter les premi\u00e8res pages de <a href=\"https:\/\/www.mercuredefrance.fr\/juste-un-corps\/9782715257115\" target=\"_blank\" rel=\"noopener\"><em>Juste un corps<\/em><\/a>\u2026<\/strong><\/p>\n<h2><span style=\"color: #008000;\">*DANS LES LIBRAIRIES<\/span><\/h2>\n<p><strong>Le 17 f\u00e9vrier 2022, <span style=\"color: #008000;\">CLAUDE ARNAUD<\/span><\/strong><span style=\"color: #008000;\">\u00a0<\/span> pr\u00e9sent\u00e9 \u00ab\u00a0<em><strong>JUSTE UN CORPS<\/strong><\/em>\u00a0\u00bb \u00e0 la libraire<a href=\"https:\/\/www.claude-arnaud.com\/fr\/wp-content\/uploads\/2022\/10\/IMG_7957-scaled.jpg\"><img loading=\"lazy\" decoding=\"async\" class=\"alignright size-medium wp-image-14623\" src=\"https:\/\/www.claude-arnaud.com\/fr\/wp-content\/uploads\/2022\/10\/IMG_7957-225x300.jpg\" alt=\"\" width=\"225\" height=\"300\" srcset=\"https:\/\/www.claude-arnaud.com\/fr\/wp-content\/uploads\/2022\/10\/IMG_7957-225x300.jpg 225w, https:\/\/www.claude-arnaud.com\/fr\/wp-content\/uploads\/2022\/10\/IMG_7957-768x1024.jpg 768w, https:\/\/www.claude-arnaud.com\/fr\/wp-content\/uploads\/2022\/10\/IMG_7957-1152x1536.jpg 1152w, https:\/\/www.claude-arnaud.com\/fr\/wp-content\/uploads\/2022\/10\/IMG_7957-1536x2048.jpg 1536w, https:\/\/www.claude-arnaud.com\/fr\/wp-content\/uploads\/2022\/10\/IMG_7957-scaled.jpg 1920w\" sizes=\"auto, (max-width: 225px) 100vw, 225px\" \/><\/a> <strong><span style=\"color: #008000;\"><a href=\"https:\/\/www.claude-arnaud.com\/fr\/wp-content\/uploads\/2022\/10\/IMG_0308-scaled.jpg\"><img loading=\"lazy\" decoding=\"async\" class=\"alignleft size-medium wp-image-14624\" src=\"https:\/\/www.claude-arnaud.com\/fr\/wp-content\/uploads\/2022\/10\/IMG_0308-225x300.jpg\" alt=\"\" width=\"225\" height=\"300\" srcset=\"https:\/\/www.claude-arnaud.com\/fr\/wp-content\/uploads\/2022\/10\/IMG_0308-225x300.jpg 225w, https:\/\/www.claude-arnaud.com\/fr\/wp-content\/uploads\/2022\/10\/IMG_0308-768x1024.jpg 768w, https:\/\/www.claude-arnaud.com\/fr\/wp-content\/uploads\/2022\/10\/IMG_0308-1152x1536.jpg 1152w, https:\/\/www.claude-arnaud.com\/fr\/wp-content\/uploads\/2022\/10\/IMG_0308-1536x2048.jpg 1536w, https:\/\/www.claude-arnaud.com\/fr\/wp-content\/uploads\/2022\/10\/IMG_0308-scaled.jpg 1920w\" sizes=\"auto, (max-width: 225px) 100vw, 225px\" \/><\/a>LES NOUVEAUTES, dans le faubourg du Temple \u00e0 Paris<\/span><\/strong>. Le livre est rest\u00e9 longtemps en devanture des librairies Delamain, Compagnie, l&rsquo;Ecume des pages&#8230;<\/p>\n<p>(chez Delamain, au Palais-Royal)<\/p>\n<p><a href=\"https:\/\/www.claude-arnaud.com\/fr\/wp-content\/uploads\/2022\/10\/IMG_7068-scaled.jpg\"><img loading=\"lazy\" decoding=\"async\" class=\"aligncenter size-medium wp-image-14625\" src=\"https:\/\/www.claude-arnaud.com\/fr\/wp-content\/uploads\/2022\/10\/IMG_7068-300x225.jpg\" alt=\"\" width=\"300\" height=\"225\" srcset=\"https:\/\/www.claude-arnaud.com\/fr\/wp-content\/uploads\/2022\/10\/IMG_7068-300x225.jpg 300w, https:\/\/www.claude-arnaud.com\/fr\/wp-content\/uploads\/2022\/10\/IMG_7068-1024x768.jpg 1024w, https:\/\/www.claude-arnaud.com\/fr\/wp-content\/uploads\/2022\/10\/IMG_7068-768x576.jpg 768w, https:\/\/www.claude-arnaud.com\/fr\/wp-content\/uploads\/2022\/10\/IMG_7068-1536x1152.jpg 1536w, https:\/\/www.claude-arnaud.com\/fr\/wp-content\/uploads\/2022\/10\/IMG_7068-2048x1536.jpg 2048w\" sizes=\"auto, (max-width: 300px) 100vw, 300px\" \/><\/a><\/p>\n<\/div>\n<h2><span style=\"color: #008000;\">*DANS LES BLOGS<\/span><\/h2>\n<ul>\n<li>\u00ab\u00a0<strong><span style=\"color: #008000;\">JUSTE UN CORPS<\/span> est un livre sto\u00efcien\u00a0\u00bb<\/strong>, \u00e9crit pour sa part <span style=\"color: #008000;\"><strong>Fabien RIBERY<\/strong><\/span> sur son <span style=\"color: #008000;\"><strong>blog<\/strong><\/span>, avant <strong>d\u2019analyser<\/strong> les ressorts<a href=\"https:\/\/lintervalle.blog\/2022\/01\/27\/juste-un-corps-par-claude-arnaud-ecrivain\/\" target=\"_blank\" rel=\"noopener\"> de ce r\u00e9cit intime<\/a>\u2026<\/li>\n<li><strong><a href=\"https:\/\/www.claude-arnaud.com\/fr\/wp-content\/uploads\/2023\/01\/492722_6311.webp\"><img loading=\"lazy\" decoding=\"async\" class=\"alignleft size-full wp-image-14866\" src=\"https:\/\/www.claude-arnaud.com\/fr\/wp-content\/uploads\/2023\/01\/492722_6311.webp\" alt=\"\" width=\"200\" height=\"150\" \/><\/a><\/strong>\u00ab\u00a0<strong>JUSTE UN CORPS<\/strong>\u00a0\u00bb est un petit livre couleur chair, <span style=\"color: #008000;\"><strong>comme un organe qu&rsquo;on tiendrait entre les mains.<\/strong><\/span> Il n&rsquo;est pas \u00e9pais, juste une centaine de pages, <strong>un livre qui semble bien maigre, rapide \u00e0 ing\u00e9rer et s&rsquo;av\u00e8re en fin de compte extr\u00eamement nourrissant<\/strong>. Publi\u00e9 dans l&rsquo;originale et belle collection \u00ab\u2009Traits et portraits\u2009\u00bb, <span style=\"color: #008000;\"><strong>une collection regroupant des auteurs se livrant avec bonheur au jeu de l&rsquo;autoportrait<\/strong><\/span> accompagn\u00e9 d&rsquo;une iconographie et d&rsquo;archives personnelles, <a class=\"libelle\" href=\"https:\/\/www.babelio.com\/auteur\/Claude-Arnaud\/5699\">Claude ARNAUD<\/a> nous rappelle dans \u00ab\u00a0<a class=\"titre1\" href=\"https:\/\/www.babelio.com\/livres\/Arnaud-Juste-un-corps\/1390578\">JUSTE UN CORPS<\/a>\u00a0\u00bb une r\u00e9alit\u00e9 souvent d\u00e9laiss\u00e9e : c&rsquo;est \u00e0 partir de son corps que l&rsquo;\u00e9crivain s&rsquo;exprime (&#8230;) Un<strong> livre d\u2019une grande profondeur et d\u2019une<span style=\"color: #008000;\"> tendresse confondante<\/span><\/strong>, ajoute <strong>JONGORENARD<\/strong> sur le site <strong><span style=\"color: #008000;\">BABELIO<\/span><\/strong>, <strong>un petit livre<\/strong> que l\u2019on peut juger bien <strong>maigre<\/strong> en raison <span style=\"color: #008000;\"><strong>d\u2019une \u00e9criture \u00e0 l\u2019os faite de phrases muscl\u00e9es et nerveuses<\/strong><\/span>, en raison d\u2019un style direct, rapide et sans vernis <strong>qui va \u00e0 l\u2019essentiel<\/strong>. Un livre que l\u2019on peut qualifier d\u2019anorexique, mais <strong><span style=\"color: #008000;\">qui par la densit\u00e9 de ses analyses et la richesse des sensations qu\u2019il procure<\/span> rassasiera les plus friands d\u2019entre nous.\u00a0\u00bb\u00a0Pour lire <a href=\"https:\/\/www.babelio.com\/livres\/Arnaud-Juste-un-corps\/1390578\" target=\"_blank\" rel=\"noopener\">ce post in-extenso<\/a>\u2026<\/strong><\/li>\n<li>\u00ab\u00a0<a class=\"libelle\" href=\"https:\/\/www.babelio.com\/auteur\/Claude-Arnaud\/5699\">Claude Arnaud<\/a> , essayiste et romancier publie \u00a0\u00bb <a class=\"titre1\" href=\"https:\/\/www.babelio.com\/livres\/Arnaud-Juste-un-corps\/1390578\">JUSTE UN CORPS<\/a> \u00a0\u00bb dans la collection \u00ab\u00a0Traits et<a href=\"https:\/\/www.claude-arnaud.com\/fr\/wp-content\/uploads\/2023\/01\/1325952_9886.webp\"><img loading=\"lazy\" decoding=\"async\" class=\"alignright size-full wp-image-14868\" src=\"https:\/\/www.claude-arnaud.com\/fr\/wp-content\/uploads\/2023\/01\/1325952_9886.webp\" alt=\"\" width=\"200\" height=\"347\" srcset=\"https:\/\/www.claude-arnaud.com\/fr\/wp-content\/uploads\/2023\/01\/1325952_9886.webp 200w, https:\/\/www.claude-arnaud.com\/fr\/wp-content\/uploads\/2023\/01\/1325952_9886-173x300.webp 173w\" sizes=\"auto, (max-width: 200px) 100vw, 200px\" \/><\/a> Portraits\u00a0\u00bb dans laquelle <span style=\"color: #008000;\"><strong>divers auteurs se sont pr\u00eat\u00e9s au jeu de l&rsquo;\u00e9criture soutenue par l&rsquo;illustration<\/strong><\/span>, \u00e9crit <strong>Lillaluiz<\/strong> sur son blog. <strong>Une <span style=\"color: #008000;\">couverture<\/span> qui \u00e9voque le corps , <span style=\"color: #008000;\">un papier glac\u00e9<\/span>, des lignes qui esquissent notre propre maison<\/strong>, celle de notre enveloppe, d<strong><span style=\"color: #008000;\">es photos ou coups de crayons pour renforcer<\/span><\/strong> cette substance litt\u00e9raire. <strong>Un bien joli objet que ce livre<\/strong> ; son contenu n&rsquo;en est pas moins \u00e9l\u00e9gant (&#8230;) <strong><span style=\"color: #008000;\">Un livre\/r\u00e9cit \u00e9tonnant et captivant<\/span><\/strong>.\u00a0\u00bb Pour lire <a href=\"https:\/\/www.babelio.com\/monprofil.php?id_user=1325952\" target=\"_blank\" rel=\"noopener\">ce post in extenso<\/a>&#8230;<\/li>\n<li><a href=\"https:\/\/www.claude-arnaud.com\/fr\/wp-content\/uploads\/2022\/02\/logo_literraflure.png\"><img loading=\"lazy\" decoding=\"async\" class=\"alignleft  wp-image-14008\" src=\"https:\/\/www.claude-arnaud.com\/fr\/wp-content\/uploads\/2022\/02\/logo_literraflure-257x300.png\" alt=\"\" width=\"107\" height=\"125\" srcset=\"https:\/\/www.claude-arnaud.com\/fr\/wp-content\/uploads\/2022\/02\/logo_literraflure-257x300.png 257w, https:\/\/www.claude-arnaud.com\/fr\/wp-content\/uploads\/2022\/02\/logo_literraflure.png 300w\" sizes=\"auto, (max-width: 107px) 100vw, 107px\" \/><\/a>\u00ab Juste un corps \u00bb est <span style=\"color: #008000;\"><strong>un bel objet litt\u00e9raire<\/strong><\/span>. Il prolonge, avec plus de po\u00e9sie, le \u00ab <strong>Journal d\u2019un corps<\/strong> \u00bb de <strong>Daniel <span style=\"color: #008000;\">PENNAC<\/span><\/strong>\u00a0 \u00ab\u00a0, peut-on lire sur le Blog <a href=\"https:\/\/www.litteraflure.com\/home-2\/juste-un-corps\" target=\"_blank\" rel=\"noopener\">LITTERAFLURE<\/a>&#8230;<\/li>\n<li><strong>Pour feuilleter<span style=\"color: #008000;\"> les premi\u00e8res pages<\/span> de <a href=\"https:\/\/www.mercuredefrance.fr\/juste-un-corps\/9782715257115\" target=\"_blank\" rel=\"noopener\"><em>Juste un corps<\/em><\/a>\u2026<\/strong><\/li>\n<li><a href=\"https:\/\/www.claude-arnaud.com\/fr\/wp-content\/uploads\/2021\/12\/D23564.jpg\"><img loading=\"lazy\" decoding=\"async\" class=\"alignleft size-medium wp-image-13628\" src=\"https:\/\/www.claude-arnaud.com\/fr\/wp-content\/uploads\/2021\/12\/D23564-205x300.jpg\" alt=\"\" width=\"205\" height=\"300\" srcset=\"https:\/\/www.claude-arnaud.com\/fr\/wp-content\/uploads\/2021\/12\/D23564-205x300.jpg 205w, https:\/\/www.claude-arnaud.com\/fr\/wp-content\/uploads\/2021\/12\/D23564.jpg 312w\" sizes=\"auto, (max-width: 205px) 100vw, 205px\" \/><\/a><a href=\"https:\/\/livre.fnac.com\/a16311906\/Claude-Arnaud-1955-Juste-un-corps\" target=\"_blank\" rel=\"noopener\">Pour commander ce titre au format papier.<\/a>.. ou sous <a href=\"https:\/\/e-librairie.leclerc\/product\/9782715257146_9782715257146_1\/juste-un-corps\" target=\"_blank\" rel=\"noopener\">forme d&rsquo;Ebook<\/a>.<\/li>\n<\/ul>\n","protected":false},"excerpt":{"rendered":"<p>-Pour feuilleter les premi\u00e8res pages de Juste un corps&#8230; *DANS LA PRESSE *Dans son num\u00e9ro 154 dat\u00e9 de janvier 2022, le mensuel TRANSFUGE met en lumi\u00e8re JUSTE UN CORPS. Intitul\u00e9 \u00ab\u00a0Dans ses narines\u00a0\u00bb, l\u2019article de Vincent JAURY c\u00e9l\u00e8bre un texte \u00ab\u00a0d\u2019une tr\u00e8s grande maitrise \u00bb et commence ainsi :\u00a0 \u00ab\u00a0CLAUDE ARNAUD n\u2019\u00e9crit jamais aussi\u00a0 bien [&hellip;]<\/p>\n","protected":false},"author":2,"featured_media":0,"parent":13653,"menu_order":2,"comment_status":"closed","ping_status":"closed","template":"","meta":{"footnotes":""},"class_list":["post-13661","page","type-page","status-publish","hentry","count-0","even alt","author-claude-arnaud","last"],"post_mailing_queue_ids":[],"_links":{"self":[{"href":"https:\/\/www.claude-arnaud.com\/fr\/wp-json\/wp\/v2\/pages\/13661","targetHints":{"allow":["GET"]}}],"collection":[{"href":"https:\/\/www.claude-arnaud.com\/fr\/wp-json\/wp\/v2\/pages"}],"about":[{"href":"https:\/\/www.claude-arnaud.com\/fr\/wp-json\/wp\/v2\/types\/page"}],"author":[{"embeddable":true,"href":"https:\/\/www.claude-arnaud.com\/fr\/wp-json\/wp\/v2\/users\/2"}],"replies":[{"embeddable":true,"href":"https:\/\/www.claude-arnaud.com\/fr\/wp-json\/wp\/v2\/comments?post=13661"}],"version-history":[{"count":52,"href":"https:\/\/www.claude-arnaud.com\/fr\/wp-json\/wp\/v2\/pages\/13661\/revisions"}],"predecessor-version":[{"id":16532,"href":"https:\/\/www.claude-arnaud.com\/fr\/wp-json\/wp\/v2\/pages\/13661\/revisions\/16532"}],"up":[{"embeddable":true,"href":"https:\/\/www.claude-arnaud.com\/fr\/wp-json\/wp\/v2\/pages\/13653"}],"wp:attachment":[{"href":"https:\/\/www.claude-arnaud.com\/fr\/wp-json\/wp\/v2\/media?parent=13661"}],"curies":[{"name":"wp","href":"https:\/\/api.w.org\/{rel}","templated":true}]}}