{"id":1151,"date":"2010-09-04T23:12:55","date_gmt":"2010-09-04T23:12:55","guid":{"rendered":"http:\/\/www.claude-arnaud.com\/fr\/?page_id=1151"},"modified":"2023-11-24T15:25:57","modified_gmt":"2023-11-24T14:25:57","slug":"paris-portrait","status":"publish","type":"page","link":"https:\/\/www.claude-arnaud.com\/fr\/essais\/paris-portrait","title":{"rendered":"Paris Portraits"},"content":{"rendered":"<h4><img loading=\"lazy\" decoding=\"async\" class=\"alignleft  wp-image-11098\" src=\"http:\/\/www.claude-arnaud.com\/fr\/wp-content\/uploads\/2021\/01\/product_9782070342457_195x320-1-182x300.jpg\" alt=\"\" width=\"205\" height=\"338\" srcset=\"https:\/\/www.claude-arnaud.com\/fr\/wp-content\/uploads\/2021\/01\/product_9782070342457_195x320-1-182x300.jpg 182w, https:\/\/www.claude-arnaud.com\/fr\/wp-content\/uploads\/2021\/01\/product_9782070342457_195x320-1.jpg 194w\" sizes=\"auto, (max-width: 205px) 100vw, 205px\" \/>*<strong>EN 2007<\/strong>, <strong><span style=\"color: #008000;\">CLAUDE ARNAUD<\/span> <\/strong>PUBLIE UN PORTRAIT DES <span style=\"color: #008000;\"><strong>GRANDS BOULEVARDS PARISIENS<\/strong><\/span>, DANS UN OUVRAGE COLLECTIF INTITULE <span style=\"color: #008000;\"><strong>PARIS PORTRAITS,<\/strong><\/span> <strong>Folio\/Senso<\/strong> (n\u00b04503),<\/h4>\n<h2><span style=\"text-decoration: underline; color: #008000;\"><strong>*DANS LA PRESSE<\/strong><\/span><\/h2>\n<h6><\/h6>\n<h6>\u201c<strong><span style=\"color: #008000;\">CLAUDE ARNAUD<\/span> <\/strong>ne respire que dans les grandes villes: <strong>Paris<\/strong>, <strong>Rome<\/strong>, <strong>New York<\/strong> et <strong>Saint-P\u00e9tersbourg<\/strong>. Quatre cit\u00e9s qu\u2019il connait bien, qu\u2019il a vues changer, avec le d\u00e9sir d\u2019y retourner une fois encore (\u2026), l\u2019esprit tumultueux, la plume sensuelle, fermant les yeux pour laisser monter la m\u00e9moire des lieux et nous transmettre ce fourmillement qui pr\u00e9c\u00e8de l\u2019instant d\u00e9licieux de boucler \u00e0 son tour sa valise.\u201d <strong><span style=\"color: #008000;\">Christine FERNIOT<\/span>, <\/strong><em>T\u00e9l\u00e9rama<\/em>, 6 mai 2008.<\/h6>\n<h6>\u201cToute m\u00e9tropole \u00e9voque un test de <span style=\"color: #008000;\"><strong>Rorschach<\/strong><\/span> ; elle appelle la r\u00e9action, la projection, le filigrane autobiographique. Si une photographie urbaine renseigne sur l\u2019oeil du promeneur, alors celui de <span style=\"color: #008000;\"><strong>Claude Arnaud<\/strong> <\/span>est supr\u00eamement civilis\u00e9.\u201d<strong> <span style=\"color: #008000;\">Marc LAMBRON<\/span>, <\/strong><em>Le Point<\/em>, 5 juin 2008.<\/h6>\n<h2><span style=\"text-decoration: underline; color: #008000;\"><strong>*DANS LES BLOGS <\/strong><\/span><\/h2>\n<h6>\u00ab\u00a0<strong>Paris Portraits<\/strong>\u00ab\u00a0, c&rsquo;est quatre auteurs de notre paysage litt\u00e9raire et culturel pour une balade romantique dans une ville myst\u00e9rieuse. Une ville qui ne se d\u00e9voile jamais totalement et qu&rsquo;il nous faut parcourir inlassablement <span style=\"color: #008000;\"><strong>pour d\u00e9nicher les richesses subtiles qu&rsquo;elle rec\u00e8le et cache jalousement, amoureusement, au creux de son architecture urbaine flamboyante<\/strong><\/span>. C&rsquo;est aussi <strong>une promenade auditive<\/strong> avec la multitude des accents \u00e9trangers venus \u00e0 la rencontre de la Ville Lumi\u00e8re par les Grands Boulevards. Mais aussi <strong>itin\u00e9raire olfactif \u00e0 travers les mille et une senteurs des march\u00e9s de quartier d\u00e9ployant leurs tr\u00e9sors d&rsquo;\u00e9pices du bout du monde<\/strong>, les fumets d\u00e9licats des cuisines venues d&rsquo;ailleurs\u00a0\u00bb, \u00e9crit <span style=\"color: #008000;\"><strong>Nanne<\/strong><\/span> sur le site paperblog. <a title=\"paperblog\" href=\"http:\/\/www.paperblog.fr\/1114082\/c-est-ca-paris\/#G1CebKv0fUCQQKdT.99\" target=\"_blank\" rel=\"noopener\">Pour lire son post in-extenso&#8230;<\/a><\/h6>\n<h2><strong>*<span style=\"text-decoration: underline;\"><span style=\"color: #008000; text-decoration: underline;\">A LA RADIO<\/span><\/span><\/strong><\/h2>\n<h6><a href=\"http:\/\/www.claude-arnaud.com\/fr\/wp-content\/uploads\/2011\/04\/logo.png\"><img loading=\"lazy\" decoding=\"async\" class=\"alignleft size-full wp-image-2180\" title=\"logo\" src=\"http:\/\/www.claude-arnaud.com\/fr\/wp-content\/uploads\/2011\/04\/logo.png\" alt=\"\" width=\"106\" height=\"106\" srcset=\"https:\/\/www.claude-arnaud.com\/fr\/wp-content\/uploads\/2011\/04\/logo.png 106w, https:\/\/www.claude-arnaud.com\/fr\/wp-content\/uploads\/2011\/04\/logo-64x64.png 64w\" sizes=\"auto, (max-width: 106px) 100vw, 106px\" \/><\/a><span style=\"color: #008000;\"><strong>Ce livre a donn\u00e9 lieu \u00e0 une chronique<\/strong><\/span> de <strong>Sylvie ANDREU<\/strong>, dans l&rsquo;\u00e9mission \u00ab\u00a0Vivre sa ville\u00a0\u00bb,\u00a0sur France-Culture, le 17 juin 2007.https:\/\/www.radiofrance.fr\/franceculture\/podcasts\/vivre-sa-ville\/paris-portraits-1174359<\/h6>\n<h2>*<span style=\"text-decoration: underline;\"><span style=\"color: #008000;\"><strong>POUR TROUVER CE LIVRE&#8230;<\/strong><\/span><\/span><\/h2>\n<h6><strong>*VIA <a title=\"gallimard\" href=\"http:\/\/www.gallimard.fr\/Catalogue\/GALLIMARD\/Folio\/Folio\/Senso\/Paris-portraits\" target=\"_blank\" rel=\"noopener\">SON EDITEUR<\/a><\/strong>&#8230; <span style=\"color: #008000;\"><strong>OU SUR LE SITE<\/strong><\/span> <a href=\"https:\/\/www.leslibraires.fr\/livre\/744169-paris-portraits-claude-arnaud-elisabeth-barille-gerard-de-cor--folio\" target=\"_blank\" rel=\"noopener\">LES LIBRAIRES<\/a>&#8230;<\/h6>\n<h2><strong><span style=\"color: #008000;\"><span style=\"text-decoration: underline;\">*ABROAD\/ A L&rsquo;ETRANGER<\/span><\/span><\/strong><\/h2>\n<h6><span style=\"color: #008000;\"><strong>Foreign rights<\/strong> :<\/span> <strong>Anne-Solange Noble, GALLIMARD<\/strong>. <span style=\"color: #008000;\"><strong>Phone: 00331 49544356,<\/strong><\/span><\/h6>\n<h6><span style=\"color: #008000;\"><strong>fax: 00331 45449403<\/strong><\/span>, <strong>e-mail :<\/strong><\/h6>\n<h6><strong><a title=\"lien anne-s noble\" href=\"mailto:anne-solange.noble@gallimard.fr\" target=\"_blank\" rel=\"noopener\">anne-solange.noble@gallimard.fr<\/a><\/strong><\/h6>\n<h6><a href=\"http:\/\/www.claude-arnaud.com\/fr\/wp-content\/uploads\/2010\/08\/images10.jpg\"><img loading=\"lazy\" decoding=\"async\" class=\"alignleft size-full wp-image-1919\" title=\"images\" src=\"http:\/\/www.claude-arnaud.com\/fr\/wp-content\/uploads\/2010\/08\/images10.jpg\" alt=\"\" width=\"91\" height=\"45\" \/><\/a>\u00ab\u00a0<strong>Quatre r\u00e9cits autofictionnels<\/strong> partageant une passion commune pour la fl\u00e2nerie pur un Paris essentiellement v\u00e9cu \u00e0 pied, <span style=\"color: #008000;\"><strong>meilleure fa\u00e7on de sentir ce qu&rsquo;il reste d&rsquo;humanit\u00e9 dans nos m\u00e9tropoles<\/strong><\/span>\u00ab\u00a0, lit-on <a title=\"Voir\" href=\"http:\/\/voir.ca\/livres\/2007\/09\/20\/claude-arnaud-elisabeth-barille-gerard-de-cortanze-et-daniel-maximin-paris-portraits\/\" target=\"_blank\" rel=\"noopener\">sur le site canadien Voir&#8230;<\/a><\/h6>\n<h6><span style=\"color: #008000;\"><strong>GET THAT <a href=\"https:\/\/www.amazon.co.uk\/Paris-Portraits-Folio-Collectif\/dp\/207034245X?ref_=ast_author_dp\" target=\"_blank\" rel=\"noopener\">BOOK IN THE U.K..<\/a><\/strong><\/span><a href=\"http:\/\/www.claude-arnaud.com\/fr\/wp-content\/uploads\/2011\/04\/images2.jpg\"><img loading=\"lazy\" decoding=\"async\" class=\"alignleft  wp-image-2353\" title=\"images\" src=\"http:\/\/www.claude-arnaud.com\/fr\/wp-content\/uploads\/2011\/04\/images2.jpg\" alt=\"\" width=\"91\" height=\"75\" srcset=\"https:\/\/www.claude-arnaud.com\/fr\/wp-content\/uploads\/2011\/04\/images2.jpg 248w, https:\/\/www.claude-arnaud.com\/fr\/wp-content\/uploads\/2011\/04\/images2-150x122.jpg 150w\" sizes=\"auto, (max-width: 91px) 100vw, 91px\" \/><\/a><\/h6>\n<h6><a href=\"http:\/\/www.claude-arnaud.com\/fr\/wp-content\/uploads\/2010\/09\/images3.jpg\"><img loading=\"lazy\" decoding=\"async\" class=\"alignleft  wp-image-3354\" title=\"images\" src=\"http:\/\/www.claude-arnaud.com\/fr\/wp-content\/uploads\/2010\/09\/images3-150x150.jpg\" alt=\"\" width=\"83\" height=\"83\" srcset=\"https:\/\/www.claude-arnaud.com\/fr\/wp-content\/uploads\/2010\/09\/images3-150x150.jpg 150w, https:\/\/www.claude-arnaud.com\/fr\/wp-content\/uploads\/2010\/09\/images3-48x48.jpg 48w, https:\/\/www.claude-arnaud.com\/fr\/wp-content\/uploads\/2010\/09\/images3.jpg 225w\" sizes=\"auto, (max-width: 83px) 100vw, 83px\" \/><\/a><a href=\"http:\/\/www.sprakbokhandeln.se\/franska7\/contents\/sv\/search.php?searchphrase=claude%20arnaud&amp;start_page=1&amp;searchFormSortBy=R-A&amp;searchFormRootUse=A\" target=\"_blank\" rel=\"noopener\">Sprakbokhandeln.se franska<\/a>&#8230;<\/h6>\n<p><a title=\"lien article Lambron\/le Point\" href=\"http:\/\/www.lepoint.fr\/actualites-litterature\/trois-villes\/1038\/0\/250544\" target=\"_blank\" rel=\"noopener\"> <img loading=\"lazy\" decoding=\"async\" class=\".right { float: right; }\" title=\"bleu481.gif\" src=\"http:\/\/www.claude-arnaud.com\/wp-content\/img\/ico\/bleu481.gif\" alt=\"bleu481.gif\" width=\"477\" height=\"2\" border=\"0\" \/><\/a><\/p>\n","protected":false},"excerpt":{"rendered":"<p>*EN 2007, CLAUDE ARNAUD PUBLIE UN PORTRAIT DES GRANDS BOULEVARDS PARISIENS, DANS UN OUVRAGE COLLECTIF INTITULE PARIS PORTRAITS, Folio\/Senso (n\u00b04503), *DANS LA PRESSE \u201cCLAUDE ARNAUD ne respire que dans les grandes villes: Paris, Rome, New York et Saint-P\u00e9tersbourg. Quatre cit\u00e9s qu\u2019il connait bien, qu\u2019il a vues changer, avec le d\u00e9sir d\u2019y retourner une fois encore [&hellip;]<\/p>\n","protected":false},"author":2,"featured_media":0,"parent":46,"menu_order":3,"comment_status":"open","ping_status":"open","template":"","meta":{"footnotes":""},"class_list":["post-1151","page","type-page","status-publish","hentry","count-0","even alt","author-claude-arnaud","last"],"post_mailing_queue_ids":[],"_links":{"self":[{"href":"https:\/\/www.claude-arnaud.com\/fr\/wp-json\/wp\/v2\/pages\/1151","targetHints":{"allow":["GET"]}}],"collection":[{"href":"https:\/\/www.claude-arnaud.com\/fr\/wp-json\/wp\/v2\/pages"}],"about":[{"href":"https:\/\/www.claude-arnaud.com\/fr\/wp-json\/wp\/v2\/types\/page"}],"author":[{"embeddable":true,"href":"https:\/\/www.claude-arnaud.com\/fr\/wp-json\/wp\/v2\/users\/2"}],"replies":[{"embeddable":true,"href":"https:\/\/www.claude-arnaud.com\/fr\/wp-json\/wp\/v2\/comments?post=1151"}],"version-history":[{"count":40,"href":"https:\/\/www.claude-arnaud.com\/fr\/wp-json\/wp\/v2\/pages\/1151\/revisions"}],"predecessor-version":[{"id":15944,"href":"https:\/\/www.claude-arnaud.com\/fr\/wp-json\/wp\/v2\/pages\/1151\/revisions\/15944"}],"up":[{"embeddable":true,"href":"https:\/\/www.claude-arnaud.com\/fr\/wp-json\/wp\/v2\/pages\/46"}],"wp:attachment":[{"href":"https:\/\/www.claude-arnaud.com\/fr\/wp-json\/wp\/v2\/media?parent=1151"}],"curies":[{"name":"wp","href":"https:\/\/api.w.org\/{rel}","templated":true}]}}