{"id":11337,"date":"2021-01-26T13:56:33","date_gmt":"2021-01-26T12:56:33","guid":{"rendered":"http:\/\/www.claude-arnaud.com\/fr\/?page_id=11337"},"modified":"2024-11-12T12:28:59","modified_gmt":"2024-11-12T11:28:59","slug":"le-mal-des-ruines-en-france","status":"publish","type":"page","link":"https:\/\/www.claude-arnaud.com\/fr\/romans\/le-mal-des-ruines\/le-mal-des-ruines-en-france","title":{"rendered":"Le mal des ruines : en France"},"content":{"rendered":"\n<p><\/p>\n\n\n<h2><strong><span style=\"color: #008000;\">*DANS LA PRESSE<\/span><\/strong><\/h2>\n<h6><img loading=\"lazy\" decoding=\"async\" class=\"alignleft  wp-image-12625\" src=\"http:\/\/www.claude-arnaud.com\/fr\/wp-content\/uploads\/2021\/02\/logo_lh2018_ok-300x300.png\" alt=\"\" width=\"124\" height=\"124\" srcset=\"https:\/\/www.claude-arnaud.com\/fr\/wp-content\/uploads\/2021\/02\/logo_lh2018_ok-300x300.png 300w, https:\/\/www.claude-arnaud.com\/fr\/wp-content\/uploads\/2021\/02\/logo_lh2018_ok-150x150.png 150w, https:\/\/www.claude-arnaud.com\/fr\/wp-content\/uploads\/2021\/02\/logo_lh2018_ok.png 698w\" sizes=\"auto, (max-width: 124px) 100vw, 124px\" \/>*\u00a0\u00bb<span style=\"color: #008000;\">La mort et la beaut\u00e9 r\u00e8gnent sur l&rsquo;\u00eele <\/span>et hantent ce <em>road trip<\/em> corse, <strong>dont le fil est le lien de sang<\/strong> avec cette terre bord\u00e9e de <span style=\"color: #008000;\">M\u00e9diterran\u00e9e<\/span>, tel un irr\u00e9fragable prologue de la trag\u00e9die\u00a0\u00bb, \u00e9crit <span style=\"color: #008000;\">Sean James ROSE<\/span> dans un article intitul\u00e9 \u00ab\u00a0La fatalit\u00e9 d&rsquo;une \u00eele\u00a0\u00bb <strong>publi\u00e9 par le <span style=\"color: #008000;\">mensuel<\/span><\/strong> <em><span style=\"color: #008000;\">LIVRES HEBDO<\/span> le Magazine<\/em> en dat\u00e9 janvier 2021. <a href=\"http:\/\/www.claude-arnaud.com\/fr\/wp-content\/uploads\/2021\/02\/Livres-Hebdo-LE-M.Janvier-2021.pdf\">Pour lire cet article&#8230;<\/a><\/h6>\n<h6>*Dans<span style=\"color: #008000;\"> L<strong><em>\u2019EXPRESS<\/em><\/strong><\/span> dat\u00e9 du 21 janvier, <strong>Louis-Henri de la <\/strong>ROCHEFOUCAULD \u00e9crit: \u00a0\u00bb Le premier roman de <span style=\"color: #008000;\"><strong>CLAUDE ARNAUD<\/strong><\/span> s\u2019appelait <em>Le Cam\u00e9l\u00e9on<\/em>. <strong>Auteur prot\u00e9\u00efforme<\/strong>, il a publi\u00e9 aussi <span style=\"color: #008000;\">des<img loading=\"lazy\" decoding=\"async\" class=\"alignright size-thumbnail wp-image-11292\" src=\"http:\/\/www.claude-arnaud.com\/fr\/wp-content\/uploads\/2021\/01\/logo-express-150x150.png\" sizes=\"auto, (max-width: 150px) 100vw, 150px\" srcset=\"http:\/\/www.claude-arnaud.com\/fr\/wp-content\/uploads\/2021\/01\/logo-express-150x150.png 150w, http:\/\/www.claude-arnaud.com\/fr\/wp-content\/uploads\/2021\/01\/logo-express-300x300.png 300w, http:\/\/www.claude-arnaud.com\/fr\/wp-content\/uploads\/2021\/01\/logo-express.png 400w\" alt=\"\" width=\"150\" height=\"150\" \/> <strong>essais<\/strong><\/span>, des <strong>anthologies<\/strong>, <span style=\"color: #008000;\">des <strong>r\u00e9cits autobiographiques<\/strong><\/span>. <strong><em>Le Mal des ruines<\/em><\/strong> <strong>s\u2019inscrit dans cette derni\u00e8re veine<\/strong>. A Paris, o\u00f9 il vit, il r\u00e9fl\u00e9chit \u00e0 ce que ses racines lui ont laiss\u00e9s.<span style=\"color: #008000;\"><strong> A cheval entre la Corse et le Continent<\/strong>,<\/span> il creuse son incapacit\u00e9 <span style=\"color: #008000;\">\u00e0 vivre dans les clous<\/span>, cette \u00ab\u00a0insularit\u00e9 mentale\u00a0\u00bb.<span style=\"color: #008000;\"><strong> Dans l\u2019\u00e9criture de soi<\/strong>, <strong>Claude ARNAUD<\/strong> <\/span><strong><span style=\"color: #008000;\">s\u2019affirme comme l\u2019un des meilleurs de nos contemporains<\/span> \u00ab\u00a0<\/strong>. Pour lire cet article <a href=\"http:\/\/www.claude-arnaud.com\/fr\/wp-content\/uploads\/2021\/01\/2021-01-21-LEXPRESS-Du-21-au-27-janvier-2021-10000000060453651.pdf\">in extenso<\/a>\u2026<\/h6>\n<h6><span style=\"color: #008000;\"><strong><img loading=\"lazy\" decoding=\"async\" class=\"alignleft size-full wp-image-11760\" src=\"http:\/\/www.claude-arnaud.com\/fr\/wp-content\/uploads\/2021\/02\/logo_en_attendant_nadeau_130.png\" alt=\"\" width=\"130\" height=\"96\" \/><img loading=\"lazy\" decoding=\"async\" class=\"alignleft  wp-image-11761\" src=\"http:\/\/www.claude-arnaud.com\/fr\/wp-content\/uploads\/2021\/02\/zuccarello-2-300x225.jpg\" alt=\"\" width=\"256\" height=\"192\" srcset=\"https:\/\/www.claude-arnaud.com\/fr\/wp-content\/uploads\/2021\/02\/zuccarello-2-300x225.jpg 300w, https:\/\/www.claude-arnaud.com\/fr\/wp-content\/uploads\/2021\/02\/zuccarello-2-768x576.jpg 768w, https:\/\/www.claude-arnaud.com\/fr\/wp-content\/uploads\/2021\/02\/zuccarello-2.jpg 800w\" sizes=\"auto, (max-width: 256px) 100vw, 256px\" \/>*Roger-Yves ROCHE<\/strong><\/span>, dans l&rsquo;\u00e9dition d'\u00a0\u00bb<em><strong>En attendant Nadeau<\/strong><\/em>\u00a0\u00bb du 27 janvier 2021, salue dans ces termes\u00a0<span style=\"color: #008000;\"><strong><em>Le<\/em><\/strong> <em><strong>Mal des ruines <\/strong><\/em><\/span>: \u00a0\u00bb <strong>La lumi\u00e8re, c\u2019est le premier mot de<\/strong> <span style=\"color: #008000;\"><strong>Claude ARNAUD<\/strong> <\/span>pour d\u00e9finir la <strong>Corse<\/strong>, <strong>cette \u00eele\u00a0<\/strong><strong> qui a fa\u00e7onn\u00e9, sinon fascin\u00e9, son enfance<\/strong>, \u00abparenth\u00e8se extravagante \u00bb d\u00e9j\u00e0 \u00e9voqu\u00e9e dans le tr\u00e8s beau <span style=\"color: #008000;\"><strong><em>Qu\u2019as-tu fait de tes fr\u00e8res ?<\/em><\/strong><\/span> (2010), source de souvenirs in\u00e9puisables, <strong>miroir dans lequel il se reconna\u00eet encore aujourd\u2019hui, presque malgr\u00e9 lui<\/strong> (&#8230;) <strong><span style=\"color: #008000;\">Une Corse originaire<\/span>, donc<\/strong>, teint\u00e9e d\u2019une couleur maternelle, <strong>qui est autant une histoire qu\u2019une g\u00e9ographie<\/strong>. <strong>L\u2019histoire : celle d\u2019une famille haut perch\u00e9e,<\/strong> <strong>les <span style=\"color: #008000;\">ZUCARELLI<\/span><\/strong>, qui a donn\u00e9 naissance \u00e0 une lign\u00e9e de maires et d\u2019hommes politiques <strong>comme on n\u2019en fait plus<\/strong>, \u00ab acteurs-n\u00e9s \u00bb surjouant leur r\u00f4le, <strong>qui contraste avec \u00ab l\u2019existence minuscule \u00bb du petit \u00ab Parisien approximatif \u00bb. <span style=\"color: #008000;\">La g\u00e9ographie : celle d\u2019un<\/span><\/strong><span style=\"color: #008000;\"> <strong><em>paese<\/em><\/strong><\/span> \u00ab <strong>dont les montagnes bornent les regards et p\u00e9n\u00e8trent en profondeur l\u2019esprit<\/strong> \u00bb, la terre aussi vivante que vivifiante, <strong>magnifi\u00e9e, sublim\u00e9e par la langue de l\u2019\u00e9crivain<\/strong>\u00ab\u00a0. <a href=\"https:\/\/www.en-attendant-nadeau.fr\/2021\/01\/27\/enfance-ile-arnaud\/\" target=\"_blank\" rel=\"noopener\">Pour lire cet article in extenso<\/a>&#8230;<\/h6>\n<h6>(Photo: <em>Les ruines du Zuccarello)<\/em><\/h6>\n<h6><img loading=\"lazy\" decoding=\"async\" class=\"alignleft  wp-image-11751\" src=\"http:\/\/www.claude-arnaud.com\/fr\/wp-content\/uploads\/2021\/02\/2528-225x300.jpg\" sizes=\"auto, (max-width: 131px) 100vw, 131px\" srcset=\"http:\/\/www.claude-arnaud.com\/fr\/wp-content\/uploads\/2021\/02\/2528-225x300.jpg 225w, http:\/\/www.claude-arnaud.com\/fr\/wp-content\/uploads\/2021\/02\/2528.jpg 300w\" alt=\"\" width=\"185\" height=\"247\" \/> *\u00a0\u00bb\u00a0 <strong>En un peu plus de cent pages<\/strong>, <span style=\"color: #008000;\"><strong>tout est dit de l\u2019implacable beaut\u00e9 de l\u2019ile<\/strong>,<\/span> de sa \u00abperfection \u00e9l\u00e9mentaire\u00bb, <strong>des mythes et des folles passions <\/strong><strong>qu\u2019elle suscite, <span style=\"color: #008000;\">d\u00e9testation comprise<\/span> \u00ab\u00a0<\/strong>, \u00e9crit <strong>Marie-Fran\u00e7oise LECLERE\u00a0<\/strong> dans <em>LE POINT<\/em> n\u00b0 2528 en date du <strong>28 janvier 2021<\/strong>. <a href=\"http:\/\/www.claude-arnaud.com\/fr\/wp-content\/uploads\/2021\/02\/LE-POINT-28-janvier-2021.pdf\">Pour lire son article in extenso\u2026<\/a><\/h6>\n<h6>*\u00ab <strong><span style=\"color: #008000;\">On marche au bras d\u2019un nouveau Virgile<\/span>, \u00e9crit <span style=\"color: #008000;\">G\u00e9rard LEFORT<\/span> dans<img loading=\"lazy\" decoding=\"async\" class=\"alignright  wp-image-11753\" src=\"http:\/\/www.claude-arnaud.com\/fr\/wp-content\/uploads\/2021\/02\/158x213-couv-1313.jpg\" alt=\"\" width=\"188\" height=\"253\" \/> les INROCKS du 27 janvier 2021,<\/strong> <strong>quand<\/strong> <span style=\"color: #008000;\"><strong>ARNAUD<\/strong><\/span> <strong>d\u00e9crit sur cette \u00eele qui a<\/strong> \u201cle profil en cr\u00eate d\u2019un iguane vert\u201d, <strong>le go\u00fbt des torrents et du <\/strong><strong>maquis,<\/strong> <strong>ou, franchement souriant, les vaches errantes<\/strong>, \u201cplus proches du carnivore que du mangeur d\u2019herbe\u201d. <em><strong>Le Mal des ruines<\/strong><\/em>, <em>\u201cleur odeur de renferm\u00e9\u201d, <\/em><span style=\"color: #008000;\"><strong>est le r\u00e9cit d\u2019une renaissance<\/strong>, comme au <img loading=\"lazy\" decoding=\"async\" class=\"alignleft  wp-image-11793\" src=\"http:\/\/www.claude-arnaud.com\/fr\/wp-content\/uploads\/2021\/02\/Calanques-225x300.jpg\" alt=\"\" width=\"253\" height=\"337\" srcset=\"https:\/\/www.claude-arnaud.com\/fr\/wp-content\/uploads\/2021\/02\/Calanques-225x300.jpg 225w, https:\/\/www.claude-arnaud.com\/fr\/wp-content\/uploads\/2021\/02\/Calanques.jpg 450w\" sizes=\"auto, (max-width: 253px) 100vw, 253px\" \/>lendemain d\u2019un incendie de for\u00eat<\/span> : <strong>\u201cTout serait vert \u00e0 nouveau, et d\u2019une fra\u00eecheur bouleversante.\u201d<\/strong><strong> Le mal des ruines fait du bien\u00a0\u00bb<\/strong>. <strong><a href=\"http:\/\/www.claude-arnaud.com\/fr\/wp-content\/uploads\/2021\/02\/LES-INROCKS-27-janvier-2021-10000000060483897.pdf\">Pour lire cet article in extenso\u2026<\/a><\/strong><\/h6>\n<p>(<em>ph: Les Calanque de Piana<\/em>)<\/p>\n<h6>\u00a0<\/h6>\n<h6>\u00a0<\/h6>\n<h6>\u00a0<\/h6>\n<h6>*<span style=\"color: #008000;\">Dans le num\u00e9ro 145<\/span> de <em><strong>Transfuge<\/strong><\/em>, dat\u00e9 du 2 f\u00e9vrier 2021, <span style=\"color: #008000;\"><strong>Vincent JAURY<img loading=\"lazy\" decoding=\"async\" class=\"alignright  wp-image-11820\" src=\"http:\/\/www.claude-arnaud.com\/fr\/wp-content\/uploads\/2021\/02\/couv-145-hd-300x407-1-221x300.jpg\" alt=\"\" width=\"258\" height=\"350\" srcset=\"https:\/\/www.claude-arnaud.com\/fr\/wp-content\/uploads\/2021\/02\/couv-145-hd-300x407-1-221x300.jpg 221w, https:\/\/www.claude-arnaud.com\/fr\/wp-content\/uploads\/2021\/02\/couv-145-hd-300x407-1.jpg 300w\" sizes=\"auto, (max-width: 258px) 100vw, 258px\" \/><\/strong> <\/span>\u00e9crit: \u00ab\u00a0L\u2019identit\u00e9 est un feuillet\u00e9, \u00e9crit l\u2019auteur. <strong style=\"color: #008000;\">Il a cette tr\u00e8s belle phrase qui r\u00e9sume son propos<\/strong>\u00a0<span style=\"color: #008000;\"><strong>au d\u00e9but du livre<\/strong><\/span> : \u00ab Une origine est un fant\u00f4me<br \/>qui s\u2019actualise parfois pour s\u2019imposer comme<br \/>une \u00e9vidence, avant de regagner \u00e0 pas de loups<br \/>son grenier \u00bb. Ses origines corses comptent,<br \/>mais sont la partie d\u2019un tout, fid\u00e8le qu\u2019il est<br \/>\u00e0 Cocteau : \u00ab Je ne me r\u00e9clame que de moi, je<br \/>pr\u00e9f\u00e8re les nuances de l\u2019hybridit\u00e9 assum\u00e9e \u00bb.<br \/><span style=\"color: #008000;\"><strong>La fin du livre est la plus r\u00e9ussie, o\u00f9 il se<\/strong><\/span><br \/><span style=\"color: #008000;\"><strong>penche sur la difficult\u00e9 \u00e0 \u00e9crire une \u00eele<\/strong><\/span> : \u00ab Une<br \/>\u00eele ne s\u2019explique pas (&#8230;) elle r\u00e9siste \u00e0 l\u2019analyse,<br \/>tout comme l\u2019\u00e9clat aveuglant du soleil sur la<br \/>mer. \u00bb <span style=\"color: #008000;\"><strong>Et la derni\u00e8re page, sans trop en d\u00e9voiler,<\/strong><\/span><br \/><span style=\"color: #008000;\"><strong>est l\u2019acm\u00e9 du r\u00e9cit, lumineuse mise au tombeau<\/strong><\/span>.\u00a0\u00bb <a href=\"http:\/\/www.claude-arnaud.com\/fr\/wp-content\/uploads\/2021\/02\/2021-02-02-TRANSFUGE-Fevrier-2021-10000000060521105.pdf\">Pour lire cet article in extenso&#8230;<\/a><\/h6>\n<h6>*\u00a0\u00bbSon nom ne l&rsquo;indique pas mais <span style=\"color: #008000;\">Claude ARNAUD<\/span> est Corse par sa m\u00e8re, de la lign\u00e9e des <a href=\"http:\/\/www.claude-arnaud.com\/fr\/archives\/11931\/hhh-300x171\" rel=\"attachment wp-att-12008\"><img loading=\"lazy\" decoding=\"async\" class=\"alignright size-full wp-image-12008\" src=\"http:\/\/www.claude-arnaud.com\/fr\/wp-content\/uploads\/2021\/02\/hhh-300x171-1.jpg\" alt=\"\" width=\"300\" height=\"171\" \/><\/a><br \/><span style=\"color: #008000;\">ZUCCARELLI<\/span>, fameux hommes politiques bastiais, \u00e9crit <span class=\"author-name\" style=\"color: #008000;\">Jean-Marc Le Scouarnec<\/span> dans un article intitul\u00e9 \u00ab\u00a0<span style=\"color: #008000;\">Claude ARNAUD r\u00e9veille le volcan corse<\/span>\u00a0\u00bb\u00a0 publi\u00e9 par <em>La D\u00e9p\u00eache du Midi<\/em> du 3 f\u00e9vrier 2021. Dans \u00ab Le mal des ruines \u00bb, l\u2019\u00e9crivain revient sur ce lien profond qui l&rsquo;attache \u00e0 l&rsquo;\u00eele m\u00e9diterran\u00e9enne et particuli\u00e8rement au village de <span style=\"color: #008000;\">Santa-Lucia-di-Mercurio<\/span>&#8230; (Il)\u00a0 n&rsquo;en oublie pas pour autant les d\u00e9rives violentes qu&rsquo;a <span style=\"color: #008000;\">connues la Corse<\/span> : les plasticages, les ex\u00e9cutions, les compromissions mafieuses. Et r\u00e9sume la complexit\u00e9 de la Corse en une phrase : \u00ab fouiller le coeur d&rsquo;une telle \u00eele, c&rsquo;est risquer de r\u00e9veiller un volcan \u00bb. <span style=\"color: #008000;\">Le sien a les beaut\u00e9s de souvenirs qui continuent de br\u00fbler. Pour <a href=\"http:\/\/www.claude-arnaud.com\/fr\/?attachment_id=11945\" rel=\"attachment wp-att-11945\">lire ce papier<\/a>&#8230;<br \/><\/span><\/h6>\n<h6><a href=\"http:\/\/www.claude-arnaud.com\/fr\/?attachment_id=11937\" rel=\"attachment wp-att-11937\"><img loading=\"lazy\" decoding=\"async\" class=\"alignleft  wp-image-11937\" src=\"http:\/\/www.claude-arnaud.com\/fr\/wp-content\/uploads\/2021\/02\/logo-dark.png\" alt=\"\" width=\"114\" height=\"89\" \/><\/a>*\u00a0\u00bbLe dernier roman de <span style=\"color: #008000;\">Claude ARNAUD<\/span>, <em>Le Mal des ruines<\/em>, publi\u00e9 chez Grasset, est une nouvelle qu\u00eate d\u2019identit\u00e9, qui nous fait d\u00e9couvrir une Corse \u00ab telle qu\u2019on s\u2019en souvient ou qu\u2019on la r\u00eave\u00a0\u00bb<em>, <\/em>\u00e9crit <span style=\"color: #008000;\">Klara BUDA<\/span> en amorce de son article sur le site ENCRAGE. C\u2019est le pays de l\u2019enfance, c\u2019est le \u2018pays\u2019 o\u00f9 il fait toujours beau. La lumi\u00e8re intense, <span style=\"color: #008000;\">le parfum inimitable du maquis<\/span>, les montagnes \u00e0-pic constituent ensemble <span style=\"color: #008000;\">un paysage extraordinaire<\/span>, qui est en quelque sorte le personnage principal du livre.\u00a0\u00bb\u00a0 Pour lire la version<a href=\"http:\/\/www.claude-arnaud.com\/fr\/archives\/11931\/logo-27\" rel=\"attachment wp-att-12014\"><img loading=\"lazy\" decoding=\"async\" class=\"alignright  wp-image-12014\" src=\"http:\/\/www.claude-arnaud.com\/fr\/wp-content\/uploads\/2021\/02\/logo-1-300x64.png\" alt=\"\" width=\"220\" height=\"47\" srcset=\"https:\/\/www.claude-arnaud.com\/fr\/wp-content\/uploads\/2021\/02\/logo-1-300x64.png 300w, https:\/\/www.claude-arnaud.com\/fr\/wp-content\/uploads\/2021\/02\/logo-1.png 426w\" sizes=\"auto, (max-width: 220px) 100vw, 220px\" \/><\/a> int\u00e9grale de ce ost sur <a href=\"https:\/\/klarabudapost.com\/8598-2\/#.YCFArmPjKu5\" target=\"_blank\" rel=\"noopener\">le site de KLARA BUDA<\/a>&#8230;<\/h6>\n<h6><a href=\"http:\/\/www.claude-arnaud.com\/fr\/?attachment_id=11933\" rel=\"attachment wp-att-11933\"><img loading=\"lazy\" decoding=\"async\" class=\"alignleft size-full wp-image-11933\" src=\"http:\/\/www.claude-arnaud.com\/fr\/wp-content\/uploads\/2021\/02\/logo.png\" alt=\"\" width=\"139\" height=\"80\" \/><\/a>*Conseill\u00e9 par V. Barbe, libraire Au Brouillon de culture (Caen), <span style=\"color: #008000;\"><em><strong>Le Mal des ruines<\/strong><\/em><\/span> a \u00e9t\u00e9 chroniqu\u00e9 par F.-J. Goudeau, de l&rsquo;I.U.T. de La Roche-sur-Yon. Pour d\u00e9couvrir son article sur le site <a href=\"https:\/\/www.pagedeslibraires.fr\/livre\/le-mal-des-ruines\" target=\"_blank\" rel=\"noopener\">\u00ab\u00a0Page des Libraires\u00a0\u00bb<\/a>&#8230;<\/h6>\n<h6>*\u00a0\u00bbCe livre, sans \u00eatre <span style=\"color: #008000;\">\u00e0 proprement parler un roman<\/span>, n\u2019est assur\u00e9ment pas celui d\u2019un<a href=\"http:\/\/www.claude-arnaud.com\/fr\/?attachment_id=11948\" rel=\"attachment wp-att-11948\"><img loading=\"lazy\" decoding=\"async\" class=\"alignright size-thumbnail wp-image-11948\" src=\"http:\/\/www.claude-arnaud.com\/fr\/wp-content\/uploads\/2021\/02\/12250075_911563082232851_6966228589836554381_n-150x150.jpg\" alt=\"\" width=\"150\" height=\"150\" srcset=\"https:\/\/www.claude-arnaud.com\/fr\/wp-content\/uploads\/2021\/02\/12250075_911563082232851_6966228589836554381_n-150x150.jpg 150w, https:\/\/www.claude-arnaud.com\/fr\/wp-content\/uploads\/2021\/02\/12250075_911563082232851_6966228589836554381_n-300x300.jpg 300w, https:\/\/www.claude-arnaud.com\/fr\/wp-content\/uploads\/2021\/02\/12250075_911563082232851_6966228589836554381_n.jpg 643w\" sizes=\"auto, (max-width: 150px) 100vw, 150px\" \/><\/a> observateur, politologue, sociologue ou \u00e9conomiste, qui tenterait d\u2019analyser objectivement ce qu\u2019il a pu vivre, \u00e9crit <span style=\"color: #008000;\">Jacques FUSINA<\/span> dans le n\u00b0 6859 d&rsquo;\u00ab Informateur Corse Nouvelle, Settimanale corsu\u00a0\u00bb. On a lu bien des \u00e9tudes inform\u00e9es sur le clan \u00e9lectoral insulaire, ses heurs et ses abus, pour ne pas en saisir l\u2019essence profonde. Mais nous sommes appel\u00e9s ici \u00e0 cheminer avec \u00e9motion au c\u00f4t\u00e9 de ce t\u00e9moin si semblable \u00e0 beaucoup d\u2019entre nous (&#8230;) <span style=\"color: #008000;\">Et constater combien il est demeur\u00e9 fid\u00e8le malgr\u00e9 tout \u00e0 son enfance comme l\u2019indique ce passage extrait des derni\u00e8res pages de l\u2019ouvrage<\/span> : \u00ab L\u2019identit\u00e9 est un feuillet\u00e9. Ce que l\u2019on croyait avoir d\u00e9finitivement d\u00e9pass\u00e9 resurgit \u00e0 des tournants d\u00e9cisifs, ce qui semblait nous constituer pour toujours s\u2019efface sans bruit. J\u2019ai ador\u00e9 la Corse avant de la d\u00e9tester, et l\u2019on a fini par vivre ensemble, pour parodier Val\u00e9ry. \u00bb (\u2026 ) : en \u00e9cho de cette phrase, le lecteur pourra alors reconna\u00eetre chez l\u2019auteur <span style=\"color: #008000;\">le courage d\u2019avoir abord\u00e9 et trait\u00e9 ces probl\u00e8mes identitaires avec autant d\u2019\u00e9mouvante franchise et en d\u00e9finitive d\u2019\u00e9ternelle beaut\u00e9<\/span>.\u00a0\u00bb<\/h6>\n<h6><img loading=\"lazy\" decoding=\"async\" class=\"alignleft size-medium wp-image-9819\" src=\"http:\/\/www.claude-arnaud.com\/fr\/wp-content\/uploads\/2009\/05\/le-figaro-litteraire-300x131.jpg\" alt=\"\" width=\"300\" height=\"131\" srcset=\"https:\/\/www.claude-arnaud.com\/fr\/wp-content\/uploads\/2009\/05\/le-figaro-litteraire-300x131.jpg 300w, https:\/\/www.claude-arnaud.com\/fr\/wp-content\/uploads\/2009\/05\/le-figaro-litteraire.jpg 820w\" sizes=\"auto, (max-width: 300px) 100vw, 300px\" \/>\u00ab\u00a0<span style=\"color: #008000;\">Enqu\u00eate sur soi, r\u00e9cit d\u2019un amour exigeant pour une terre et une histoire qui le constituent et le d\u00e9sesp\u00e8rent<\/span>, telle est la substance du petit livre charmant et tendu, souvent au bord des larmes, que vient d\u2019\u00e9crire <span style=\"color: #008000;\">Claude ARNAUD<\/span>\u00ab\u00a0, analyse Etienne de MONTETY dans <em><strong>LE FIGARO<\/strong><\/em> en date du jeudi 18 f\u00e9vrier 2021. Pour lire <a href=\"http:\/\/www.claude-arnaud.com\/fr\/wp-content\/uploads\/2021\/02\/LE-FIGARO-LITTERAIRE-18-fevrier-2021.pdf\">cet article in extenso<\/a>&#8230;<\/h6>\n<h6>\u00ab\u00a0<img loading=\"lazy\" decoding=\"async\" class=\"alignright  wp-image-12327\" src=\"http:\/\/www.claude-arnaud.com\/fr\/wp-content\/uploads\/2021\/02\/logo-la-croix-300x300-1-150x150.jpg\" alt=\"\" width=\"192\" height=\"192\" srcset=\"https:\/\/www.claude-arnaud.com\/fr\/wp-content\/uploads\/2021\/02\/logo-la-croix-300x300-1-150x150.jpg 150w, https:\/\/www.claude-arnaud.com\/fr\/wp-content\/uploads\/2021\/02\/logo-la-croix-300x300-1.jpg 300w\" sizes=\"auto, (max-width: 192px) 100vw, 192px\" \/>Loin des clich\u00e9s touristiques et de l\u2019industrialisation, la Corse que <span style=\"color: #008000;\">Claude ARNAUD<\/span> retrouve est celle du <span style=\"color: #008000;\">\u00abmal des ruines\u00bb, cette propension \u00e0 tout conserver, m\u00eame les objets hors d\u2019usage<\/span>, les maisons s\u2019\u00e9croulant en raison de l\u2019indivis, quand le continent adopte les objets jetables et un consum\u00e9risme fr\u00e9n\u00e9tique, \u00e9crit <span style=\"color: #008000;\"><strong>Francine de MARTINOIR<\/strong><\/span> dans <em><strong>LA CROIX<\/strong><\/em>, en date du 18 f\u00e9vrier. <strong>L\u2019\u00e2pre beaut\u00e9 des paysages montagneux et des pierres<\/strong> que rien ne peut changer le ram\u00e8ne \u00e0 la mort de ses fr\u00e8res, PHILIPPE, par noyade, et PIERRE, atteint de maladie mentale qui se jeta dans le vide, ainsi qu\u2019\u00e0 celle, pr\u00e9matur\u00e9e, de ses parents. <span style=\"color: #008000;\">La trag\u00e9die corse lui semble alors une fatalit\u00e9 analogue \u00e0 celle du th\u00e9\u00e2tre grec, le vouant, lui et les siens,<\/span> \u00e0 la brutalit\u00e9 du destin et \u00e0 la m\u00e9lancolie insulaire. Si l&rsquo;on utilisait une m\u00e9taphore cin\u00e9matographique, Pour lire <a href=\"http:\/\/www.claude-arnaud.com\/fr\/wp-content\/uploads\/2021\/02\/LA-CROIX-18-fevrier-2021.pdf\">cet article in extenso<\/a>&#8230;<\/h6>\n<h6><em><a href=\"https:\/\/www.claude-arnaud.com\/fr\/wp-content\/uploads\/2021\/09\/corse-matin-logo.png\"><img loading=\"lazy\" decoding=\"async\" class=\"alignleft size-medium wp-image-13468\" src=\"https:\/\/www.claude-arnaud.com\/fr\/wp-content\/uploads\/2021\/09\/corse-matin-logo-300x300.png\" alt=\"\" width=\"300\" height=\"300\" srcset=\"https:\/\/www.claude-arnaud.com\/fr\/wp-content\/uploads\/2021\/09\/corse-matin-logo-300x300.png 300w, https:\/\/www.claude-arnaud.com\/fr\/wp-content\/uploads\/2021\/09\/corse-matin-logo-150x150.png 150w, https:\/\/www.claude-arnaud.com\/fr\/wp-content\/uploads\/2021\/09\/corse-matin-logo.png 600w\" sizes=\"auto, (max-width: 300px) 100vw, 300px\" \/><\/a>*\u00a0\u00bbLe Mal des ruines <\/em>est un chant d&rsquo;amour \u00e0 la Corse, \u00e0 sa beaut\u00e9, \u00e9crit Jean-Jacques GAMBARELLI dans le Corse-Matin du 18 ao\u00fbt 2021. C&rsquo;est la nostalgie de l&rsquo;enfance. C&rsquo;est aussi cet obscur objet du d\u00e9sir qui effleure le sombre et \u00e9treint la lumi\u00e8re et laisse le lecteur au bord du gouffre. Avec cette interrogation: qu&rsquo;est-ce qu&rsquo;une terre dit de soi? Et que faire d&rsquo;une \u00eele aussi belle que mortelle? Si l&rsquo;on acceptait une m\u00e9taphore cin\u00e9matographique (mais aussi litt\u00e9raire), la Corse serait Le baiser de la femme araign\u00e9e. Au-del\u00e0 du bien et du mal&#8230;\u00a0\u00bbPour lire cet article <a href=\"https:\/\/www.claude-arnaud.com\/fr\/wp-content\/uploads\/2021\/07\/IMG_20210718_125053_494.jpg.pdf\">in extenso<\/a>&#8230;<\/h6>\n<h6><span style=\"color: #008000;\">*Le 6 aout 2021, Claude ARNAUD<\/span> avait d\u00e9ja accord\u00e9 un long interview au m\u00eame Jean-Jacques GAMBARELLI, toujours dans Corse-Martin.\u00a0 Pour d\u00e9couvrir <a href=\"https:\/\/www.claude-arnaud.com\/fr\/wp-content\/uploads\/2021\/08\/Itw-Corse-Matin-1.pdf\">cet entretien<\/a>\u2026<\/h6>\n<h6>\u00a0<\/h6>\n<h6><a href=\"https:\/\/www.claude-arnaud.com\/fr\/wp-content\/uploads\/2021\/07\/logo-1.png\"><img loading=\"lazy\" decoding=\"async\" class=\"alignleft size-medium wp-image-13373\" src=\"https:\/\/www.claude-arnaud.com\/fr\/wp-content\/uploads\/2021\/07\/logo-1-300x70.png\" alt=\"\" width=\"300\" height=\"70\" srcset=\"https:\/\/www.claude-arnaud.com\/fr\/wp-content\/uploads\/2021\/07\/logo-1-300x70.png 300w, https:\/\/www.claude-arnaud.com\/fr\/wp-content\/uploads\/2021\/07\/logo-1-1024x241.png 1024w, https:\/\/www.claude-arnaud.com\/fr\/wp-content\/uploads\/2021\/07\/logo-1-768x180.png 768w, https:\/\/www.claude-arnaud.com\/fr\/wp-content\/uploads\/2021\/07\/logo-1-1536x361.png 1536w, https:\/\/www.claude-arnaud.com\/fr\/wp-content\/uploads\/2021\/07\/logo-1-2048x481.png 2048w\" sizes=\"auto, (max-width: 300px) 100vw, 300px\" \/><\/a>*Cr\u00e9e par Raymont ARON, la revue <strong><em>Commentaire<\/em><\/strong> a publi\u00e9 dans son num\u00e9ro 174 dat\u00e9 de l&rsquo;\u00e9t\u00e9 2021 un extrait du <strong><em>Mal des Ruines<\/em><\/strong> consacr\u00e9 au \u00ab\u00a0moment\u00a0\u00bb que vit la Corse, depuis le d\u00e9clin des clans traditionnels. Cet extrait est pr\u00e9c\u00e9d\u00e9 d&rsquo;une pr\u00e9sentation par <span style=\"color: #008000;\"><strong>Jean-Claude CASANOVA<\/strong><\/span>. Pour d\u00e9couvrir <a href=\"https:\/\/www.commentaire.fr\/identites-melancoliques-13479\/\" target=\"_blank\" rel=\"noopener\">cette pr\u00e9sentation<\/a>&#8230; <a href=\"https:\/\/www.cairn.info\/revue-commentaire-2021-2-page-397.htm\" target=\"_blank\" rel=\"noopener\">Pour lire cet extrai<\/a>t&#8230;<\/h6>\n<div class=\"post-content clear-block\">\n<h6><a href=\"https:\/\/www.claude-arnaud.com\/fr\/wp-content\/uploads\/2022\/08\/Qui-Couv.jpeg\"><img loading=\"lazy\" decoding=\"async\" class=\"alignleft size-medium wp-image-14349\" src=\"https:\/\/www.claude-arnaud.com\/fr\/wp-content\/uploads\/2022\/08\/Qui-Couv-235x300.jpeg\" sizes=\"auto, (max-width: 235px) 100vw, 235px\" srcset=\"https:\/\/www.claude-arnaud.com\/fr\/wp-content\/uploads\/2022\/08\/Qui-Couv-235x300.jpeg 235w, https:\/\/www.claude-arnaud.com\/fr\/wp-content\/uploads\/2022\/08\/Qui-Couv.jpeg 602w\" alt=\"\" width=\"235\" height=\"300\" \/><\/a><strong>*Dans son num\u00e9ro 4, dat\u00e9 de l\u2019\u00e9t\u00e9 2021<\/strong>, la magazine quadrimensuel <strong>corse <em>QUI<\/em><\/strong> a publi\u00e9 un <span style=\"color: #008000;\">entretien avec <strong>Claude ARNAUD<\/strong> <\/span>men\u00e9 par <strong>Marie-France BERENI-CANAZZI<\/strong> autour de l\u2019identit\u00e9 corse et de la litt\u00e9rature. <strong><span style=\"color: #008000;\">Pour d\u00e9couvrir cette interview:<\/span> \u00a0 \u00a0\u00a0<\/strong> <a href=\"https:\/\/www.claude-arnaud.com\/fr\/wp-content\/uploads\/2022\/08\/Qui-Couv-1.jpeg.pdf\">Page 1.<\/a> <a href=\"https:\/\/www.claude-arnaud.com\/fr\/wp-content\/uploads\/2022\/08\/Page-2.pdf\">Page 2<\/a>. <a href=\"https:\/\/www.claude-arnaud.com\/fr\/wp-content\/uploads\/2022\/08\/Page-3.pdf\">Page 3<\/a>. <a href=\"https:\/\/www.claude-arnaud.com\/fr\/wp-content\/uploads\/2022\/08\/Page-4.pdf\">Page 4<\/a>. <a href=\"https:\/\/www.claude-arnaud.com\/fr\/wp-content\/uploads\/2022\/08\/Page-5.pdf\">Page 5<\/a>. <a href=\"https:\/\/www.claude-arnaud.com\/fr\/wp-content\/uploads\/2022\/08\/Page-6.pdf\">Page 6<\/a>. <a href=\"https:\/\/www.claude-arnaud.com\/fr\/wp-content\/uploads\/2022\/08\/Page-7.pdf\">Page 7<\/a>.\u00a0 <a href=\"https:\/\/www.claude-arnaud.com\/fr\/wp-content\/uploads\/2022\/08\/Page-8.pdf\">Page 8. <\/a>\u00a0 <a href=\"https:\/\/www.claude-arnaud.com\/fr\/wp-content\/uploads\/2022\/08\/Page-9.pdf\">Page 9<\/a><\/h6>\n<h6><strong>Pour d\u00e9couvrir le<\/strong> <a href=\"https:\/\/qui-magazine.fr\/\" target=\"_blank\" rel=\"noopener\">sommaire<\/a> de ce <strong>num\u00e9ro de <em>QUI<\/em><\/strong>\u2026<\/h6>\n<\/div>\n<h2><span style=\"color: #008000;\">*EN LIGNE et DANS LES BLOGS<br \/><\/span><\/h2>\n<h6><strong><img loading=\"lazy\" decoding=\"async\" class=\"alignleft size-full wp-image-12179\" src=\"http:\/\/www.claude-arnaud.com\/fr\/wp-content\/uploads\/2021\/02\/logo-2.png\" alt=\"\" width=\"262\" height=\"69\" \/>*Annick GEILLE<\/strong> salue <strong>le 14 f\u00e9vrier 2021<\/strong><span style=\"color: #008000;\"><em><strong> Le mal des ruines<\/strong><\/em><\/span> sur le site <strong>ATLANTICO<\/strong>\u00a0: \u00ab\u00a0<strong>De nombreux \u00ab\u00a0\u00e9crivants\u00a0\u00bb publient, mais il est peu d\u2019\u00e9crivains<\/strong>. <span style=\"color: #008000;\"><strong>Claude Arnaud<\/strong><\/span> appartient \u00e0 la seconde cat\u00e9gorie. La question de son nouveau livre, <strong>Le mal des ruines (Grasset),\u00a0<\/strong>s\u2019articule autour des difficult\u00e9s de la qu\u00eate de soi. <span style=\"color: #008000;\"><strong>Ce r\u00e9cit d\u2019un voyage en Corse, loin d\u2019\u00eatre anecdotique, est emprunt d\u2019une mythologie donnant au texte sa profondeur de champ<\/strong><\/span>. L\u2019 interrogation existentielle de l\u2019auteur-narrateur (cf. l\u2019identit\u00e9, le myst\u00e8re des origines), est <strong>celle d\u2019un homme ressentant la culpabilit\u00e9 d\u2019une vie \u00ab\u00a0<em>usurp\u00e9e<\/em>\u00a0\u00bb, vol\u00e9e en somme<\/strong>. Le narrateur revient au \u00ab\u00a0pays de son enfance\u00a0\u00bb, se reprochant de vivre, quand ceux qu\u2019il aimait n\u2019ont pas eu cette chance (&#8230;) <strong><span style=\"color: #008000;\">Consolant et fort, sans aff\u00e9teries\u00a0\u00bb.<\/span><\/strong> Pour lire <a href=\"https:\/\/atlantico.fr\/article\/decryptage\/claude-arnaud---trouver-sa-place-annick-geille\" target=\"_blank\" rel=\"noopener\">cet article in ex-extenso<\/a>&#8230;<\/h6>\n<h6>*Un r\u00e9cit \u00ab\u00a0qui s\u2019apparente \u00e0 la fois \u00e0 <span style=\"color: #008000;\">un album de photos que l\u2019on feuillette, \u00e0 un livre d\u2019histoire que l\u2019on bouquine<\/span>, un journal que l\u2019on compulse, un journal intime que l\u2019on d\u00e9chiffre, \u00e0 <span style=\"color: #008000;\">un guide du routard chevronn\u00e9 dont on s\u2019est \u00e9quip\u00e9 pour d\u00e9couvrir le pays corse,<\/span> \u00e9crit G\u00e9raldine C., la \u00ab\u00a0lectrice obstin\u00e9e\u00a0\u00bb qui tient le blog <span style=\"color: #008000;\">\u00ab\u00a0Tempsdelecture\u00a0\u00bb<\/span>. L\u2019auteur donne les clefs \u00e0 ceux, beaucoup d\u2019entre nous j\u2019imagine, qui ne les ont pas forc\u00e9ment pour comprendre cette ile dot\u00e9e d\u2019un fort esprit traditionaliste, qui ne s\u2019ouvre pas forc\u00e9ment facilement aux continentaux. <span style=\"color: #008000;\">En tout cas, cela m\u2019a permis de comprendre un peu mieux les traits de cette \u00eele au caract\u00e8re indomptable et de ses habitants.<\/span> Pour lire son post in-extenso, <a href=\"https:\/\/tempsdelectureblog.wordpress.com\/2021\/02\/05\/le-mal-des-ruines\/\" target=\"_blank\" rel=\"noopener\">en date du 5 f\u00e9vrier 2021<\/a>&#8230; <a href=\"https:\/\/www.lecteurs.com\/livre\/le-mal-des-ruines\/5513726\" target=\"_blank\" rel=\"noopener\">Ou encore.<\/a>..<\/h6>\n<h6><img loading=\"lazy\" decoding=\"async\" class=\"alignleft size-full wp-image-12329\" src=\"http:\/\/www.claude-arnaud.com\/fr\/wp-content\/uploads\/2021\/02\/ab85e51224069f48d59450ef32a3c14d.jpg\" alt=\"\" width=\"100\" height=\"100\" \/>*\u00ab Bon nombre d\u2019auteurs s\u2019\u00e9vertuent pourtant \u00e0 parler la langue de leur terre ; comme l\u2019\u00e9crit si joliment <span style=\"color: #008000;\">Jacques FUSINA<\/span>, et surtout ceux qui cherchent \u00e0 s\u2019en d\u00e9tacher. En Corse, nous ne pouvons que penser \u00e0 <span style=\"color: #008000;\">Marie SUSINI<\/span>, Angelo RINALDI et <span style=\"color: #008000;\">Claude ARNAUD<\/span>, <strong>\u00e9crit Kevin PETRONI sur le site<span style=\"color: #008000;\"> Musanostra<\/span>, le 16 f\u00e9vrier<\/strong>. Tous trois li\u00e9s \u00e0 une \u00eele qui les renferme et les p\u00e9trifie. <span style=\"color: #008000;\">Marie SUSINI<\/span> d\u00e9crit la Corse comme le lieu \u00ab <em>des premiers matins du monde<\/em>\u00a0\u00bb, \u00ab<em>\u00a0le dernier reste de l\u2019immense chaos qui d\u00e9chira la nuit\u00a0<\/em>\u00bb&#8230; La Corse est une \u00ab\u00a0renferm\u00e9e\u00a0\u00bb, titre de <strong>l\u2019ouvrage<\/strong> de <span style=\"color: #008000;\">SUSINI,<\/span> qu\u2019il faut fuir ; \u201cfuir sur le champ\u201d, de peur de finir en pierre.<\/h6>\n<h6><span style=\"color: #008000;\">Angelo RINALDI<\/span> avait, lui aussi, per\u00e7u ce mal du pays natal, qui cherche d\u00e9sesp\u00e9r\u00e9ment \u00e0 vous emprisonner. Dans <strong><em><a href=\"http:\/\/www.gallimard.fr\/Catalogue\/GALLIMARD\/Folio\/Folio\/Les-Jardins-du-Consulat\">Les jardins du Consulat<\/a><\/em><\/strong>, il \u00e9voque cette phrase d\u2019Ernest J\u00dcNGER, \u00ab <em>La mort est notre premier souvenir<\/em>\u00a0\u00bb avant de rendre hommage \u00ab\u00a0\u00e0 ce pays d\u2019o\u00f9 vient [le h\u00e9ros du roman] et o\u00f9 les plus belles maisons sont des tombeaux\u00a0\u00bb&#8230; <strong><em><a href=\"https:\/\/www.grasset.fr\/livres\/le-mal-des-ruines-9782246862666\">Le mal des ruines<\/a><\/em><\/strong>, dont parle <span style=\"color: #008000;\">Claude ARNAUD<\/span> dans son texte, <span style=\"color: #008000;\">d\u00e9finit assez bien le mal de l\u2019\u00eele. Il s\u2019agit de cette tension entre la permanence du lieu et le devenir des hommes. Nous avons beau revenir sur nos pas, compter les ann\u00e9es qui passent sur le sable fin, elles ne semblent pas avoir de prise sur lui.<\/span> Ce n\u2019est pas ce qui change qui nous g\u00eane, c\u2019est ce qui reste le m\u00eame.\u00a0\u00bb Pour lire <a href=\"https:\/\/www.musanostra.com\/la-langue-de-sa-terre\/\" target=\"_blank\" rel=\"noopener\">ce post in-extenso<\/a>&#8230;<\/h6>\n<h6><img loading=\"lazy\" decoding=\"async\" class=\"alignleft size-thumbnail wp-image-12405\" src=\"http:\/\/www.claude-arnaud.com\/fr\/wp-content\/uploads\/2021\/02\/logo_olivia_petit-150x150.png\" alt=\"\" width=\"150\" height=\"150\" srcset=\"https:\/\/www.claude-arnaud.com\/fr\/wp-content\/uploads\/2021\/02\/logo_olivia_petit-150x150.png 150w, https:\/\/www.claude-arnaud.com\/fr\/wp-content\/uploads\/2021\/02\/logo_olivia_petit-300x300.png 300w, https:\/\/www.claude-arnaud.com\/fr\/wp-content\/uploads\/2021\/02\/logo_olivia_petit.png 354w\" sizes=\"auto, (max-width: 150px) 100vw, 150px\" \/>*\u00a0\u00bb<span style=\"color: #008000;\">On sent qu\u2019en racontant la Corse au lecteur<\/span>, Claude ARNAUD cherche \u00e0 comprendre cette terre <span style=\"color: #008000;\">si complexe dans sa simplicit\u00e9<\/span>, unique dans son rapport au continent dont elle fait d\u00e9sormais partie, lit-on sur le site \u00ab\u00a0The Unammed Bookshelf\u00a0\u00bb en date du<span style=\"color: #008000;\"> 22 janvier 2021<\/span>. Il examine ses traditions ancestrales, le sentiment d\u2019appartenance qu\u2019elle suscite, son ambivalence entre son appartenance \u00e0 la France et ses racines m\u00e9diterran\u00e9ennes assum\u00e9es. <span style=\"color: #008000;\">Il cherche dans les maquis et les maisons \u00e9croul\u00e9es des explications sur la mort de ses fr\u00e8res, sur son propre destin, sur son identit\u00e9 m\u00eame<\/span>. C\u2019est une chronique \u00e0 la fois personnelle et historique qu\u2019il nous propose, assortie d\u2019anecdotes tir\u00e9es de l\u2019enfance et de faits politiques bien connus,<span style=\"color: #008000;\"> qui offre un autre regard sur la Corse<\/span>.\u00a0\u00bb Pour lire ce post <a href=\"https:\/\/www.facebook.com\/theunamedbookshelf\/\" target=\"_blank\" rel=\"noopener\">in extenso<\/a>&#8230;<\/h6>\n<h6>*\u00a0\u00bb<span style=\"color: #008000;\"><strong>Le mal des ruines est un chant d\u2019amour \u00e0 la Corse, \u00e0 sa beaut\u00e9<\/strong><\/span>, \u00e9crit Liloulitout sur le<img loading=\"lazy\" decoding=\"async\" class=\"alignright size-full wp-image-12623\" src=\"http:\/\/www.claude-arnaud.com\/fr\/wp-content\/uploads\/2021\/02\/logo_header-booknode.png\" alt=\"\" width=\"279\" height=\"77\" \/> site BOOKNODE.\u00a0C\u2019est la nostalgie de l\u2019enfance et des vacances en toute libert\u00e9 dans la nature.\u00a0<span style=\"color: #008000;\">C\u2019est un immense chant de vie, de cette vie de sensations, de bonheurs simples, odeurs du maquis , go\u00fbt des fruits cueillis dans les arbre<\/span>s, la vie ici et maintenant qui s\u2019offre \u00e0 la contemplation par la diversit\u00e9 de ses paysages.\u00a0C\u2019est aussi l\u2019histoire d\u2019une terre rude avec la violence de son climat, de ses habitants, de ses sentiments.\u00a0<span style=\"color: #008000;\">C\u2019est un retour aux racines, \u00e0 ces anc\u00eatres qui se rappellent \u00e0 nous \u00e0 travers leurs villages, leurs maisons, les objets pr\u00e9serv\u00e9s<\/span>. J\u2019ai \u00e9t\u00e9 tr\u00e8s sensible \u00e0 ce livre qui n\u2019est pas sans me rappeler \u00ab Le soleil des Scorta \u00bb de <span style=\"color: #008000;\">Laurent Gaud\u00e9<\/span> \u00e0 propos de ces pays o\u00f9 l\u2019on pense beaucoup moins que l\u2019on ne ressent&#8230;. Une bien belle vision de la Corse.\u00a0\u00bb<\/h6>\n<h6>*\u00a0\u00bbLe livre emprunte de nombreuses pistes, \u00e9crit Thomas SANDORF dans son blog Ligues Sauvages, en date du 28 mars 2021. L\u2019enfance d\u2019abord, o\u00f9 la chaleur et la beaut\u00e9 du village Sainte Lucie font facilement renoncer aux \u00e9t\u00e9s du pays de Bresse. Ces vieux qui semblent d\u00e9j\u00e0 appartenir \u00e0 l\u2019\u00e9ternit\u00e9, loin d\u2019un monde qui se modernise, leurs silhouettes aussi antiques que les ponts de pierre et les ch\u00e2taigniers. Ces taureaux qui ont d\u00e9fi\u00e9 les \u00c9trusques. Ces hameaux abandonn\u00e9s comme une pr\u00e9f\u00e9rence du pass\u00e9 au pr\u00e9sent, que les d\u00e9funts pourraient retrouver sans difficult\u00e9. La nature est ce livre ouvert qui parle si bien du pass\u00e9, mieux que n\u2019importe quel art. \u00ab\u00a0<\/h6>\n<h2><span style=\"color: #008000;\">*A LA RADIO<\/span><\/h2>\n<h6>*Une des chroniqueuse litt\u00e9raires de RCFM, <span style=\"color: #008000;\">Fran\u00e7oise DUCRET<\/span>, a parl\u00e9 du <em>Mal des <a href=\"http:\/\/www.claude-arnaud.com\/fr\/?attachment_id=11939\" rel=\"attachment wp-att-11939\"><img loading=\"lazy\" decoding=\"async\" class=\"alignleft  wp-image-11939\" src=\"http:\/\/www.claude-arnaud.com\/fr\/wp-content\/uploads\/2021\/02\/logo_francebleu_rcfm-300x300.jpg\" alt=\"\" width=\"116\" height=\"116\" srcset=\"https:\/\/www.claude-arnaud.com\/fr\/wp-content\/uploads\/2021\/02\/logo_francebleu_rcfm-300x300.jpg 300w, https:\/\/www.claude-arnaud.com\/fr\/wp-content\/uploads\/2021\/02\/logo_francebleu_rcfm-1024x1024.jpg 1024w, https:\/\/www.claude-arnaud.com\/fr\/wp-content\/uploads\/2021\/02\/logo_francebleu_rcfm-150x150.jpg 150w, https:\/\/www.claude-arnaud.com\/fr\/wp-content\/uploads\/2021\/02\/logo_francebleu_rcfm-768x768.jpg 768w, https:\/\/www.claude-arnaud.com\/fr\/wp-content\/uploads\/2021\/02\/logo_francebleu_rcfm.jpg 1500w\" sizes=\"auto, (max-width: 116px) 100vw, 116px\" \/><\/a> ruines<\/em> le <span style=\"color: #008000;\">samedi 6 f\u00e9vrier 2021<\/span>, \u00e0 11heures le matin, sur FRANCE BLEU CORSE dans l&rsquo;\u00e9mission \u00ab\u00a0Des livres et d\u00e9lire\u00a0\u00bb anim\u00e9e par <span style=\"color: #008000;\"><strong>Marie BRONZINI<\/strong><\/span>. Pour \u00e9couter cette \u00e9mission <a href=\"https:\/\/www.francebleu.fr\/emissions\/des-livres-et-delires\/rcfm\" target=\"_blank\" rel=\"noopener\">(aller jusqu&rsquo;\u00e0 la 35\u00b0 minute 50\u00b0 s&#8230;)<\/a><\/h6>\n<div class=\"post-content clear-block\">\n<h6>&#8230;et le samedi 21 ao\u00fbt 2021, <span style=\"color: #008000;\"><strong>Claude ARNAUD<\/strong><\/span> a r\u00e9pondu en direct, <strong>d\u00e8s 11.05<\/strong>,\u00a0 aux questions de <strong>Marie BRONZINI<\/strong> toujours sur<span style=\"color: #008000;\"> <strong>FRANCE BLEU Corse<\/strong><\/span>, dans son \u00e9mission hebdomadaire <strong><em>Des Livres et D\u00e9lire<\/em><\/strong><em>. <a href=\"https:\/\/www.francebleu.fr\/les-equipes\/marie-bronzini\" target=\"_blank\" rel=\"noreferrer noopener\">Pour suivre cette \u00e9mission.<\/a>..<\/em><\/h6>\n<\/div>\n<h6><strong><img loading=\"lazy\" decoding=\"async\" class=\"alignleft size-full wp-image-12287\" src=\"http:\/\/www.claude-arnaud.com\/fr\/wp-content\/uploads\/2021\/02\/logo-3.png\" alt=\"\" width=\"137\" height=\"110\" \/>*Le\u00a0<span style=\"color: #008000;\">20 f\u00e9vrier<\/span> 2021<\/strong>, <span style=\"color: #008000;\"><strong>Claude ARNAUD<\/strong><\/span>\u00a0a \u00e9t\u00e9 l&rsquo;invit\u00e9 de <strong>Fr\u00e9d\u00e9rick CASADESUS<\/strong> dans son \u00e9mission \u00ab\u00a0<strong>Une heure avec<\/strong>\u00ab\u00a0&#8230; sur la <strong><span style=\"color: #008000;\">radio Fr\u00e9quence<img loading=\"lazy\" decoding=\"async\" class=\"alignright size-full wp-image-12289\" src=\"http:\/\/www.claude-arnaud.com\/fr\/wp-content\/uploads\/2021\/02\/Une-heure-avec-logo-150x150-1.jpg\" alt=\"\" width=\"150\" height=\"150\" \/> Protestante<\/span><\/strong>. Il a parl\u00e9 du <em><strong><span style=\"color: #008000;\">Mal des ruines<\/span><\/strong><\/em>, r\u00e9cit\u00a0 publi\u00e9 aux \u00e9ditions Grasset. \u00ab\u00a0<strong>Qu\u2019est-ce qu\u2019un \u00e9crivain ?<\/strong>, demande <strong>Fr\u00e9d\u00e9rick CASADESUS<\/strong> en pr\u00e9ambule \u00e0 cet entretien. Pas seulement quelqu\u2019un qui \u00e9crit. <span style=\"color: #008000;\"><strong>C\u2019est un explorateur, <span style=\"color: #000000;\">un voyageur<\/span>, un \u00eatre qui parcourt les paysages int\u00e9rieurs de son <span style=\"color: #000000;\">imaginaire<\/span><\/strong><\/span> ou les territoires qui, sur notre bonne vieille plan\u00e8te, inspirent ses divagations de phrases et de mots. <span style=\"color: #008000;\"><strong>Claude ARNAUD<\/strong><\/span> publie<span style=\"color: #008000;\"><strong><em> Le mal des ruines<\/em><\/strong><\/span> ( Grasset, 125 p. 15 \u20ac), r\u00e9cit qui d\u00e9crit le <strong>lien tr\u00e8s fort qui l\u2019attache \u00e0 la Corse<\/strong>, la terre d\u2019une partie de ses anc\u00eatres. Mais plus qu\u2019un livre classique de rem\u00e9moration, <strong><span style=\"color: #008000;\">Claude ARNAUD construit de page en page <span style=\"color: #000000;\">une r\u00e9flexion<\/span> sur la mort et la vie.<\/span><\/strong> <strong>Libre et courageux, d\u00e9gageant <span style=\"color: #008000;\">les lignes de forces de son propre destin<\/span>, l\u2019\u00e9crivain r\u00e9v\u00e8le beaucoup <span style=\"color: #008000;\">de lui-m\u00eame<\/span> au cours de cet entretien.\u00a0\u00bb <a href=\"https:\/\/frequenceprotestante.com\/events\/claude-arnaud\/\" target=\"_blank\" rel=\"noopener\">Pour \u00e9couter ce dernier..<\/a>.<br \/><\/strong><\/h6>\n<h2><span style=\"color: #008000;\">*SUR LE PETIT ECRAN<\/span><\/h2>\n<h6><img loading=\"lazy\" decoding=\"async\" class=\"alignleft  wp-image-11293\" src=\"http:\/\/www.claude-arnaud.com\/fr\/wp-content\/uploads\/2021\/01\/Logo-France-Info-250x93-1-150x93.png\" alt=\"\" width=\"206\" height=\"128\" \/><strong>* Le mardi 26 <span style=\"color: #008000;\">janv<\/span><\/strong><strong><span style=\"color: #008000;\">ier<\/span> 2021<\/strong>, <strong><span style=\"color: #008000;\">Claude ARNAUD<\/span> a \u00e9t\u00e9<\/strong>\u00a0l\u2019invit\u00e9 de <strong>Patricia LOISON <\/strong>sur la chaine t\u00e9l\u00e9vis\u00e9e <strong>Franceinfo<\/strong>, en direct, pour <span style=\"color: #008000;\">le<strong> Journal t\u00e9l\u00e9vis\u00e9 de 23h<\/strong><\/span>. Il a \u00e9voqu\u00e9\u00a0<em>l<strong>e Mal des ruines<\/strong><\/em>, livre qu\u2019il vient de faire para\u00eetre <strong>aux \u00e9ditions GRASSET<\/strong>, <span style=\"color: #008000;\">o\u00f9 la Corse s\u2019impose \u00e0 lui comme un anc\u00eatre de pierre<\/span>. <a href=\"https:\/\/www.francetvinfo.fr\/culture\/livres\/roman\/livre-le-mal-des-ruines-revisite-la-corse_4273423.html\" target=\"_blank\" rel=\"noopener\">Pour voir la captation de cette \u00e9mission<\/a>\u2026<\/h6>\n<h6><strong>* Le samedi 9 octobre 2021, <span style=\"color: #008000;\">Claude ARNAUD<\/span><\/strong> a \u00e9t\u00e9 l\u2019invit\u00e9 de l\u2019\u00e9mission \u00ab\u00a0Avec ou sans filtre\u00a0\u00bb<a href=\"https:\/\/www.claude-arnaud.com\/fr\/wp-content\/uploads\/2021\/10\/arnaud-mondoloni.jpg\"><img loading=\"lazy\" decoding=\"async\" class=\"alignright size-medium wp-image-13580\" src=\"https:\/\/www.claude-arnaud.com\/fr\/wp-content\/uploads\/2021\/10\/arnaud-mondoloni-300x200.jpg\" sizes=\"auto, (max-width: 300px) 100vw, 300px\" srcset=\"https:\/\/www.claude-arnaud.com\/fr\/wp-content\/uploads\/2021\/10\/arnaud-mondoloni-300x200.jpg 300w, https:\/\/www.claude-arnaud.com\/fr\/wp-content\/uploads\/2021\/10\/arnaud-mondoloni-1024x682.jpg 1024w, https:\/\/www.claude-arnaud.com\/fr\/wp-content\/uploads\/2021\/10\/arnaud-mondoloni-768x511.jpg 768w, https:\/\/www.claude-arnaud.com\/fr\/wp-content\/uploads\/2021\/10\/arnaud-mondoloni-1536x1023.jpg 1536w, https:\/\/www.claude-arnaud.com\/fr\/wp-content\/uploads\/2021\/10\/arnaud-mondoloni.jpg 1556w\" alt=\"\" width=\"300\" height=\"200\" \/><\/a> anim\u00e9e par<span style=\"color: #008000;\"> <strong>Luc<a style=\"color: #008000;\" href=\"https:\/\/www.claude-arnaud.com\/fr\/wp-content\/uploads\/2021\/10\/800px-France3_corse_via_stella.png\"><img loading=\"lazy\" decoding=\"async\" class=\"alignright size-medium wp-image-13509\" src=\"https:\/\/www.claude-arnaud.com\/fr\/wp-content\/uploads\/2021\/10\/800px-France3_corse_via_stella-300x152.png\" sizes=\"auto, (max-width: 300px) 100vw, 300px\" srcset=\"https:\/\/www.claude-arnaud.com\/fr\/wp-content\/uploads\/2021\/10\/800px-France3_corse_via_stella-300x152.png 300w, https:\/\/www.claude-arnaud.com\/fr\/wp-content\/uploads\/2021\/10\/800px-France3_corse_via_stella-768x390.png 768w, https:\/\/www.claude-arnaud.com\/fr\/wp-content\/uploads\/2021\/10\/800px-France3_corse_via_stella.png 800w\" alt=\"\" width=\"300\" height=\"152\" \/><\/a> MONDOLONI<\/strong> <\/span>sur <strong>FR3 Corse Via Stella<\/strong>, <strong>\u00e9mission<\/strong><strong> rediffus\u00e9e le lendemain<\/strong>.<\/h6>\n<h6>Pour<a href=\"https:\/\/france3-regions.francetvinfo.fr\/corse\/emissions\/sansfiltre\" target=\"_blank\" rel=\"noopener\"> voir cette \u00e9mission.<\/a>.. Ou la revoir, <a href=\"https:\/\/www.youtube.com\/watch?v=FaBWlPOGSOk&amp;ab_channel=EVProd\" target=\"_blank\" rel=\"noopener\">sur Youtube<\/a>\u2026 Et d\u00e9couvrir sa <a href=\"https:\/\/m.facebook.com\/france3corseviastella\/videos\/2647131858928439\/?locale2=ro_RO\" target=\"_blank\" rel=\"noopener\">bande-annonce<\/a>\u2026<\/h6>\n<div class=\"post-std clear-block\">\n<div class=\"post-info\">\u00a0<\/div>\n<\/div>\n<div class=\"post-content clear-block\">\n<h6><strong><a href=\"https:\/\/www.claude-arnaud.com\/fr\/wp-content\/uploads\/2022\/01\/Logo_700x394_Suceta.jpg\"><img loading=\"lazy\" decoding=\"async\" class=\"alignleft size-medium wp-image-13706\" src=\"https:\/\/www.claude-arnaud.com\/fr\/wp-content\/uploads\/2022\/01\/Logo_700x394_Suceta-300x169.jpg\" sizes=\"auto, (max-width: 300px) 100vw, 300px\" srcset=\"https:\/\/www.claude-arnaud.com\/fr\/wp-content\/uploads\/2022\/01\/Logo_700x394_Suceta-300x169.jpg 300w, https:\/\/www.claude-arnaud.com\/fr\/wp-content\/uploads\/2022\/01\/Logo_700x394_Suceta.jpg 700w\" alt=\"\" width=\"300\" height=\"169\" \/><\/a>* Le <\/strong><strong>10 d\u00e9cembre 2021, <\/strong><span style=\"color: #339966;\"><strong>Claude ARNAUD<\/strong><\/span> a t\u00e9moign\u00e9 au sujet <span style=\"color: #339966;\">de <strong>l\u2019homosexualit\u00e9 en Corse<\/strong><\/span> au cours d\u2019une passionnante \u00e9mission consacr\u00e9e au sujet par <strong>le magazine t\u00e9l\u00e9vis\u00e9 insulaire SUCETA<\/strong> sur la chaine <strong>FR3\u00a0 Corse Via Stella<\/strong> . <a href=\"https:\/\/www.youtube.com\/watch?v=P-fxwhyhKKU\" target=\"_blank\" rel=\"noopener\">Pour revoir cette \u00e9mission sur Youtube<\/a>\u2026<\/h6>\n<\/div>\n<h2><span style=\"color: #008000;\">*DANS LES LIBRAIRIES<br \/><\/span><\/h2>\n<h6>Sur les pr\u00e9sentoirs de la librairie DELAMAIN, place du Palais-Royal \u00e0 Paris:<a href=\"https:\/\/www.claude-arnaud.com\/fr\/wp-content\/uploads\/2023\/10\/IMG_0824-rotated.jpg\"><img loading=\"lazy\" decoding=\"async\" class=\"alignright size-medium wp-image-15845\" src=\"https:\/\/www.claude-arnaud.com\/fr\/wp-content\/uploads\/2023\/10\/IMG_0824-225x300.jpg\" alt=\"\" width=\"225\" height=\"300\" srcset=\"https:\/\/www.claude-arnaud.com\/fr\/wp-content\/uploads\/2023\/10\/IMG_0824-225x300.jpg 225w, https:\/\/www.claude-arnaud.com\/fr\/wp-content\/uploads\/2023\/10\/IMG_0824-rotated.jpg 480w\" sizes=\"auto, (max-width: 225px) 100vw, 225px\" \/><\/a><\/h6>\n<h2><span style=\"color: #008000;\">*DANS LES JURYS<\/span><\/h2>\n<h6>*<em>Le Mal des ruines<\/em> a re\u00e7u<span style=\"color: #008000;\"> le prix du M\u00e9morial d&rsquo;Ajaccio<\/span> en ao\u00fbt 2021. La c\u00e9r\u00e9monie s&rsquo;est tenue dans la cour du Palais Fesch, en pr\u00e9sence d&rsquo;un d\u00e9tachement de la Garde imp\u00e9riale. <a href=\"https:\/\/www.claude-arnaud.com\/fr\/archives\/13399\">Pour en savoir plus<\/a>&#8230;<\/h6>\n<h6><strong>*Le lundi 9 aout 2021<\/strong>, <span style=\"color: #008000;\"><em>CORSE-NET INFOS<\/em><\/span> a publi\u00e9 un reportage sur la remise du <strong>prix du M\u00e9morial 2012<\/strong>. <a href=\"https:\/\/www.corsenetinfos.corsica\/Ajaccio-le-prix-du-Memorial-recompense-les-ouvrages-de-Claude-Arnaud-et-Marie-Paule-Raffaelli-Pasquini_a59369.html\" target=\"_blank\" rel=\"noopener\">Pour d\u00e9couvrir cet article<\/a>\u2026<\/h6>\n<h6>*<span style=\"color: #008000;\">L<strong>e 26 juin 2021 <\/strong><\/span><strong>et sur proposition de <span style=\"color: #008000;\">l&rsquo;Acad\u00e9mie Fran\u00e7aise<\/span><\/strong>,<strong> l&rsquo;Institut de France<\/strong> a r\u00e9compens\u00e9 <span style=\"color: #008000;\"><strong>Claude ARNAUD<\/strong><\/span>,<a href=\"https:\/\/www.claude-arnaud.com\/fr\/wp-content\/uploads\/2021\/06\/logo.png\"><img loading=\"lazy\" decoding=\"async\" class=\"alignright size-medium wp-image-13369\" src=\"https:\/\/www.claude-arnaud.com\/fr\/wp-content\/uploads\/2021\/06\/logo-300x57.png\" alt=\"\" width=\"300\" height=\"57\" srcset=\"https:\/\/www.claude-arnaud.com\/fr\/wp-content\/uploads\/2021\/06\/logo-300x57.png 300w, https:\/\/www.claude-arnaud.com\/fr\/wp-content\/uploads\/2021\/06\/logo.png 411w\" sizes=\"auto, (max-width: 300px) 100vw, 300px\" \/><\/a> pour<strong> l&rsquo;ensemble de son oeuvre<\/strong>, en lui d\u00e9cernant <span style=\"color: #008000;\">l<strong>e Grand Prix de Litt\u00e9rature Henri-Gal<\/strong><\/span>. Pour en savoir plus sur ce <a href=\"https:\/\/www.academie-francaise.fr\/grand-prix-de-litterature-henri-gal\" target=\"_blank\" rel=\"noopener\">prix, et ses laur\u00e9ats depuis 1995<\/a>&#8230; et <a href=\"https:\/\/fr.wikipedia.org\/wiki\/Grand_prix_de_litt%C3%A9rature_Henri-Gal\" target=\"_blank\" rel=\"noopener\">encore<\/a>.<\/h6>\n<h6>*Le Mal des ruines est s\u00e9lectionn\u00e9 enfin pour <a href=\"https:\/\/www.portivechju.corsica\/evenement\/u-premiu-di-i-lettori-di-corsica-2022-le-prix-des-lecteurs-de-corse-2022\/\" target=\"_blank\" rel=\"noopener\">le Prix des Lecteurs de Corse 2022.\u00a0<\/a> Il figurait aussi dans la premi\u00e8re liste \u00a0de<strong> dix titres s\u00e9lectionn\u00e9s<\/strong> par <a href=\"https:\/\/actualitte.com\/article\/99464\/prix-litteraires\/10-romans-retenus-pour-la-premiere-selection-du-34e-prix-jean-freustie-2021\" target=\"_blank\" rel=\"noopener\">le jury du 34\u00b0 <strong>prix Jean FREUSTIE 2021<\/strong><\/a>.<\/h6>","protected":false},"excerpt":{"rendered":"<p>*DANS LA PRESSE *\u00a0\u00bbLa mort et la beaut\u00e9 r\u00e8gnent sur l&rsquo;\u00eele et hantent ce road trip corse, dont le fil est le lien de sang avec cette terre bord\u00e9e de M\u00e9diterran\u00e9e, tel un irr\u00e9fragable prologue de la trag\u00e9die\u00a0\u00bb, \u00e9crit Sean James ROSE dans un article intitul\u00e9 \u00ab\u00a0La fatalit\u00e9 d&rsquo;une \u00eele\u00a0\u00bb publi\u00e9 par le mensuel LIVRES [&hellip;]<\/p>\n","protected":false},"author":2,"featured_media":0,"parent":11320,"menu_order":1,"comment_status":"closed","ping_status":"closed","template":"","meta":{"footnotes":""},"class_list":["post-11337","page","type-page","status-publish","hentry","count-0","even alt","author-claude-arnaud","last"],"post_mailing_queue_ids":[],"_links":{"self":[{"href":"https:\/\/www.claude-arnaud.com\/fr\/wp-json\/wp\/v2\/pages\/11337","targetHints":{"allow":["GET"]}}],"collection":[{"href":"https:\/\/www.claude-arnaud.com\/fr\/wp-json\/wp\/v2\/pages"}],"about":[{"href":"https:\/\/www.claude-arnaud.com\/fr\/wp-json\/wp\/v2\/types\/page"}],"author":[{"embeddable":true,"href":"https:\/\/www.claude-arnaud.com\/fr\/wp-json\/wp\/v2\/users\/2"}],"replies":[{"embeddable":true,"href":"https:\/\/www.claude-arnaud.com\/fr\/wp-json\/wp\/v2\/comments?post=11337"}],"version-history":[{"count":82,"href":"https:\/\/www.claude-arnaud.com\/fr\/wp-json\/wp\/v2\/pages\/11337\/revisions"}],"predecessor-version":[{"id":16396,"href":"https:\/\/www.claude-arnaud.com\/fr\/wp-json\/wp\/v2\/pages\/11337\/revisions\/16396"}],"up":[{"embeddable":true,"href":"https:\/\/www.claude-arnaud.com\/fr\/wp-json\/wp\/v2\/pages\/11320"}],"wp:attachment":[{"href":"https:\/\/www.claude-arnaud.com\/fr\/wp-json\/wp\/v2\/media?parent=11337"}],"curies":[{"name":"wp","href":"https:\/\/api.w.org\/{rel}","templated":true}]}}